{"id":93,"date":"2022-12-04T20:27:19","date_gmt":"2022-12-04T19:27:19","guid":{"rendered":"http:\/\/zlindesignweek.com\/2021\/?page_id=93"},"modified":"2026-04-29T09:21:45","modified_gmt":"2026-04-29T07:21:45","slug":"zdw-en","status":"publish","type":"page","link":"https:\/\/zlindesignweek.com\/2026\/en\/zdw-en\/","title":{"rendered":"ZDW 2026"},"content":{"rendered":"\n<div class=\"wp-block-zdw-intro-effect intro-effect intro-effect-big\" style=\"background-image:url(https:\/\/zlindesignweek.com\/2026\/wp-content\/uploads\/2025\/11\/16-zdw-tag-jiri-edit-1-3.jpg)\" data-apply-effect=\"1\">\n<div class=\"wp-block-group zdw-intro-effect-inner\"><div class=\"wp-block-group__inner-container is-layout-flow wp-block-group-is-layout-flow\">\n<h2 class=\"wp-block-heading text-glow-lg has-white-color has-text-color has-link-color wp-elements-f187cb5a433d38ab5bd3a05ff8672d3a\">ZLIN<\/h2>\n\n\n\n<h2 class=\"wp-block-heading text-glow-lg has-white-color has-text-color has-link-color wp-elements-2857af6aac4ac3e4e66eff83d035409d\" style=\"font-style:normal;font-weight:900\">DESIGN<\/h2>\n\n\n\n<h2 class=\"wp-block-heading text-glow-lg has-white-color has-text-color has-link-color wp-elements-feff51a2908f0e4ea7ec7ae074c685ff\">WEEK<\/h2>\n<\/div><\/div>\n\n\n\n<div class=\"wp-block-group zdw-intro-effect-side\"><div class=\"wp-block-group__inner-container is-layout-flow wp-block-group-is-layout-flow\">\n<h3 class=\"wp-block-heading has-text-align-right font-weight-regular text-glow\">6\u201312 MAY, 2026<br>LOVE<\/h3>\n\n\n\n<p>Zlin Design Week, a&nbsp;weeklong design festival where truly everyone can find inspiration. We create a&nbsp;platform for young designers and professionals to meet, present, express themselves, share, and make unexpected connections. We support young talent and bring a&nbsp;breath of fresh air to the field of design.<\/p>\n\n\n\n<div style=\"height:20px\" aria-hidden=\"true\" class=\"wp-block-spacer\"><\/div>\n\n\n\n<div class=\"wp-block-buttons is-layout-flex wp-block-buttons-is-layout-flex\">\n<div class=\"wp-block-button is-style-with-arrow\"><a class=\"wp-block-button__link wp-element-button\" href=\"https:\/\/zlindesignweek.com\/2026\/en\/zdw-en\/program-en\/\">Check out our programme!<\/a><\/div>\n\n\n\n<div class=\"wp-block-button is-style-fill\" id=\"camera-trigger\"><a class=\"wp-block-button__link has-white-background-color has-background wp-element-button\"><img loading=\"lazy\" decoding=\"async\" width=\"16\" height=\"16\" class=\"wp-image-36337\" style=\"width: px;\" src=\"https:\/\/zlindesignweek.com\/2026\/wp-content\/uploads\/2026\/01\/camera-1.svg\" alt=\"\"><\/a><\/div>\n<\/div>\n<\/div><\/div>\n<\/div>\n\n\n\n<div class=\"wp-block-group\"><div class=\"wp-block-group__inner-container is-layout-constrained wp-block-group-is-layout-constrained\">\n<div style=\"height:100px\" aria-hidden=\"true\" class=\"wp-block-spacer is-style-medium\"><\/div>\n\n\n\n<h2 class=\"wp-block-heading h3\">What is the festival like?<\/h2>\n\n\n\n<figure class=\"wp-block-embed is-type-video is-provider-youtube wp-block-embed-youtube wp-embed-aspect-16-9 wp-has-aspect-ratio\"><div class=\"wp-block-embed__wrapper\">\n<iframe loading=\"lazy\" title=\"ZLIN DESIGN WEEK 2025 | AFTERMOVIE\" width=\"500\" height=\"281\" src=\"https:\/\/www.youtube.com\/embed\/_UuXuY3f1M4?feature=oembed\" frameborder=\"0\" allow=\"accelerometer; autoplay; clipboard-write; encrypted-media; gyroscope; picture-in-picture; web-share\" referrerpolicy=\"strict-origin-when-cross-origin\" allowfullscreen><\/iframe>\n<\/div><\/figure>\n\n\n\n<div style=\"height:100px\" aria-hidden=\"true\" class=\"wp-block-spacer\"><\/div>\n<\/div><\/div>\n\n\n\n<div class=\"wp-block-zdw-intro-effect intro-effect intro-effect-inline\" style=\"background-image:url(https:\/\/zlindesignweek.com\/2026\/wp-content\/uploads\/2026\/01\/bg02.png)\" data-apply-effect=\"1\">\n<div class=\"wp-block-group zdw-three-values-group\"><div class=\"wp-block-group__inner-container is-layout-flow wp-block-group-is-layout-flow\">\n<div class=\"wp-block-columns mb-2 is-layout-flex wp-container-core-columns-is-layout-9d6595d7 wp-block-columns-is-layout-flex\">\n<div class=\"wp-block-column p-1 is-layout-flow wp-block-column-is-layout-flow\">\n<h3 class=\"wp-block-heading has-text-align-left h4 has-light-color has-text-color has-link-color wp-elements-1834124c2bcdb5c7f051574ee7a19e2c\" style=\"font-style:normal;font-weight:900\">Zlin<\/h3>\n\n\n\n<p class=\"has-text-align-left has-white-color has-text-color has-link-color wp-elements-a575281515a4f649fbc166e2bc6ef347\">Design inherently belongs to Zlin. Design influences the life of every citizen, often unnoticed. We will give it a&nbsp;space to shine and to be understood by people, to be appreciated and to inspire.<\/p>\n<\/div>\n\n\n\n<div class=\"wp-block-column p-1 is-layout-flow wp-block-column-is-layout-flow\">\n<h3 class=\"wp-block-heading has-text-align-left h4 has-light-color has-text-color has-link-color wp-elements-97621e4b38c57bcdefee738e11013313\" style=\"font-style:normal;font-weight:700\">LOVE<\/h3>\n\n\n\n<p class=\"has-text-align-left has-white-color has-text-color has-link-color wp-elements-05cf5e9ae9593725bee1845d1afbb362\">The 12th edition of the festival will focus on the values of design and of designers themselves. Love as the foundation of our relationship with the world around us, with our work, and with ourselves. We will open up topics that explore how to create design that is meaningful and helps others.<\/p>\n<\/div>\n\n\n\n<div class=\"wp-block-column p-1 is-layout-flow wp-block-column-is-layout-flow\">\n<h3 class=\"wp-block-heading has-text-align-left h4 has-light-color has-text-color has-link-color wp-elements-da312d258b38f29a5eae54c6cd61da97\" style=\"font-style:normal;font-weight:900\">A week of experiences<\/h3>\n\n\n\n<p class=\"has-text-align-left has-white-color has-text-color has-link-color wp-elements-b6bf0f2766f97ec930d86b89c070672e\">Zl\u00edn will come alive with design day and night. Exhibitions,  cultural experiences,  installations in modules, lectures, workshops, fashion shows, excursions and unbeatable parties. The atmosphere cannot be described, you have to experience it!<\/p>\n<\/div>\n<\/div>\n<\/div><\/div>\n<\/div>\n\n\n\n<div style=\"height:20px\" aria-hidden=\"true\" class=\"wp-block-spacer\"><\/div>\n\n\n\n<div style=\"height:20px\" aria-hidden=\"true\" class=\"wp-block-spacer\"><\/div>\n\n\n\n<div class=\"wp-block-group na-co-se-tesit-section\"><div class=\"wp-block-group__inner-container is-layout-flow wp-block-group-is-layout-flow\">\n<h2 class=\"wp-block-heading h3\">WHAT TO LOOK FORWARD TO DURING ZLIN DESIGN WEEK?<\/h2>\n\n\n\n<div class=\"wp-block-columns is-layout-flex wp-container-core-columns-is-layout-9d6595d7 wp-block-columns-is-layout-flex\">\n<div class=\"wp-block-column mr-800-sm pb-md-1 is-layout-flow wp-block-column-is-layout-flow\"><a href=\"https:\/\/zlindesignweek.com\/2026\/en\/exhibitions-zlin-design-week\/\"\n    target=\"_self\"\n    class=\"tile-with-text-wrap\">\n        <div class=\"tile-with-text\">\n                <img loading=\"lazy\" decoding=\"async\" width=\"950\" height=\"542\" src=\"https:\/\/zlindesignweek.com\/2026\/wp-content\/uploads\/2025\/11\/zdw-75-u-zamkuinstalace-machsimon-04-950x542.jpg\" class=\"attachment-large-tile size-large-tile\" alt=\"\" \/>                        <h3 class=\"tile-with-text__title text-transform-none h4\">\n            Exhibitions and installations        <\/h3>\n            <\/div><\/a><\/div>\n\n\n\n<div class=\"wp-block-column pb-1 is-layout-flow wp-block-column-is-layout-flow\"><a href=\"https:\/\/zlindesignweek.com\/2026\/en\/design-na-hranici-3\/\"\n    target=\"_self\"\n    class=\"tile-with-text-wrap\">\n        <div class=\"tile-with-text\">\n                <img loading=\"lazy\" decoding=\"async\" width=\"950\" height=\"542\" src=\"https:\/\/zlindesignweek.com\/2026\/wp-content\/uploads\/2025\/11\/hranice-designu-14-950x542.jpg\" class=\"attachment-large-tile size-large-tile\" alt=\"\" \/>                        <h3 class=\"tile-with-text__title text-transform-none h4\">\n            Conference Design na hranici \u00d7 Katakomby        <\/h3>\n            <\/div><\/a><\/div>\n<\/div>\n\n\n\n<div class=\"wp-block-columns is-layout-flex wp-container-core-columns-is-layout-9d6595d7 wp-block-columns-is-layout-flex\">\n<div class=\"wp-block-column mr-800-sm pb-md-1 is-layout-flow wp-block-column-is-layout-flow\"><a href=\"https:\/\/zlindesignweek.com\/2026\/en\/fashion-show-and-music-performance\/\"\n    target=\"_self\"\n    class=\"tile-with-text-wrap\">\n        <div class=\"tile-with-text\">\n                <img loading=\"lazy\" decoding=\"async\" width=\"950\" height=\"542\" src=\"https:\/\/zlindesignweek.com\/2026\/wp-content\/uploads\/2025\/11\/zdw-fas-19-950x542.jpg\" class=\"attachment-large-tile size-large-tile\" alt=\"\" \/>                        <h3 class=\"tile-with-text__title text-transform-none h4\">\n            Fashion Show        <\/h3>\n            <\/div><\/a><\/div>\n\n\n\n<div class=\"wp-block-column pb-1 is-layout-flow wp-block-column-is-layout-flow\"><a href=\"https:\/\/zlindesignweek.com\/2026\/en\/design-kantyna-en\/\"\n    target=\"_self\"\n    class=\"tile-with-text-wrap\">\n        <div class=\"tile-with-text\">\n                <img loading=\"lazy\" decoding=\"async\" width=\"950\" height=\"542\" src=\"https:\/\/zlindesignweek.com\/2026\/wp-content\/uploads\/2025\/11\/zdw-105-kantyna-sila-spoluprace-okunkova-16-950x542.jpg\" class=\"attachment-large-tile size-large-tile\" alt=\"\" \/>                        <h3 class=\"tile-with-text__title text-transform-none h4\">\n            Discussions Design CANTEEN        <\/h3>\n            <\/div><\/a><\/div>\n<\/div>\n\n\n\n<div class=\"wp-block-columns is-layout-flex wp-container-core-columns-is-layout-9d6595d7 wp-block-columns-is-layout-flex\">\n<div class=\"wp-block-column mr-800-sm pb-md-1 is-layout-flow wp-block-column-is-layout-flow\"><a href=\"https:\/\/zlindesignweek.com\/2026\/en\/workshopy-en\/\"\n    target=\"_self\"\n    class=\"tile-with-text-wrap\">\n        <div class=\"tile-with-text\">\n                <img loading=\"lazy\" decoding=\"async\" width=\"950\" height=\"542\" src=\"https:\/\/zlindesignweek.com\/2026\/wp-content\/uploads\/2025\/11\/115-zdw-reformat-workshop-17-1-950x542.jpeg\" class=\"attachment-large-tile size-large-tile\" alt=\"\" \/>                        <h3 class=\"tile-with-text__title text-transform-none h4\">\n            Educational and creative workshops        <\/h3>\n            <\/div><\/a><\/div>\n\n\n\n<div class=\"wp-block-column pb-1 is-layout-flow wp-block-column-is-layout-flow\"><a href=\"https:\/\/zlindesignweek.com\/2026\/en\/music-program\/\"\n    target=\"_self\"\n    class=\"tile-with-text-wrap\">\n        <div class=\"tile-with-text\">\n                <img loading=\"lazy\" decoding=\"async\" width=\"950\" height=\"542\" src=\"https:\/\/zlindesignweek.com\/2026\/wp-content\/uploads\/2025\/11\/1-59-950x542.jpg\" class=\"attachment-large-tile size-large-tile\" alt=\"\" \/>                        <h3 class=\"tile-with-text__title text-transform-none h4\">\n            Music programme        <\/h3>\n            <\/div><\/a><\/div>\n<\/div>\n<\/div><\/div>\n\n\n\n<div class=\"wp-block-group\"><div class=\"wp-block-group__inner-container is-layout-flow wp-block-group-is-layout-flow\">\n<div class=\"wp-block-columns is-layout-flex wp-container-core-columns-is-layout-9d6595d7 wp-block-columns-is-layout-flex\">\n<div class=\"wp-block-column mr-800-sm pb-md-1 is-layout-flow wp-block-column-is-layout-flow\"><a href=\"https:\/\/zlindesignweek.com\/2026\/en\/design-market-2\/\"\n    target=\"_self\"\n    class=\"tile-with-text-wrap\">\n        <div class=\"tile-with-text\">\n                <img loading=\"lazy\" decoding=\"async\" width=\"950\" height=\"542\" src=\"https:\/\/zlindesignweek.com\/2026\/wp-content\/uploads\/2025\/11\/zdw-115-pop-up-machsimon-21-950x542.jpg\" class=\"attachment-large-tile size-large-tile\" alt=\"\" \/>                        <h3 class=\"tile-with-text__title text-transform-none h4\">\n            Design Market        <\/h3>\n            <\/div><\/a><\/div>\n\n\n\n<div class=\"wp-block-column pb-1 is-layout-flow wp-block-column-is-layout-flow\"><a href=\"https:\/\/zlindesignweek.com\/2026\/en\/flash-talks-powered-by-pechakucha-2\/\"\n    target=\"_self\"\n    class=\"tile-with-text-wrap\">\n        <div class=\"tile-with-text\">\n                <img loading=\"lazy\" decoding=\"async\" width=\"950\" height=\"542\" src=\"https:\/\/zlindesignweek.com\/2026\/wp-content\/uploads\/2025\/11\/85-okunkova-pecakuca-zamek-6-950x542.jpg\" class=\"attachment-large-tile size-large-tile\" alt=\"\" \/>                        <h3 class=\"tile-with-text__title text-transform-none h4\">\n            Flash Talks, powered by PechaKucha        <\/h3>\n            <\/div><\/a><\/div>\n<\/div>\n\n\n\n<div style=\"height:20px\" aria-hidden=\"true\" class=\"wp-block-spacer\"><\/div>\n<\/div><\/div>\n\n\n\n<div class=\"wp-block-zdw-intro-effect intro-effect intro-effect-inline\" style=\"background-image:url(https:\/\/zlindesignweek.com\/2026\/wp-content\/uploads\/2025\/11\/13-zdw-tag-jiri-edit-1.jpg)\" data-apply-effect=\"1\">\n<div class=\"wp-block-group is-style-default\"><div class=\"wp-block-group__inner-container is-layout-flow wp-block-group-is-layout-flow\">\n<div class=\"wp-block-columns is-layout-flex wp-container-core-columns-is-layout-9d6595d7 wp-block-columns-is-layout-flex\">\n<div class=\"wp-block-column is-layout-flow wp-block-column-is-layout-flow\">\n<div style=\"height:100px\" aria-hidden=\"true\" class=\"wp-block-spacer is-style-small\"><\/div>\n\n\n\n<h3 class=\"wp-block-heading\">What do they say about us?<\/h3>\n<\/div>\n<\/div>\n\n\n\n<div class=\"wp-block-columns is-layout-flex wp-container-core-columns-is-layout-9d6595d7 wp-block-columns-is-layout-flex\">\n<div class=\"wp-block-column mr-800-sm is-layout-flow wp-block-column-is-layout-flow\"><div\n    class=\"reference-item has-transparent-background-color\">\n    <p>\u201cThe event, connected to Tom\u00e1\u0161 Bata University, regularly presents the best of the local design scene. During the accompanying programme, you have the chance to listen to the visions of international leaders in the field, which have often not been seen in Prague before. No wonder. The event is produced at an excellent level.\u201d    <\/p>\n    <div class=\"reference-person\">\n                <p class=\"reference-person__name h4 mb-2\">Veronika Pa\u0159\u00edzkov\u00e1        <\/p>\n        <p class=\"reference-person__position h4\">Journalist and curator        <\/p>\n    <\/div>\n<\/div><\/div>\n\n\n\n<div class=\"wp-block-column mr-800-sm is-layout-flow wp-block-column-is-layout-flow\"><div\n    class=\"reference-item has-transparent-background-color\">\n    <p>&#8222;The city of Zl\u00edn was originally built on a&nbsp;vision of inclusion, social belonging and sustainability and has been a&nbsp;great inspiration for us. We can&#8217;t stop talking about how much of an inspiration Zlin Design Week was for us participants, the students involved, the speakers and the exhibitors from Norway. We are convinced that Zlin Design Week is unique and deserves national recognition and support.&#8220;    <\/p>\n    <div class=\"reference-person\">\n                <p class=\"reference-person__name h4 mb-2\">Jannicke H\u00f8len and Knut Bang        <\/p>\n        <p class=\"reference-person__position h4\">DOGA        <\/p>\n    <\/div>\n<\/div><\/div>\n\n\n\n<div class=\"wp-block-column is-layout-flow wp-block-column-is-layout-flow\"><div\n    class=\"reference-item has-transparent-background-color\">\n    <p>&#8222;Design Week can open your eyes. How interesting design is all around us. What all falls into that box. How advanced design is all over the Czech Republic. And that a&nbsp;student event can be professional and well done.&#8220;    <\/p>\n    <div class=\"reference-person\">\n                <p class=\"reference-person__name h4 mb-2\">Pavl\u00edna Lou\u017eensk\u00e1        <\/p>\n        <p class=\"reference-person__position h4\">Google Certified Trainer for Design Thinking        <\/p>\n    <\/div>\n<\/div><\/div>\n<\/div>\n<\/div><\/div>\n<\/div>\n\n\n\n<div style=\"height:100px\" aria-hidden=\"true\" class=\"wp-block-spacer is-style-small\"><\/div>\n\n\n\n<div class=\"wp-block-group\"><div class=\"wp-block-group__inner-container is-layout-constrained wp-block-group-is-layout-constrained\">\n<h2 class=\"wp-block-heading h3\">Want the latest design gossip?<\/h2>\n\n\n\n                <a href=\"https:\/\/zlindesignweek.com\/2026\/en\/2026\/04\/30\/love-within-reach-zlin-design-week-starts-in-a-week\/\"\n           title=\"LOVE WITHIN REACH. ZLIN DESIGN WEEK STARTS IN A&nbsp;WEEK\" class=\"post-item-wrap  post-item-wrap--main\">\n            <div class=\"post-item\">\n                <div class=\"post-item__image\" style=\"background-image: url(https:\/\/zlindesignweek.com\/2026\/wp-content\/uploads\/2026\/04\/zdw-blog-nahledovka-za-tyden-final-750x500.png)\">\n                <\/div>\n                <div class=\"post-item__content\">\n                    <h2 class=\"h4 text-transform-none\">\n                        LOVE WITHIN REACH. ZLIN DESIGN WEEK STARTS IN A&nbsp;WEEK                    <\/h2>\n                    <span class=\"date\">30.&nbsp;4.&nbsp;2026<\/span> |\n                    <span class=\"author\">Josef Pl\u0161ek<\/span>\n                                            <p class=\"post-item__perex\">Zl\u00edn, April 29, 2026 \u2013 In just one week, Zl\u00edn will transform into a&nbsp;place full of creativity, inspiration and meetings. The 12th annual Zlin Design [&hellip;]                        <\/p>\n                    \n                    <span class=\"post-item__read-more button-link has-light-color\">read-more \u2192<\/span>\n                <\/div>\n            <\/div>\n        <\/a>\n        \n                    <div class=\"posts-wrap\">\n                <a href=\"https:\/\/zlindesignweek.com\/2026\/2026\/04\/30\/laska-na-dosah-zlin-design-week-startuje-uz-za-tyden\/\"\n           title=\"L\u00c1SKA NA DOSAH. ZLIN DESIGN WEEK STARTUJE U\u017d ZA T\u00ddDEN\" class=\"post-item-wrap \">\n            <div class=\"post-item\">\n                <div class=\"post-item__image\" style=\"background-image: url(https:\/\/zlindesignweek.com\/2026\/wp-content\/uploads\/2026\/04\/zdw-blog-nahledovka-za-tyden-final-500x333.png)\">\n                <\/div>\n                <div class=\"post-item__content\">\n                    <h2 class=\"h4 text-transform-none\">\n                        L\u00c1SKA NA DOSAH. ZLIN DESIGN WEEK STARTUJE U\u017d ZA T\u00ddDEN                    <\/h2>\n                    <span class=\"date\">30.&nbsp;4.&nbsp;2026<\/span> |\n                    <span class=\"author\">Josef Pl\u0161ek<\/span>\n                    \n                    <span class=\"post-item__read-more button-link has-light-color\">read-more \u2192<\/span>\n                <\/div>\n            <\/div>\n        <\/a>\n        \n                <a href=\"https:\/\/zlindesignweek.com\/2026\/en\/2026\/04\/22\/will-there-really-be-cooking-at-the-design-festival-or-what-is-design-canteen\/\"\n           title=\"Will there really be cooking at the design festival? Or what is Design CANTEEN?\" class=\"post-item-wrap \">\n            <div class=\"post-item\">\n                <div class=\"post-item__image\" style=\"background-image: url(https:\/\/zlindesignweek.com\/2026\/wp-content\/uploads\/2026\/04\/zdw-blog-nahledovka-design-kantyna-500x333.jpg)\">\n                <\/div>\n                <div class=\"post-item__content\">\n                    <h2 class=\"h4 text-transform-none\">\n                        Will there really be cooking at the design festival? Or what is Design CANTEEN?                    <\/h2>\n                    <span class=\"date\">22.&nbsp;4.&nbsp;2026<\/span> |\n                    <span class=\"author\">Josef Pl\u0161ek<\/span>\n                    \n                    <span class=\"post-item__read-more button-link has-light-color\">read-more \u2192<\/span>\n                <\/div>\n            <\/div>\n        <\/a>\n        \n                <a href=\"https:\/\/zlindesignweek.com\/2026\/2026\/04\/22\/opravdu-se-na-designovem-festivalu-bude-varit-aneb-co-je-to-design-kantyna\/\"\n           title=\"Opravdu se na designov\u00e9m festivalu bude va\u0159it? Aneb co je to Design KANT\u00ddNA?\" class=\"post-item-wrap \">\n            <div class=\"post-item\">\n                <div class=\"post-item__image\" style=\"background-image: url(https:\/\/zlindesignweek.com\/2026\/wp-content\/uploads\/2026\/04\/zdw-blog-nahledovka-design-kantyna-500x333.jpg)\">\n                <\/div>\n                <div class=\"post-item__content\">\n                    <h2 class=\"h4 text-transform-none\">\n                        Opravdu se na designov\u00e9m festivalu bude va\u0159it? Aneb co je to Design KANT\u00ddNA?                    <\/h2>\n                    <span class=\"date\">22.&nbsp;4.&nbsp;2026<\/span> |\n                    <span class=\"author\">Josef Pl\u0161ek<\/span>\n                    \n                    <span class=\"post-item__read-more button-link has-light-color\">read-more \u2192<\/span>\n                <\/div>\n            <\/div>\n        <\/a>\n            <\/div><!-- .posts-wrap -->\n    <div class=\"wp-block-button w-100 text-center\"><a class=\"wp-block-button__link w-md-33-n2rem\"\n                                                      href=\"https:\/\/zlindesignweek.com\/2026\/blog\/\">display-more-posts            \u2192<\/a>\n    <\/div>\n    <\/div><\/div>\n\n\n\n<div style=\"height:100px\" aria-hidden=\"true\" class=\"wp-block-spacer\"><\/div>\n\n\n\n<p><\/p>\n","protected":false},"excerpt":{"rendered":"What is the festival like? WHAT TO LOOK FORWARD TO DURING ZLIN DESIGN WEEK? Want the latest design gossip?","protected":false},"author":33,"featured_media":0,"parent":0,"menu_order":0,"comment_status":"closed","ping_status":"closed","template":"","meta":{"_acf_changed":false,"footnotes":""},"class_list":["post-93","page","type-page","status-publish","hentry"],"acf":[],"_links":{"self":[{"href":"https:\/\/zlindesignweek.com\/2026\/wp-json\/wp\/v2\/pages\/93","targetHints":{"allow":["GET"]}}],"collection":[{"href":"https:\/\/zlindesignweek.com\/2026\/wp-json\/wp\/v2\/pages"}],"about":[{"href":"https:\/\/zlindesignweek.com\/2026\/wp-json\/wp\/v2\/types\/page"}],"author":[{"embeddable":true,"href":"https:\/\/zlindesignweek.com\/2026\/wp-json\/wp\/v2\/users\/33"}],"replies":[{"embeddable":true,"href":"https:\/\/zlindesignweek.com\/2026\/wp-json\/wp\/v2\/comments?post=93"}],"version-history":[{"count":485,"href":"https:\/\/zlindesignweek.com\/2026\/wp-json\/wp\/v2\/pages\/93\/revisions"}],"predecessor-version":[{"id":43816,"href":"https:\/\/zlindesignweek.com\/2026\/wp-json\/wp\/v2\/pages\/93\/revisions\/43816"}],"wp:attachment":[{"href":"https:\/\/zlindesignweek.com\/2026\/wp-json\/wp\/v2\/media?parent=93"}],"curies":[{"name":"wp","href":"https:\/\/api.w.org\/{rel}","templated":true}]}}