{"id":41191,"date":"2026-03-07T16:17:06","date_gmt":"2026-03-07T15:17:06","guid":{"rendered":"https:\/\/zlindesignweek.com\/2026\/?page_id=41191"},"modified":"2026-04-22T12:06:05","modified_gmt":"2026-04-22T10:06:05","slug":"fashion-show","status":"publish","type":"page","link":"https:\/\/zlindesignweek.com\/2026\/fashion-show\/","title":{"rendered":"Fashion Show"},"content":{"rendered":"\n<div class=\"wp-block-group\"><div class=\"wp-block-group__inner-container is-layout-constrained wp-block-group-is-layout-constrained\">\n<p><mark style=\"background-color:rgba(0, 0, 0, 0)\" class=\"has-inline-color has-zdw-color\">Lokace:<\/mark> Gar\u00e1\u017ee Fakulty technologick\u00e9 Univerzity Tom\u00e1\u0161e Bati (Vavre\u010dkova 5669, Zl\u00edn)<br><mark style=\"background-color:rgba(0, 0, 0, 0)\" class=\"has-inline-color has-zdw-color\">Datum:<\/mark> 8.&nbsp;5.&nbsp;2026<br><mark style=\"background-color:rgba(0, 0, 0, 0)\" class=\"has-inline-color has-zdw-color\">\u010cas:<\/mark> 19:00\u201320:30<br><mark style=\"background-color:rgba(0, 0, 0, 0)\" class=\"has-inline-color has-zdw-color\"><strong>Jazyk:<\/strong> <\/mark>CZ<br><mark style=\"background-color:rgba(0, 0, 0, 0)\" class=\"has-inline-color has-zdw-color\">Vstupn\u00e9:<\/mark><br>Sezen\u00ed:<\/p>\n\n\n\n<ul class=\"wp-block-list\">\n<li>dosp\u011bl\u00fd &#8211; 300&nbsp;K\u010d<\/li>\n\n\n\n<li>student &#8211; 250&nbsp;K\u010d<\/li>\n\n\n\n<li>ZTP &#8211; 50&nbsp;K\u010d<\/li>\n<\/ul>\n\n\n\n<p>St\u00e1n\u00ed<\/p>\n\n\n\n<ul class=\"wp-block-list\">\n<li>dosp\u011bl\u00fd &#8211; 250&nbsp;K\u010d<\/li>\n\n\n\n<li>student &#8211; 200&nbsp;K\u010d<\/li>\n<\/ul>\n\n\n\n<div style=\"height:10px\" aria-hidden=\"true\" class=\"wp-block-spacer\"><\/div>\n\n\n\n<div class=\"wp-block-buttons is-layout-flex wp-block-buttons-is-layout-flex\">\n<div class=\"wp-block-button\"><a class=\"wp-block-button__link wp-element-button\" href=\"https:\/\/www.smsticket.cz\/vstupenky\/69111-fashion-show-fakulta-technologicka-utb-zlin\">KOUPIT VSTUPENKU<\/a><\/div>\n<\/div>\n\n\n\n<h3 class=\"wp-block-heading\">Chyb\u011bla ti u&nbsp;n\u00e1s zn\u00e1m\u00e1 klasika?<\/h3>\n\n\n\n<p>I letos jsme si pro tebe p\u0159ipravili Fashion Show, tentokr\u00e1t zasazenou do netradi\u010dn\u00edho prostoru gar\u00e1\u017e\u00ed Fakulty technologick\u00e9. Na jednom m\u00edst\u011b uvid\u00ed\u0161 kolekce \u0161esti n\u00e1vrh\u00e1\u0159\u016f, kter\u00e9 reflektuj\u00ed leto\u0161n\u00ed t\u00e9ma festivalu L\u00c1SKA a&nbsp;pracuj\u00ed s&nbsp;n\u00edm v&nbsp;r\u016fzn\u00fdch podob\u00e1ch.<\/p>\n\n\n\n<h4 class=\"wp-block-heading\">KDO JSOU NA\u0160I LETO\u0160N\u00cd DESIGN\u00c9\u0158I?<\/h4>\n\n\n    <a href=\"https:\/\/zlindesignweek.com\/2026\/osoba\/anezka-kabelkova\/\"\n       class=\"no-decoration\">\n        <div class=\"person-item\">\n            <img loading=\"lazy\" decoding=\"async\" width=\"560\" height=\"667\" src=\"https:\/\/zlindesignweek.com\/2026\/wp-content\/uploads\/2026\/03\/260112-tul-stepan-molitor-8607-560x667.jpg\" class=\"attachment-portrait size-portrait wp-post-image\" alt=\"\" \/>            <div class=\"person-item__bottom\">\n                <div class=\"person-item__text\">\n                    <h4 class=\"h5\">Ane\u017eka Kabelkov\u00e1                    <\/h4>\n                    <small>Indi\u00e1ni Severn\u00ed Ameriky v&nbsp;od\u011bvu<\/small>\n                <\/div>\n                <div class=\"person-item__button\">\n                    \u2192\n                <\/div>\n            <\/div>\n        <\/div>\n    <\/a>\n    \n\n    <a href=\"https:\/\/zlindesignweek.com\/2026\/osoba\/dorota-kostelna\/\"\n       class=\"no-decoration\">\n        <div class=\"person-item\">\n            <img loading=\"lazy\" decoding=\"async\" width=\"560\" height=\"667\" src=\"https:\/\/zlindesignweek.com\/2026\/wp-content\/uploads\/2026\/03\/foto-kostelna-560x667.jpeg\" class=\"attachment-portrait size-portrait wp-post-image\" alt=\"\" \/>            <div class=\"person-item__bottom\">\n                <div class=\"person-item__text\">\n                    <h4 class=\"h5\">Dorota Kosteln\u00e1                    <\/h4>\n                    <small>Chrystalis Recidiva<\/small>\n                <\/div>\n                <div class=\"person-item__button\">\n                    \u2192\n                <\/div>\n            <\/div>\n        <\/div>\n    <\/a>\n    \n\n    <a href=\"https:\/\/zlindesignweek.com\/2026\/osoba\/ester-krtickova\/\"\n       class=\"no-decoration\">\n        <div class=\"person-item\">\n            <img loading=\"lazy\" decoding=\"async\" width=\"560\" height=\"667\" src=\"https:\/\/zlindesignweek.com\/2026\/wp-content\/uploads\/2026\/03\/esterfoto-560x667.jpg\" class=\"attachment-portrait size-portrait wp-post-image\" alt=\"\" \/>            <div class=\"person-item__bottom\">\n                <div class=\"person-item__text\">\n                    <h4 class=\"h5\">Ester Krti\u010dkov\u00e1                    <\/h4>\n                    <small>augenblick<\/small>\n                <\/div>\n                <div class=\"person-item__button\">\n                    \u2192\n                <\/div>\n            <\/div>\n        <\/div>\n    <\/a>\n    \n\n    <a href=\"https:\/\/zlindesignweek.com\/2026\/osoba\/mariia-smirnova\/\"\n       class=\"no-decoration\">\n        <div class=\"person-item\">\n            <img loading=\"lazy\" decoding=\"async\" width=\"560\" height=\"667\" src=\"https:\/\/zlindesignweek.com\/2026\/wp-content\/uploads\/2026\/03\/smirnovakoza-560x667.jpg\" class=\"attachment-portrait size-portrait wp-post-image\" alt=\"\" \/>            <div class=\"person-item__bottom\">\n                <div class=\"person-item__text\">\n                    <h4 class=\"h5\">Mariia Smirnova                    <\/h4>\n                    <small>Labyrint my\u0161lenek<\/small>\n                <\/div>\n                <div class=\"person-item__button\">\n                    \u2192\n                <\/div>\n            <\/div>\n        <\/div>\n    <\/a>\n    \n\n    <a href=\"https:\/\/zlindesignweek.com\/2026\/osoba\/stefan-stajer\/\"\n       class=\"no-decoration\">\n        <div class=\"person-item\">\n            <img loading=\"lazy\" decoding=\"async\" width=\"560\" height=\"667\" src=\"https:\/\/zlindesignweek.com\/2026\/wp-content\/uploads\/2026\/03\/attcvpq2pxfvzqq1rn1crgjyqqffulxpds2snnfowldo7q-560x667.jpeg\" class=\"attachment-portrait size-portrait wp-post-image\" alt=\"\" \/>            <div class=\"person-item__bottom\">\n                <div class=\"person-item__text\">\n                    <h4 class=\"h5\">\u0160tefan \u0160tajer                    <\/h4>\n                    <small>Mojej Milovanej<\/small>\n                <\/div>\n                <div class=\"person-item__button\">\n                    \u2192\n                <\/div>\n            <\/div>\n        <\/div>\n    <\/a>\n    \n\n    <a href=\"https:\/\/zlindesignweek.com\/2026\/osoba\/zuzana-hlinena\/\"\n       class=\"no-decoration\">\n        <div class=\"person-item\">\n            <img loading=\"lazy\" decoding=\"async\" width=\"560\" height=\"667\" src=\"https:\/\/zlindesignweek.com\/2026\/wp-content\/uploads\/2026\/03\/img-4140-560x667.jpg\" class=\"attachment-portrait size-portrait wp-post-image\" alt=\"\" \/>            <div class=\"person-item__bottom\">\n                <div class=\"person-item__text\">\n                    <h4 class=\"h5\">Zuzana Hlin\u011bn\u00e1                    <\/h4>\n                    <small>Power-suit<\/small>\n                <\/div>\n                <div class=\"person-item__button\">\n                    \u2192\n                <\/div>\n            <\/div>\n        <\/div>\n    <\/a>\n    \n\n\n<h4 class=\"wp-block-heading\">KDO DOPLN\u00cd LETO\u0160N\u00cd KOLEKCE?<\/h4>\n\n\n    <a href=\"https:\/\/zlindesignweek.com\/2026\/osoba\/adela-cernocka\/\"\n       class=\"no-decoration\">\n        <div class=\"person-item\">\n            <img loading=\"lazy\" decoding=\"async\" width=\"560\" height=\"667\" src=\"https:\/\/zlindesignweek.com\/2026\/wp-content\/uploads\/2026\/04\/soubor-000-560x667.png\" class=\"attachment-portrait size-portrait wp-post-image\" alt=\"\" \/>            <div class=\"person-item__bottom\">\n                <div class=\"person-item__text\">\n                    <h4 class=\"h5\">AD\u00c9LA \u010cERNOCK\u00c1                    <\/h4>\n                    <small>Design\u00e9rka \u0161perk\u016f<\/small>\n                <\/div>\n                <div class=\"person-item__button\">\n                    \u2192\n                <\/div>\n            <\/div>\n        <\/div>\n    <\/a>\n    \n\n    <a href=\"https:\/\/zlindesignweek.com\/2026\/osoba\/adame-sounds\/\"\n       class=\"no-decoration\">\n        <div class=\"person-item\">\n            <img loading=\"lazy\" decoding=\"async\" width=\"560\" height=\"667\" src=\"https:\/\/zlindesignweek.com\/2026\/wp-content\/uploads\/2026\/04\/kopie-souboru-adam-4-vsco-560x667.jpg\" class=\"attachment-portrait size-portrait wp-post-image\" alt=\"\" \/>            <div class=\"person-item__bottom\">\n                <div class=\"person-item__text\">\n                    <h4 class=\"h5\">ADAME SOUNDS                    <\/h4>\n                    <small>Hudebn\u00ed producent<\/small>\n                <\/div>\n                <div class=\"person-item__button\">\n                    \u2192\n                <\/div>\n            <\/div>\n        <\/div>\n    <\/a>\n    \n\n\n<h4 class=\"wp-block-heading\"><strong>Jak to tam bude vypadat?<\/strong><\/h4>\n\n\n\n<p>Vstup do gar\u00e1\u017e\u00ed je p\u0159\u00edjezdovou rampou, kter\u00e1 obvykle slou\u017e\u00ed aut\u016fm, te\u010f se z&nbsp;n\u00ed stane vstup na fashion show. V&nbsp;p\u0159\u00edpad\u011b pot\u0159eby je mo\u017en\u00e9 vyu\u017e\u00edt v\u00fdtah.<br>B\u011bhem akce nebudou dostupn\u00e9 toalety, tak si rad\u0161i p\u0159edem odsko\u010d, ne\u017e se na show vyd\u00e1\u0161.<\/p>\n\n\n\n<h4 class=\"wp-block-heading\"><strong>Kudy tudy na Fashion Show?<\/strong><\/h4>\n\n\n\n<p><strong><mark style=\"background-color:rgba(0, 0, 0, 0)\" class=\"has-inline-color has-white-color\">MHD:<\/mark><\/strong> Nejbli\u017e\u0161\u00ed zast\u00e1vkou je <strong>Zl\u00edn, autobusov\u00e9 n\u00e1dra\u017e\u00ed<\/strong>. Trolejbusem je to nejkrat\u0161\u00ed ze zast\u00e1vky <strong>U z\u00e1mku<\/strong> anebo <strong>n\u00e1m\u011bst\u00ed Pr\u00e1ce.<\/strong><br><strong><mark style=\"background-color:rgba(0, 0, 0, 0)\" class=\"has-inline-color has-white-color\">Autem:<\/mark> <\/strong>V dob\u011b Fashion Show nebude mo\u017en\u00e9 zaparkovat v&nbsp;gar\u00e1\u017e\u00edch fakulty, nejbl\u00ed\u017e se nach\u00e1z\u00ed placen\u00e9 parkovi\u0161t\u011b Gahurova. Obecn\u011b je ale ve Zl\u00edn\u011b probl\u00e9m s&nbsp;parkov\u00e1n\u00edm, tak\u017ee doporu\u010dujeme pokud mo\u017eno p\u0159ij\u00edt rad\u0161i \u201cpo sv\u00fdch\u201d.<\/p>\n\n\n\n<p>Pokud m\u00e1\u0161 jak\u00e9koliv specifick\u00e9 pot\u0159eby a\/nebo v\u00e1h\u00e1\u0161, zda je program pro tebe, nev\u00e1hej se n\u00e1m ozvat, a\u0165 u\u017e mailem: <a href=\"mailto:anna.svobodova@zlindesignweek.com\"><strong>anna.svobodova@zlindesignweek.com<\/strong><\/a> anebo telefonicky\/SMS: <strong>+420&nbsp;733&nbsp;144&nbsp;711<\/strong>.<\/p>\n\n\n\n<p>Na\u0161\u00edm c\u00edlem je zp\u0159\u00edstup\u0148ovat festival co nejv\u00edce lidem dok\u00e1\u017eeme \u2013 moc r\u00e1di ti porad\u00edme a&nbsp;pom\u016f\u017eeme vymyslet alternativn\u00ed mo\u017enosti.<\/p>\n<\/div><\/div>\n","protected":false},"excerpt":{"rendered":"Lokace: Gar\u00e1\u017ee Fakulty technologick\u00e9 Univerzity Tom\u00e1\u0161e Bati (Vavre\u010dkova 5669, Zl\u00edn)Datum: 8.&nbsp;5.&nbsp;2026\u010cas: 19:00\u201320:30Jazyk: CZVstupn\u00e9:Sezen\u00ed: St\u00e1n\u00ed Chyb\u011bla ti u&nbsp;n\u00e1s zn\u00e1m\u00e1 klasika? I&nbsp;letos jsme si pro tebe [&hellip;]","protected":false},"author":52,"featured_media":0,"parent":0,"menu_order":0,"comment_status":"closed","ping_status":"closed","template":"","meta":{"_acf_changed":false,"footnotes":""},"class_list":["post-41191","page","type-page","status-publish","hentry"],"acf":[],"_links":{"self":[{"href":"https:\/\/zlindesignweek.com\/2026\/wp-json\/wp\/v2\/pages\/41191","targetHints":{"allow":["GET"]}}],"collection":[{"href":"https:\/\/zlindesignweek.com\/2026\/wp-json\/wp\/v2\/pages"}],"about":[{"href":"https:\/\/zlindesignweek.com\/2026\/wp-json\/wp\/v2\/types\/page"}],"author":[{"embeddable":true,"href":"https:\/\/zlindesignweek.com\/2026\/wp-json\/wp\/v2\/users\/52"}],"replies":[{"embeddable":true,"href":"https:\/\/zlindesignweek.com\/2026\/wp-json\/wp\/v2\/comments?post=41191"}],"version-history":[{"count":11,"href":"https:\/\/zlindesignweek.com\/2026\/wp-json\/wp\/v2\/pages\/41191\/revisions"}],"predecessor-version":[{"id":43501,"href":"https:\/\/zlindesignweek.com\/2026\/wp-json\/wp\/v2\/pages\/41191\/revisions\/43501"}],"wp:attachment":[{"href":"https:\/\/zlindesignweek.com\/2026\/wp-json\/wp\/v2\/media?parent=41191"}],"curies":[{"name":"wp","href":"https:\/\/api.w.org\/{rel}","templated":true}]}}