{"id":28911,"date":"2024-11-16T22:49:32","date_gmt":"2024-11-16T21:49:32","guid":{"rendered":"https:\/\/zlindesignweek.com\/2026\/?page_id=28911"},"modified":"2026-02-05T00:12:05","modified_gmt":"2026-02-04T23:12:05","slug":"faq-casto-kladene-otazky","status":"publish","type":"page","link":"https:\/\/zlindesignweek.com\/2026\/best-in-design\/faq-casto-kladene-otazky\/","title":{"rendered":"Vy se pt\u00e1te, my odpov\u00edd\u00e1me!"},"content":{"rendered":"\n<div class=\"wp-block-group\"><div class=\"wp-block-group__inner-container is-layout-constrained wp-block-group-is-layout-constrained\">\n<div class=\"wp-block-esab-accordion accordion-58694c42\" data-mode=\"global\"><div class=\"esab__container\">\n<div class=\"wp-block-esab-accordion-child esab__active_accordion\"><div class=\"esab__head\" role=\"button\" aria-expanded=\"true\"><div class=\"esab__heading_txt\"><p class=\"esab__heading_tag\"><strong>Jak\u00e9 jsou sout\u011b\u017en\u00ed kategorie?<\/strong><\/p><\/div><div class=\"esab__icon esab__active_icon\"><div class=\"esab__collapse\"> <svg version=\"1.2\" viewBox=\"0 0 24 24\" width=\"24\" height=\"24\"><path d=\"m11.3 3.6h1.4q0.2 0 0.2 0.1v16.6q0 0.1-0.2 0.1h-1.4q-0.2 0-0.2-0.2v-16.5q0-0.1 0.2-0.1z\"><\/path><path d=\"m4.1 11.1h15.8q0.2 0 0.2 0.2v1.4q0 0.2-0.2 0.2h-15.8q-0.2 0-0.2-0.2v-1.4q0-0.2 0.2-0.2z\"><\/path><\/svg> <\/div><div class=\"esab__expand\"> <svg version=\"1.2\" viewBox=\"0 0 24 24\" width=\"24\" height=\"24\"><path d=\"m3.4 11.1h17.2v1.8h-17.2z\"><\/path><\/svg> <\/div><\/div><\/div><div class=\"esab__body esab__active\">\n<p>Sout\u011b\u017e se orientuje na 4 kategorie. T\u011bmi jsou:<br><br>1. Product &amp; Industrial Design \u2013 produkty, interi\u00e9r, n\u00e1bytek, n\u00e1stroje, za\u0159\u00edzen\u00ed<br>2. Fashion Design \u2013 od\u011bv, textiln\u00ed tvorba, obuv, galanterie, \u0161perky<br>3. Communication Design \u2013 grafika, ilustrace, nov\u00e1 m\u00e9dia, vizu\u00e1ln\u00ed komunikace, interm\u00e9dia, webov\u00e9 animace<br>4. Service Design \u2013 komplexn\u00ed n\u00e1vrhy proces\u016f, technologi\u00ed a&nbsp;interakc\u00ed, kter\u00e9 \u0159\u00edd\u00ed poskytov\u00e1n\u00ed slu\u017eeb<\/p>\n<\/div><\/div>\n\n\n\n<div class=\"wp-block-esab-accordion-child\"><div class=\"esab__head\" role=\"button\" aria-expanded=\"false\"><div class=\"esab__heading_txt\"><p class=\"esab__heading_tag\"><strong>Do kdy se m\u016f\u017eu do sout\u011b\u017ee p\u0159ihl\u00e1sit?<\/strong><\/p><\/div><div class=\"esab__icon\"><div class=\"esab__collapse\"> <svg version=\"1.2\" viewBox=\"0 0 24 24\" width=\"24\" height=\"24\"><path d=\"m11.3 3.6h1.4q0.2 0 0.2 0.1v16.6q0 0.1-0.2 0.1h-1.4q-0.2 0-0.2-0.2v-16.5q0-0.1 0.2-0.1z\"><\/path><path d=\"m4.1 11.1h15.8q0.2 0 0.2 0.2v1.4q0 0.2-0.2 0.2h-15.8q-0.2 0-0.2-0.2v-1.4q0-0.2 0.2-0.2z\"><\/path><\/svg> <\/div><div class=\"esab__expand\"> <svg version=\"1.2\" viewBox=\"0 0 24 24\" width=\"24\" height=\"24\"><path d=\"m3.4 11.1h17.2v1.8h-17.2z\"><\/path><\/svg> <\/div><\/div><\/div><div class=\"esab__body\">\n<p>P\u0159ihl\u00e1\u0161ky do sout\u011b\u017ee bylo mo\u017en\u00e9 zas\u00edlat do <strong>4.&nbsp;2.&nbsp;2026<\/strong>.<br>Pokud jsi to tentokr\u00e1t nestihl\/a, dal\u0161\u00ed p\u0159\u00edle\u017eitost p\u0159ihl\u00e1sit se bude op\u011bt v&nbsp;prosinci 2026.<\/p>\n<\/div><\/div>\n\n\n\n<div class=\"wp-block-esab-accordion-child\"><div class=\"esab__head\" role=\"button\" aria-expanded=\"false\"><div class=\"esab__heading_txt\"><p class=\"esab__heading_tag\"><strong>Kdo zased\u00e1 v&nbsp;odborn\u00e9 porot\u011b?<\/strong><\/p><\/div><div class=\"esab__icon\"><div class=\"esab__collapse\"> <svg version=\"1.2\" viewBox=\"0 0 24 24\" width=\"24\" height=\"24\"><path d=\"m11.3 3.6h1.4q0.2 0 0.2 0.1v16.6q0 0.1-0.2 0.1h-1.4q-0.2 0-0.2-0.2v-16.5q0-0.1 0.2-0.1z\"><\/path><path d=\"m4.1 11.1h15.8q0.2 0 0.2 0.2v1.4q0 0.2-0.2 0.2h-15.8q-0.2 0-0.2-0.2v-1.4q0-0.2 0.2-0.2z\"><\/path><\/svg> <\/div><div class=\"esab__expand\"> <svg version=\"1.2\" viewBox=\"0 0 24 24\" width=\"24\" height=\"24\"><path d=\"m3.4 11.1h17.2v1.8h-17.2z\"><\/path><\/svg> <\/div><\/div><\/div><div class=\"esab__body\">\n<p>Sam\u00ed prof\u00edci! Na na\u0161i leto\u0161n\u00ed porotu se m\u016f\u017ee\u0161 pod\u00edvat <a href=\"https:\/\/zlindesignweek.com\/2026\/porota\/\" data-type=\"link\" data-id=\"https:\/\/zlindesignweek.com\/2026\/porota\/\">zde<\/a>.<\/p>\n<\/div><\/div>\n\n\n\n<div class=\"wp-block-esab-accordion-child\"><div class=\"esab__head\" role=\"button\" aria-expanded=\"false\"><div class=\"esab__heading_txt\"><p class=\"esab__heading_tag\"><strong>Podle \u010deho vyb\u00edr\u00e1 odborn\u00e1 porota v\u00edt\u011bzn\u00e9 projekty?<\/strong><\/p><\/div><div class=\"esab__icon\"><div class=\"esab__collapse\"> <svg version=\"1.2\" viewBox=\"0 0 24 24\" width=\"24\" height=\"24\"><path d=\"m11.3 3.6h1.4q0.2 0 0.2 0.1v16.6q0 0.1-0.2 0.1h-1.4q-0.2 0-0.2-0.2v-16.5q0-0.1 0.2-0.1z\"><\/path><path d=\"m4.1 11.1h15.8q0.2 0 0.2 0.2v1.4q0 0.2-0.2 0.2h-15.8q-0.2 0-0.2-0.2v-1.4q0-0.2 0.2-0.2z\"><\/path><\/svg> <\/div><div class=\"esab__expand\"> <svg version=\"1.2\" viewBox=\"0 0 24 24\" width=\"24\" height=\"24\"><path d=\"m3.4 11.1h17.2v1.8h-17.2z\"><\/path><\/svg> <\/div><\/div><\/div><div class=\"esab__body\">\n<p>Jednodu\u0161e \u0159e\u010deno \u2013 podle celkov\u00e9 kvality a&nbsp;my\u0161lenky tv\u00e9ho n\u00e1vrhu. Mus\u00ed\u0161 um\u011bt porot\u011b odkomunikovat co nejefektivn\u011bji ty spr\u00e1vn\u00e9 informace, kter\u00e9 prodaj\u00ed tv\u016fj design.&nbsp;<br><br>Velkou roli hraje samoz\u0159ejm\u011b tak\u00e9 tv\u00e1 kreativita a&nbsp;neot\u0159elost projektu. Hod\u00ed se m\u00edt inovativn\u00ed a&nbsp;origin\u00e1ln\u00ed p\u0159\u00edstup k&nbsp;\u0159e\u0161en\u00ed, ale tak\u00e9 jde o&nbsp;funk\u010dnost n\u00e1vrhu a&nbsp;pou\u017eit\u00ed t\u011bch spr\u00e1vn\u00fdch materi\u00e1l\u016f. M\u016f\u017ee se hodnotit i&nbsp;ekologi\u010dnost n\u00e1vrhu, neboli podpora trvale udr\u017eiteln\u00e9ho rozvoje.<\/p>\n<\/div><\/div>\n\n\n\n<div class=\"wp-block-esab-accordion-child\"><div class=\"esab__head\" role=\"button\" aria-expanded=\"false\"><div class=\"esab__heading_txt\"><p class=\"esab__heading_tag\"><strong>Jak\u00e9 podklady mus\u00edm dodat, aby byla moje p\u0159ihl\u00e1\u0161ka p\u0159ijata?<\/strong><\/p><\/div><div class=\"esab__icon\"><div class=\"esab__collapse\"> <svg version=\"1.2\" viewBox=\"0 0 24 24\" width=\"24\" height=\"24\"><path d=\"m11.3 3.6h1.4q0.2 0 0.2 0.1v16.6q0 0.1-0.2 0.1h-1.4q-0.2 0-0.2-0.2v-16.5q0-0.1 0.2-0.1z\"><\/path><path d=\"m4.1 11.1h15.8q0.2 0 0.2 0.2v1.4q0 0.2-0.2 0.2h-15.8q-0.2 0-0.2-0.2v-1.4q0-0.2 0.2-0.2z\"><\/path><\/svg> <\/div><div class=\"esab__expand\"> <svg version=\"1.2\" viewBox=\"0 0 24 24\" width=\"24\" height=\"24\"><path d=\"m3.4 11.1h17.2v1.8h-17.2z\"><\/path><\/svg> <\/div><\/div><\/div><div class=\"esab__body\">\n<p>Jedn\u00e1 se o&nbsp;\u010dty\u0159i v\u00fdstupy. Konkr\u00e9tn\u011b vypln\u00ed\u0161 webov\u00fd formul\u00e1\u0159, do kter\u00e9ho k&nbsp;projektu nahraje\u0161 anotaci, poster a&nbsp;alespo\u0148 jednu fotografii n\u00e1vrhu.<\/p>\n<\/div><\/div>\n\n\n\n<div class=\"wp-block-esab-accordion-child\"><div class=\"esab__head\" role=\"button\" aria-expanded=\"false\"><div class=\"esab__heading_txt\"><p class=\"esab__heading_tag\"><strong>Co je to poster?<\/strong><\/p><\/div><div class=\"esab__icon\"><div class=\"esab__collapse\"> <svg version=\"1.2\" viewBox=\"0 0 24 24\" width=\"24\" height=\"24\"><path d=\"m11.3 3.6h1.4q0.2 0 0.2 0.1v16.6q0 0.1-0.2 0.1h-1.4q-0.2 0-0.2-0.2v-16.5q0-0.1 0.2-0.1z\"><\/path><path d=\"m4.1 11.1h15.8q0.2 0 0.2 0.2v1.4q0 0.2-0.2 0.2h-15.8q-0.2 0-0.2-0.2v-1.4q0-0.2 0.2-0.2z\"><\/path><\/svg> <\/div><div class=\"esab__expand\"> <svg version=\"1.2\" viewBox=\"0 0 24 24\" width=\"24\" height=\"24\"><path d=\"m3.4 11.1h17.2v1.8h-17.2z\"><\/path><\/svg> <\/div><\/div><\/div><div class=\"esab__body\">\n<p>Poster je grafick\u00fd v\u00fdstup, kter\u00fd vizu\u00e1ln\u011b shrnuje hlavn\u00ed koncept, detaily a&nbsp;estetiku pr\u00e1ce pomoc\u00ed fotek, ilustrac\u00ed nebo kr\u00e1tk\u00fdch popisk\u016f a&nbsp;slou\u017e\u00ed k&nbsp;p\u0159ehledn\u00e9mu p\u0159edstaven\u00ed n\u00e1vrhu porot\u011b. Obvykle n\u00e1m sout\u011b\u017e\u00edc\u00ed pos\u00edlaj\u00ed poster ve form\u00e1tu A2 \u010di&nbsp;A4, samoz\u0159ejm\u011b digit\u00e1ln\u00ed formou.<\/p>\n<\/div><\/div>\n\n\n\n<div class=\"wp-block-esab-accordion-child\"><div class=\"esab__head\" role=\"button\" aria-expanded=\"false\"><div class=\"esab__heading_txt\"><p class=\"esab__heading_tag\"><strong>Co je to anotace?<\/strong><\/p><\/div><div class=\"esab__icon\"><div class=\"esab__collapse\"> <svg version=\"1.2\" viewBox=\"0 0 24 24\" width=\"24\" height=\"24\"><path d=\"m11.3 3.6h1.4q0.2 0 0.2 0.1v16.6q0 0.1-0.2 0.1h-1.4q-0.2 0-0.2-0.2v-16.5q0-0.1 0.2-0.1z\"><\/path><path d=\"m4.1 11.1h15.8q0.2 0 0.2 0.2v1.4q0 0.2-0.2 0.2h-15.8q-0.2 0-0.2-0.2v-1.4q0-0.2 0.2-0.2z\"><\/path><\/svg> <\/div><div class=\"esab__expand\"> <svg version=\"1.2\" viewBox=\"0 0 24 24\" width=\"24\" height=\"24\"><path d=\"m3.4 11.1h17.2v1.8h-17.2z\"><\/path><\/svg> <\/div><\/div><\/div><div class=\"esab__body\">\n<p>Anotace je textov\u00fd popis n\u00e1vrhu, kter\u00fd p\u0159edstav\u00ed hlavn\u00ed my\u0161lenku, c\u00edl nebo p\u0159\u00ednos a&nbsp;slou\u017e\u00ed k&nbsp;rychl\u00e9 orientaci poroty v&nbsp;konceptu projektu. Anotaci jsme lehce standardizovali nap\u0159\u00ed\u010d kategoriemi \u2013 nejd\u0159\u00edve n\u00e1m odpov\u00ed\u0161 na 3 z\u00e1kladn\u00ed ot\u00e1zky o&nbsp;projektu a&nbsp;pot\u00e9 m\u00e1\u0161 voln\u00fd prostor napsat o&nbsp;sv\u00e9m projektu cokoliv, co d\u00e1l pot\u0159ebuje\u0161.<\/p>\n<\/div><\/div>\n\n\n\n<div class=\"wp-block-esab-accordion-child\"><div class=\"esab__head\" role=\"button\" aria-expanded=\"false\"><div class=\"esab__heading_txt\"><p class=\"esab__heading_tag\"><strong>Co m\u016f\u017eu zaslat v&nbsp;r\u00e1mci fotografi\u00ed?<\/strong><\/p><\/div><div class=\"esab__icon\"><div class=\"esab__collapse\"> <svg version=\"1.2\" viewBox=\"0 0 24 24\" width=\"24\" height=\"24\"><path d=\"m11.3 3.6h1.4q0.2 0 0.2 0.1v16.6q0 0.1-0.2 0.1h-1.4q-0.2 0-0.2-0.2v-16.5q0-0.1 0.2-0.1z\"><\/path><path d=\"m4.1 11.1h15.8q0.2 0 0.2 0.2v1.4q0 0.2-0.2 0.2h-15.8q-0.2 0-0.2-0.2v-1.4q0-0.2 0.2-0.2z\"><\/path><\/svg> <\/div><div class=\"esab__expand\"> <svg version=\"1.2\" viewBox=\"0 0 24 24\" width=\"24\" height=\"24\"><path d=\"m3.4 11.1h17.2v1.8h-17.2z\"><\/path><\/svg> <\/div><\/div><\/div><div class=\"esab__body\">\n<p>Jejich podoba \u010dasto z\u00e1le\u017e\u00ed na povaze dan\u00e9 kategorie \u2013 t\u0159eba u&nbsp;Service Design a&nbsp;Communication Design neo\u010dek\u00e1v\u00e1me v\u017edy hmatateln\u00e9 v\u00fdstupy (ale nap\u0159\u00edklad screenshoty \u010di&nbsp;grafick\u00e9 v\u00fdstupy), zat\u00edmco u&nbsp;kategorie Product &amp; Industrial Design nebo Fashion Design zpravidla v\u00edd\u00e1v\u00e1me fotografie re\u00e1ln\u00fdch n\u00e1vrh\u016f \u010di&nbsp;rendery.<\/p>\n\n\n\n<p>Maxim\u00e1ln\u00ed po\u010det fotografi\u00ed, kter\u00e9 n\u00e1m m\u016f\u017ee\u0161 zaslat, je 5.<\/p>\n<\/div><\/div>\n\n\n\n<div class=\"wp-block-esab-accordion-child\"><div class=\"esab__head\" role=\"button\" aria-expanded=\"false\"><div class=\"esab__heading_txt\"><p class=\"esab__heading_tag\"><strong>Je nutn\u00e9, aby byl m\u016fj projekt dokon\u010den\u00fd v&nbsp;moment\u011b registrace do sout\u011b\u017ee?<\/strong><\/p><\/div><div class=\"esab__icon\"><div class=\"esab__collapse\"> <svg version=\"1.2\" viewBox=\"0 0 24 24\" width=\"24\" height=\"24\"><path d=\"m11.3 3.6h1.4q0.2 0 0.2 0.1v16.6q0 0.1-0.2 0.1h-1.4q-0.2 0-0.2-0.2v-16.5q0-0.1 0.2-0.1z\"><\/path><path d=\"m4.1 11.1h15.8q0.2 0 0.2 0.2v1.4q0 0.2-0.2 0.2h-15.8q-0.2 0-0.2-0.2v-1.4q0-0.2 0.2-0.2z\"><\/path><\/svg> <\/div><div class=\"esab__expand\"> <svg version=\"1.2\" viewBox=\"0 0 24 24\" width=\"24\" height=\"24\"><path d=\"m3.4 11.1h17.2v1.8h-17.2z\"><\/path><\/svg> <\/div><\/div><\/div><div class=\"esab__body\">\n<p>Tv\u016fj projekt nemus\u00ed b\u00fdt 100% dokon\u010den\u00fd, ale ur\u010dit\u011b by m\u011bl b\u00fdt ve stavu rozpracov\u00e1n\u00ed.&nbsp;<\/p>\n\n\n\n<p>V p\u0159\u00edpad\u011b Tv\u00e9ho um\u00edst\u011bn\u00ed ve fin\u00e1le bychom se domluvili na detailech. Projekt by m\u011bl b\u00fdt dokon\u010den minim\u00e1ln\u011b do dubna roku 2026, jeliko\u017e v\u0161echny v\u00fdhern\u00ed projekty v\u017edy vystavujeme v&nbsp;r\u00e1mci kv\u011btnov\u00e9ho Zlin Design Weeku na v\u00fdstav\u011b Best in Design.<\/p>\n<\/div><\/div>\n<\/div><\/div>\n<\/div><\/div>\n","protected":false},"excerpt":{"rendered":"","protected":false},"author":33,"featured_media":0,"parent":193,"menu_order":0,"comment_status":"closed","ping_status":"closed","template":"","meta":{"_acf_changed":false,"footnotes":""},"class_list":["post-28911","page","type-page","status-publish","hentry"],"acf":[],"_links":{"self":[{"href":"https:\/\/zlindesignweek.com\/2026\/wp-json\/wp\/v2\/pages\/28911","targetHints":{"allow":["GET"]}}],"collection":[{"href":"https:\/\/zlindesignweek.com\/2026\/wp-json\/wp\/v2\/pages"}],"about":[{"href":"https:\/\/zlindesignweek.com\/2026\/wp-json\/wp\/v2\/types\/page"}],"author":[{"embeddable":true,"href":"https:\/\/zlindesignweek.com\/2026\/wp-json\/wp\/v2\/users\/33"}],"replies":[{"embeddable":true,"href":"https:\/\/zlindesignweek.com\/2026\/wp-json\/wp\/v2\/comments?post=28911"}],"version-history":[{"count":31,"href":"https:\/\/zlindesignweek.com\/2026\/wp-json\/wp\/v2\/pages\/28911\/revisions"}],"predecessor-version":[{"id":43691,"href":"https:\/\/zlindesignweek.com\/2026\/wp-json\/wp\/v2\/pages\/28911\/revisions\/43691"}],"up":[{"embeddable":true,"href":"https:\/\/zlindesignweek.com\/2026\/wp-json\/wp\/v2\/pages\/193"}],"wp:attachment":[{"href":"https:\/\/zlindesignweek.com\/2026\/wp-json\/wp\/v2\/media?parent=28911"}],"curies":[{"name":"wp","href":"https:\/\/api.w.org\/{rel}","templated":true}]}}