{"id":219,"date":"2019-12-24T01:02:15","date_gmt":"2019-12-24T00:02:15","guid":{"rendered":"http:\/\/zlindesignweek.com\/2021\/?page_id=219"},"modified":"2026-02-05T00:05:44","modified_gmt":"2026-02-04T23:05:44","slug":"pravidla-souteze","status":"publish","type":"page","link":"https:\/\/zlindesignweek.com\/2026\/best-in-design\/pravidla-souteze\/","title":{"rendered":"Pravidla sout\u011b\u017ee"},"content":{"rendered":"\n<div class=\"wp-block-columns is-layout-flex wp-container-core-columns-is-layout-9d6595d7 wp-block-columns-is-layout-flex\">\n<div class=\"wp-block-column is-layout-flow wp-block-column-is-layout-flow\">\n<div class=\"wp-block-group\"><div class=\"wp-block-group__inner-container is-layout-flow wp-block-group-is-layout-flow\">\n<p><a href=\"#souhrn-pravidel\">Souhrn pravidel<\/a> <mark style=\"background-color:rgba(0, 0, 0, 0)\" class=\"has-inline-color has-dark-color\"><strong>\u2192<\/strong><\/mark> <a href=\"#data-souteze\">Data sout\u011b\u017ee<\/a> <mark style=\"background-color:rgba(0, 0, 0, 0)\" class=\"has-inline-color has-dark-color\"><strong>\u2192<\/strong><\/mark> <a href=\"#soutezni-kategorie\">Sout\u011b\u017en\u00ed kategorie<\/a> <mark style=\"background-color:rgba(0, 0, 0, 0)\" class=\"has-inline-color has-dark-color\"><strong>\u2192<\/strong><\/mark> <a href=\"#ceny\">Ceny<\/a> <mark style=\"background-color:rgba(0, 0, 0, 0)\" class=\"has-inline-color has-dark-color\"><strong>\u2192<\/strong><\/mark> <a href=\"#kompletni-pravidla\" data-type=\"internal\" data-id=\"#kompletni-pravidla\">Kompletn\u00ed pravidla<\/a><\/p>\n<\/div><\/div>\n<\/div>\n<\/div>\n\n\n\n<div style=\"height:40px\" aria-hidden=\"true\" class=\"wp-block-spacer\"><\/div>\n\n\n\n<div class=\"wp-block-group\"><div class=\"wp-block-group__inner-container is-layout-constrained wp-block-group-is-layout-constrained\">\n<div class=\"wp-block-buttons is-content-justification-left is-layout-flex wp-container-core-buttons-is-layout-fdcfc74e wp-block-buttons-is-layout-flex\">\n<div class=\"wp-block-button\"><a class=\"wp-block-button__link wp-element-button\" href=\"https:\/\/www.youtube.com\/watch?v=WzC71MYa4sw&amp;t=2s\">Jak se m\u016f\u017ee\u0161 p\u0159ihl\u00e1sit?<\/a><\/div>\n<\/div>\n<\/div><\/div>\n\n\n\n<div id=\"souhrn-pravidel\" class=\"wp-block-group is-style-py-1\"><div class=\"wp-block-group__inner-container is-layout-flow wp-block-group-is-layout-flow\">\n<div class=\"wp-block-columns is-layout-flex wp-container-core-columns-is-layout-9d6595d7 wp-block-columns-is-layout-flex\">\n<div class=\"wp-block-column is-layout-flow wp-block-column-is-layout-flow\" style=\"flex-basis:170px\">\n<h4 class=\"wp-block-heading has-text-align-left\"><strong>Souhrn pravidel<\/strong><\/h4>\n\n\n\n<p><\/p>\n<\/div>\n\n\n\n<div class=\"wp-block-column is-layout-flow wp-block-column-is-layout-flow\" style=\"flex-basis:30px\"><\/div>\n\n\n\n<div class=\"wp-block-column is-layout-flow wp-block-column-is-layout-flow\">\n<div class=\"wp-block-columns is-layout-flex wp-container-core-columns-is-layout-9d6595d7 wp-block-columns-is-layout-flex\">\n<div class=\"wp-block-column is-layout-flow wp-block-column-is-layout-flow\">\n<p><strong><mark style=\"background-color:rgba(0, 0, 0, 0)\" class=\"has-inline-color has-zdw-color\">Jak?<\/mark> <\/strong><br>Hlavn\u00edm faktorem je <mark style=\"background-color:rgba(0, 0, 0, 0)\" class=\"has-inline-color has-zdw-color\">kreativita <\/mark><mark style=\"background-color:rgba(0, 0, 0, 0)\" class=\"has-inline-color has-dark-color\">a<\/mark><mark style=\"background-color:rgba(0, 0, 0, 0)\" class=\"has-inline-color has-zdw-color\"> jedine\u010dnost<\/mark> tv\u00e9ho n\u00e1vrhu. Hod\u00ed se m\u00edt <mark style=\"background-color:rgba(0, 0, 0, 0)\" class=\"has-inline-color has-zdw-color\">inovativn\u00ed a&nbsp;origin\u00e1ln\u00ed<\/mark> p\u0159\u00edstup k&nbsp;\u0159e\u0161en\u00ed, ale jde tak\u00e9 o&nbsp;<mark style=\"background-color:rgba(0, 0, 0, 0)\" class=\"has-inline-color has-zdw-color\">funk\u010dnost<\/mark> a&nbsp;pou\u017eit\u00ed materi\u00e1lu. Ber v&nbsp;\u00favahu, \u017ee se m\u016f\u017ee hodnotit i&nbsp;<mark style=\"background-color:rgba(0, 0, 0, 0)\" class=\"has-inline-color has-zdw-color\">ekologi\u010dnost n\u00e1vrhu<\/mark>.<\/p>\n\n\n\n<p><mark style=\"background-color:rgba(0, 0, 0, 0)\" class=\"has-inline-color has-zdw-color\"><strong>Kolik? <\/strong><br><\/mark>Po\u010det prac\u00ed, kter\u00e9 n\u00e1m m\u016f\u017ee\u0161 zaslat, je <mark style=\"background-color:rgba(0, 0, 0, 0)\" class=\"has-inline-color has-zdw-color\">neomezen\u00fd<\/mark>. Tv\u00e9 d\u00edlo nen\u00ed ohrani\u010deno <mark style=\"background-color:rgba(0, 0, 0, 0)\" class=\"has-inline-color has-dark-color\">\u017e\u00e1dn\u00fdm t\u00e9matem, lib<\/mark>ovoln\u011b m\u016f\u017ee\u0161 poslat t\u0159eba to, co najde\u0161 doma v&nbsp;\u0161upl\u00edku. <mark style=\"background-color:rgba(0, 0, 0, 0)\" class=\"has-inline-color has-zdw-color\">P\u0159ihl\u00e1\u0161ky jsou nav\u00edc kompletn\u011b zdarma<\/mark>.<\/p>\n<\/div>\n\n\n\n<div class=\"wp-block-column is-layout-flow wp-block-column-is-layout-flow\">\n<p><strong><mark style=\"background-color:rgba(0, 0, 0, 0)\" class=\"has-inline-color has-zdw-color\">Kdo?<\/mark><\/strong><br>P\u0159ihl\u00e1sit se m\u016f\u017ee\u0161 v&nbsp;t\u00fdmu nebo s\u00e1m, a\u0165 u\u017e jsi student, za\u010d\u00ednaj\u00edc\u00ed design\u00e9r nebo nad\u0161enec do designu. \u017d\u00e1dn\u00e1 omezen\u00ed sout\u011b\u017e nem\u00e1. Jedinou podm\u00ednkou je v\u011bk \u2013 <mark style=\"background-color:rgba(0, 0, 0, 0)\" class=\"has-inline-color has-zdw-color\">nesm\u00ed ti b\u00fdt v\u00edc ne\u017e 30 let<\/mark>.<\/p>\n\n\n\n<p><strong><mark style=\"background-color:rgba(0, 0, 0, 0)\" class=\"has-inline-color has-zdw-color\">Co? <\/mark><\/strong><br>Abychom tv\u016fj sout\u011b\u017en\u00ed n\u00e1vrh mohli p\u0159ijmout, mus\u00ed\u0161 n\u00e1m zaslat <mark style=\"background-color:rgba(0, 0, 0, 0)\" class=\"has-inline-color has-zdw-color\">kompletn\u011b vypln\u011bnou p\u0159ihl\u00e1\u0161ku<\/mark>. Mezi p\u0159\u00edlohami nesm\u00ed tedy krom\u011b vypln\u011bn\u00e9ho webov\u00e9ho formul\u00e1\u0159e chyb\u011bt textov\u00e1 anotace se stru\u010dn\u00fdm koment\u00e1\u0159em pr\u00e1ce, fotografie n\u00e1vrhu a&nbsp;poster podle pravidel. <mark style=\"background-color:rgba(0, 0, 0, 0)\" class=\"has-inline-color has-zdw-color\">Tv\u00e1 pr\u00e1ce ale nesm\u00ed b\u00fdt star\u0161\u00ed 2 let.<\/mark><\/p>\n<\/div>\n<\/div>\n<\/div>\n<\/div>\n<\/div><\/div>\n\n\n\n<div id=\"data-souteze\" class=\"wp-block-group is-style-py-1\"><div class=\"wp-block-group__inner-container is-layout-flow wp-block-group-is-layout-flow\">\n<div class=\"wp-block-columns is-layout-flex wp-container-core-columns-is-layout-9d6595d7 wp-block-columns-is-layout-flex\">\n<div class=\"wp-block-column is-layout-flow wp-block-column-is-layout-flow\" style=\"flex-basis:170px\">\n<h4 class=\"wp-block-heading has-text-align-left\"><strong>Data sout\u011b\u017ee<\/strong><\/h4>\n\n\n\n<p><\/p>\n<\/div>\n\n\n\n<div class=\"wp-block-column is-layout-flow wp-block-column-is-layout-flow\" style=\"flex-basis:30px\"><\/div>\n\n\n\n<div class=\"wp-block-column is-layout-flow wp-block-column-is-layout-flow\">\n<div class=\"wp-block-columns is-layout-flex wp-container-core-columns-is-layout-9d6595d7 wp-block-columns-is-layout-flex\">\n<div class=\"wp-block-column is-layout-flow wp-block-column-is-layout-flow\">\n<p><strong><mark style=\"background-color:rgba(0, 0, 0, 0)\" class=\"has-inline-color has-zdw-color\">1.&nbsp;12.&nbsp;2025 <\/mark><\/strong>\u2013 Zah\u00e1jen\u00ed sout\u011b\u017ee <br>T\u00edmto dnem za\u010d\u00edn\u00e1 mo\u017enost p\u0159ihl\u00e1sit svou pr\u00e1ci. Pr\u00e1v\u011b ty se m\u016f\u017ee\u0161 st\u00e1t v\u00edt\u011bzem!<\/p>\n\n\n\n<p><mark style=\"background-color:rgba(0, 0, 0, 0)\" class=\"has-inline-color has-zdw-color\"><strong>4.&nbsp;2.&nbsp;202<\/strong>6 <\/mark>\u2013 Uz\u00e1v\u011brka sout\u011b\u017ee<mark style=\"background-color:rgba(0, 0, 0, 0)\" class=\"has-inline-color has-zdw-color\"> <\/mark><br>I Zlin Design Week d\u00e1v\u00e1 druh\u00e9 \u0161ance. Pokud jsi je\u0161t\u011b st\u00e1le v\u00e1hal\/a nad vypln\u011bn\u00edm formul\u00e1\u0159e, tohle je posledn\u00ed mo\u017enost poslat svou p\u0159ihl\u00e1\u0161ku!<\/p>\n<\/div>\n\n\n\n<div class=\"wp-block-column is-layout-flow wp-block-column-is-layout-flow\">\n<p><strong><mark style=\"background-color:rgba(0, 0, 0, 0)\" class=\"has-inline-color has-zdw-color\">B\u0159ezen 2026<\/mark> <\/strong>\u2013 Zased\u00e1n\u00ed poroty<br>Zased\u00e1n\u00ed na\u0161\u00ed odborn\u00e9 poroty k&nbsp;hodnocen\u00ed sout\u011b\u017en\u00edch n\u00e1vrh\u016f prob\u011bhne v&nbsp;prvn\u00edm \u010dtvrtlet\u00ed roku 2026.<\/p>\n\n\n\n<p><mark style=\"background-color:rgba(0, 0, 0, 0)\" class=\"has-inline-color has-zdw-color\"><strong>9.&nbsp;5.&nbsp;2026<\/strong> <\/mark>\u2013 Vyhl\u00e1\u0161en\u00ed v\u00edt\u011bz\u016f v&nbsp;r\u00e1mci galave\u010dera<br>V tento den se v\u0161ichni potk\u00e1me ve Zl\u00edn\u011b na slavnostn\u00ed vyhl\u00e1\u0161en\u00ed cen Best in Design 2026 a&nbsp;dozv\u00edme se v\u00edt\u011bze leto\u0161n\u00edho ro\u010dn\u00edku!<\/p>\n<\/div>\n<\/div>\n<\/div>\n<\/div>\n<\/div><\/div>\n\n\n\n<div id=\"soutezni-kategorie\" class=\"wp-block-group is-style-py-1\"><div class=\"wp-block-group__inner-container is-layout-flow wp-block-group-is-layout-flow\">\n<div class=\"wp-block-columns is-layout-flex wp-container-core-columns-is-layout-9d6595d7 wp-block-columns-is-layout-flex\">\n<div class=\"wp-block-column is-layout-flow wp-block-column-is-layout-flow\" style=\"flex-basis:170px\">\n<h4 class=\"wp-block-heading has-text-align-left\"><strong>Sout\u011b\u017en\u00ed kategorie<\/strong><\/h4>\n\n\n\n<p><\/p>\n<\/div>\n\n\n\n<div class=\"wp-block-column is-layout-flow wp-block-column-is-layout-flow\" style=\"flex-basis:30px\"><\/div>\n\n\n\n<div class=\"wp-block-column is-layout-flow wp-block-column-is-layout-flow\">\n<div class=\"wp-block-columns is-layout-flex wp-container-core-columns-is-layout-9d6595d7 wp-block-columns-is-layout-flex\">\n<div class=\"wp-block-column is-layout-flow wp-block-column-is-layout-flow\">\n<p><strong><mark style=\"background-color:rgba(0, 0, 0, 0)\" class=\"has-inline-color has-zdw-color\">Product &amp; Industrial Design<\/mark> <\/strong><br>Design produkt\u016f, interi\u00e9ru, n\u00e1bytku, n\u00e1stroj\u016f, za\u0159\u00edzen\u00ed a&nbsp;dal\u0161\u00ed<\/p>\n\n\n\n<p><strong><mark style=\"background-color:rgba(0, 0, 0, 0)\" class=\"has-inline-color has-zdw-color\">Fashion Design <\/mark><\/strong><br>Design od\u011bvu, textiln\u00ed tvorby, obuvi, galanterie, \u0161perk\u016f a&nbsp;dal\u0161\u00ed<\/p>\n\n\n\n<p><mark style=\"background-color:rgba(0, 0, 0, 0)\" class=\"has-inline-color has-zdw-color\"><strong>Communication Design<\/strong><\/mark><strong><mark style=\"background-color:rgba(0, 0, 0, 0)\" class=\"has-inline-color has-zdw-color\"> <\/mark><\/strong><br>Design grafiky, ilustrace, nov\u00e1 m\u00e9dia, vizu\u00e1ln\u00ed komunikace, intermedia, webov\u00e9 animace a&nbsp;dal\u0161\u00ed<\/p>\n<\/div>\n\n\n\n<div class=\"wp-block-column is-layout-flow wp-block-column-is-layout-flow\">\n<p><strong><mark style=\"background-color:rgba(0, 0, 0, 0)\" class=\"has-inline-color has-zdw-color\">Service Design<\/mark><\/strong><br>Komplexn\u00ed n\u00e1vrhy proces\u016f, technologi\u00ed a&nbsp;interakc\u00ed, kter\u00e9 \u0159\u00edd\u00ed poskytov\u00e1n\u00ed slu\u017eeb a&nbsp;dal\u0161\u00ed<\/p>\n\n\n\n<p><strong><mark style=\"background-color:rgba(0, 0, 0, 0)\" class=\"has-inline-color has-zdw-color\">Media Award <\/mark><\/strong><br>Titul bonusov\u00e9 kategorie Media Award je ud\u011blen jednomu ze semifinalist\u016f sout\u011b\u017ee. V\u00fdherce navrhuje speci\u00e1ln\u00ed porota t\u00e9to kategorie \u2013 p\u0159edstavitel\u00e9 a&nbsp;z\u00e1stupci m\u00e9di\u00ed \u00fazce spojen\u00fdmi s&nbsp;designem.<\/p>\n<\/div>\n<\/div>\n<\/div>\n<\/div>\n<\/div><\/div>\n\n\n\n<div id=\"ceny\" class=\"wp-block-group is-style-py-1\"><div class=\"wp-block-group__inner-container is-layout-flow wp-block-group-is-layout-flow\">\n<div class=\"wp-block-columns is-layout-flex wp-container-core-columns-is-layout-9d6595d7 wp-block-columns-is-layout-flex\">\n<div class=\"wp-block-column is-layout-flow wp-block-column-is-layout-flow\" style=\"flex-basis:170px\">\n<h4 class=\"wp-block-heading has-text-align-left\"><strong>Ceny<\/strong><\/h4>\n\n\n\n<p><\/p>\n<\/div>\n\n\n\n<div class=\"wp-block-column is-layout-flow wp-block-column-is-layout-flow\" style=\"flex-basis:30px\"><\/div>\n\n\n\n<div class=\"wp-block-column is-layout-flow wp-block-column-is-layout-flow\">\n<p><strong><mark style=\"background-color:rgba(0, 0, 0, 0)\" class=\"has-inline-color has-zdw-color\">Hlavn\u00ed cena <\/mark><\/strong><br>Pro toho nejlep\u0161\u00edho z&nbsp;nejlep\u0161\u00edch nap\u0159\u00ed\u010d v\u0161emi \u010dty\u0159mi kategoriemi m\u00e1me titul Best in Design 2026! Dr\u017eitel titulu si spolu s&nbsp;odm\u011bnou za v\u00edt\u011bzstv\u00ed v&nbsp;jedn\u00e9 z&nbsp;kategori\u00ed nav\u00edc odnese \u010d\u00e1stku <mark style=\"background-color:rgba(0, 0, 0, 0)\" class=\"has-inline-color has-zdw-color\">1&nbsp;000 \u20ac<\/mark>.<\/p>\n\n\n\n<p><strong><mark style=\"background-color:rgba(0, 0, 0, 0)\" class=\"has-inline-color has-zdw-color\">1.&nbsp;m\u00edsto v&nbsp;jednotliv\u00e9 sout\u011b\u017en\u00ed kategorii<\/mark><\/strong><br>Autor sout\u011b\u017en\u00edho n\u00e1vrhu, kter\u00fd obsad\u00ed 1.&nbsp;m\u00edsto v&nbsp;jednotliv\u00e9 sout\u011b\u017en\u00ed kategorii, z\u00edsk\u00e1 finan\u010dn\u00ed odm\u011bnu ve v\u00fd\u0161i <mark style=\"background-color:rgba(0, 0, 0, 0)\" class=\"has-inline-color has-zdw-color\">500 \u20ac<\/mark>.<\/p>\n\n\n\n<p><strong><mark style=\"background-color:rgba(0, 0, 0, 0)\" class=\"has-inline-color has-zdw-color\">2.&nbsp;m\u00edsto v&nbsp;jednotliv\u00e9 sout\u011b\u017en\u00ed kategorii<\/mark><\/strong><br>Autor sout\u011b\u017en\u00edho n\u00e1vrhu, kter\u00fd obsad\u00ed 2.&nbsp;m\u00edsto v&nbsp;jednotliv\u00e9 sout\u011b\u017en\u00ed kategorii, z\u00edsk\u00e1 finan\u010dn\u00ed odm\u011bnu ve v\u00fd\u0161i <mark style=\"background-color:rgba(0, 0, 0, 0)\" class=\"has-inline-color has-zdw-color\">300 \u20ac<\/mark>.<\/p>\n\n\n\n<p><strong><mark style=\"background-color:rgba(0, 0, 0, 0)\" class=\"has-inline-color has-zdw-color\">3.&nbsp;m\u00edsto v&nbsp;jednotliv\u00e9 sout\u011b\u017en\u00ed kategorii<\/mark><\/strong><br>Autor sout\u011b\u017en\u00edho n\u00e1vrhu, kter\u00fd obsad\u00ed 3.&nbsp;m\u00edsto v&nbsp;jednotliv\u00e9 sout\u011b\u017en\u00ed kategorii, z\u00edsk\u00e1 finan\u010dn\u00ed odm\u011bnu ve v\u00fd\u0161i <mark style=\"background-color:rgba(0, 0, 0, 0)\" class=\"has-inline-color has-zdw-color\">200 \u20ac<\/mark>.<\/p>\n\n\n\n<p><strong><mark style=\"background-color:rgba(0, 0, 0, 0)\" class=\"has-inline-color has-zdw-color\">Media Award<\/mark><br><\/strong>Vybran\u00fd design\u00e9r nebo design\u00e9rka z\u00edsk\u00e1 <mark style=\"background-color:rgba(0, 0, 0, 0)\" class=\"has-inline-color has-zdw-color\">medi\u00e1ln\u00ed podporu<\/mark> sv\u00e9 tvorby.<\/p>\n<\/div>\n<\/div>\n<\/div><\/div>\n\n\n\n<div style=\"height:20px\" aria-hidden=\"true\" class=\"wp-block-spacer\"><\/div>\n\n\n\n<div style=\"height:64px\" aria-hidden=\"true\" class=\"wp-block-spacer\"><\/div>\n\n\n\n<div id=\"kompletni-pravidla\" class=\"wp-block-group\"><div class=\"wp-block-group__inner-container is-layout-flow wp-block-group-is-layout-flow\">\n<div class=\"wp-block-columns is-layout-flex wp-container-core-columns-is-layout-9d6595d7 wp-block-columns-is-layout-flex\">\n<div class=\"wp-block-column is-layout-flow wp-block-column-is-layout-flow\">\n<h3 class=\"wp-block-heading\"><strong>Kompletn\u00ed pravidla sout\u011b\u017ee <br>Best in Design<\/strong><\/h3>\n\n\n\n<p><strong><mark style=\"background-color:rgba(0, 0, 0, 0)\" class=\"has-inline-color has-zdw-color\">BEST IN DESIGN 2026<\/mark><\/strong><br>17.&nbsp;ro\u010dn\u00edk mezin\u00e1rodn\u00ed ceny designu<\/p>\n\n\n\n<p>Zlin Design Week pod z\u00e1\u0161titou Univerzity Tom\u00e1\u0161e Bati ve Zl\u00edn\u011b vypisuje ve\u0159ejnou neanonymn\u00ed sout\u011b\u017e.<\/p>\n\n\n\n<p><strong><mark style=\"background-color:rgba(0, 0, 0, 0)\" class=\"has-inline-color has-zdw-color\">PROPOZICE SOUT\u011a\u017dE<\/mark><\/strong><\/p>\n\n\n\n<p>M\u011bsto Zl\u00edn p\u0159edstavovalo v&nbsp;minulosti sv\u011btovou \u0161pi\u010dku v&nbsp;oblasti pr\u016fmyslov\u00e9ho designu a&nbsp;inovativn\u00edch technologi\u00ed. Nelze p\u0159ehl\u00e9dnout, jak\u00fdmi velik\u00e1ny byli ve sv\u00e9m oboru nap\u0159\u00edklad profesor Zden\u011bk Kov\u00e1\u0159 \u010di&nbsp;profesor Vincenc Makovsk\u00fd. Realizovan\u00e9 n\u00e1vrhy zl\u00ednsk\u00fdch design\u00e9r\u016f z\u00edskaly mnoh\u00e1 presti\u017en\u00ed dom\u00e1c\u00ed i&nbsp;zahrani\u010dn\u00ed ocen\u011bn\u00ed. Jsme si v\u011bdomi tohoto zavazuj\u00edc\u00edho odkazu na\u0161\u00ed minulosti a&nbsp;tradice. Uv\u011bdomujeme si rovn\u011b\u017e, jak d\u016fle\u017eitou \u00falohu hraje v&nbsp;sou\u010dasnosti kvalitn\u00ed a&nbsp;kreativn\u00ed design. Chceme ideov\u011b nav\u00e1zat na odborn\u00edky z&nbsp;minulosti p\u0159i&nbsp;podpo\u0159e design\u00e9r\u016f budoucnosti, mlad\u00fdch talent\u016f designu. Za t\u00edmto \u00fa\u010delem vyhla\u0161uje Zlin Design Week tuto mezin\u00e1rodn\u00ed cenu mlad\u00e9ho designu BEST IN DESIGN.<\/p>\n\n\n\n<div style=\"height:30px\" aria-hidden=\"true\" class=\"wp-block-spacer\"><\/div>\n\n\n\n<p><strong><mark style=\"background-color:rgba(0, 0, 0, 0)\" class=\"has-inline-color has-zdw-color\">1. P\u0158EDM\u011aT SOUT\u011a\u017dE<\/mark><\/strong><\/p>\n\n\n\n<p>1.1. <strong>P\u0159edm\u011bt<\/strong>&nbsp;<br>P\u0159edm\u011btem sout\u011b\u017ee<mark style=\"background-color:rgba(0, 0, 0, 0)\" class=\"has-inline-color has-dark-color\"> je ocenit v\u00fdjime\u010dn\u00e9 pr\u00e1ce z&nbsp;oblasti designu. Sou<\/mark>t\u011b\u017en\u00ed n\u00e1vrhy budou hodnoceny v&nbsp;n\u00e1sleduj\u00edc\u00edch kategori\u00edch:&nbsp;<\/p>\n\n\n\n<p><mark style=\"background-color:rgba(0, 0, 0, 0)\" class=\"has-inline-color has-dark-color\">\u2192<\/mark><mark style=\"background-color:rgba(0, 0, 0, 0)\" class=\"has-inline-color has-zdw-color\"> Product &amp; Industrial Design<\/mark> \u2013 design produkt\u016f, design interi\u00e9ru a&nbsp;n\u00e1bytku, design n\u00e1stroj\u016f a&nbsp;za\u0159\u00edzen\u00ed, transportn\u00ed design apod.<br><mark style=\"background-color:rgba(0, 0, 0, 0)\" class=\"has-inline-color has-dark-color\">\u2192<\/mark><mark style=\"background-color:rgba(0, 0, 0, 0)\" class=\"has-inline-color has-zdw-color\"> Fashion Design<\/mark> \u2013 design od\u011bvu, design textiln\u00ed tvorby, design obuvi a&nbsp;galanterie, design \u0161perk\u016f apod.&nbsp;<br><mark style=\"background-color:rgba(0, 0, 0, 0)\" class=\"has-inline-color has-dark-color\">\u2192<\/mark> <mark style=\"background-color:rgba(0, 0, 0, 0)\" class=\"has-inline-color has-zdw-color\">Communication Design <\/mark>\u2013 design grafiky a&nbsp;ilustrace, nov\u00e1 m\u00e9dia, vizu\u00e1ln\u00ed komunikace a&nbsp;interm\u00e9dia, webov\u00e9 animace apod.&nbsp;<br><mark style=\"background-color:rgba(0, 0, 0, 0)\" class=\"has-inline-color has-dark-color\">\u2192<\/mark> <mark style=\"background-color:rgba(0, 0, 0, 0)\" class=\"has-inline-color has-zdw-color\">Service Design<\/mark> \u2013 komplexn\u00ed n\u00e1vrhy proces\u016f, technologi\u00ed a&nbsp;interakc\u00ed, kter\u00e9 \u0159\u00edd\u00ed poskytov\u00e1n\u00ed slu\u017eeb apod.<\/p>\n\n\n\n<p>Bonusovou kategori\u00ed, ve kter\u00e9 budou sout\u011b\u017en\u00ed n\u00e1vrhy hodnoceny, je <mark style=\"background-color:rgba(0, 0, 0, 0)\" class=\"has-inline-color has-zdw-color\">Media Award<\/mark> (medi\u00e1ln\u00ed kategorie). Titul t\u00e9to kategorie je ud\u011blen jednomu ze semifinalist\u016f sout\u011b\u017ee. V\u00fdherce navrhuje speci\u00e1ln\u00ed porota t\u00e9to kategorie \u2013 p\u0159edstavitel\u00e9 a&nbsp;z\u00e1stupci m\u00e9di\u00ed \u00fazce spojen\u00fdmi s&nbsp;designem.<\/p>\n\n\n\n<p><mark style=\"background-color:rgba(0, 0, 0, 0)\" class=\"has-inline-color has-zdw-color\">Zde je bli\u017e\u0161\u00ed specifikace zam\u011b\u0159en\u00ed kategorie Service Design: <br><\/mark><em>N\u00e1vrh interaktivn\u00edch digit\u00e1ln\u00edch i&nbsp;nedigit\u00e1ln\u00edch komunika\u010dn\u00edch a&nbsp;rozhodovac\u00edch proces\u016f, kter\u00e9 umo\u017e\u0148uj\u00ed koncov\u00fdm u\u017eivatel\u016fm dos\u00e1hnout zam\u00fd\u0161len\u00fdch c\u00edl\u016f v&nbsp;souladu s&nbsp;jejich pot\u0159ebami a&nbsp;mo\u017enostmi. Tato kategorie zahrnuje n\u00e1vrhy, kter\u00e9 prezentuj\u00ed hloubkov\u00e9 a&nbsp;detailn\u00ed pochopen\u00ed u\u017eivatelsk\u00fdch pot\u0159eb a&nbsp;u\u017eivatelsk\u00fdch zku\u0161enost\u00ed spojen\u00fdch s&nbsp;designov\u00fdmi \u0159e\u0161en\u00edmi a&nbsp;tak\u00e9 jejich za\u010dlen\u011bn\u00ed do ka\u017edodenn\u00edho \u017eivota.<\/em><\/p>\n\n\n\n<p>1.2. <strong>\u00da\u010dastn\u00edci sout\u011b\u017ee&nbsp;<\/strong><br><mark style=\"background-color:rgba(0, 0, 0, 0)\" class=\"has-inline-color has-zdw-color\">Sout\u011b\u017ee se mohou z\u00fa\u010dastnit fyzick\u00e9 osoby, kter\u00e9 do 1.&nbsp;2.&nbsp;2026 dos\u00e1hly v\u011bku 30 let a&nbsp;mlad\u0161\u00ed. <\/mark>Sout\u011b\u017ee se mohou \u00fa\u010dastnit jednotlivci i&nbsp;autorsk\u00e9 kolektivy. Pokud se do sout\u011b\u017ee p\u0159ihl\u00e1s\u00ed autorsk\u00fd kolektiv, ve kter\u00e9m m\u00e1 pouze jeden z&nbsp;autor\u016f 30 let a&nbsp;m\u00e9n\u011b, cel\u00fd n\u00e1vrh mus\u00ed b\u00fdt p\u0159ihl\u00e1\u0161en pod jeho jm\u00e9nem. Cel\u00fd tento t\u00fdm by m\u011bl autor, pod jeho\u017e jm\u00e9no spad\u00e1 sout\u011b\u017en\u00ed n\u00e1vrh, v&nbsp;p\u0159ihla\u0161ovac\u00edm formul\u00e1\u0159i zm\u00ednit v&nbsp;pozn\u00e1mk\u00e1ch.<\/p>\n\n\n\n<p><mark style=\"background-color:rgba(0, 0, 0, 0)\" class=\"has-inline-color has-zdw-color\">P\u0159ihl\u00e1\u0161en\u00ed do sout\u011b\u017ee nepodl\u00e9h\u00e1 \u017e\u00e1dn\u00e9mu poplatku.&nbsp;<\/mark><\/p>\n\n\n\n<p>1.3. <strong>Vyhl\u00e1\u0161en\u00ed sout\u011b\u017ee&nbsp;<\/strong><br>Sout\u011b\u017e bude ve\u0159ejn\u011b vyhl\u00e1\u0161ena tiskovou zpr\u00e1vou, zve\u0159ejn\u011bn\u00edm na <a href=\"https:\/\/zlindesignweek.com\/2026\/best-in-design\/\" target=\"_blank\" rel=\"noreferrer noopener\">webov\u00fdch str\u00e1nk\u00e1ch<\/a>, <a href=\"https:\/\/www.instagram.com\/zlindesignweek\/\" target=\"_blank\" rel=\"noreferrer noopener\">soci\u00e1ln\u00edch s\u00edt\u00edch<\/a><mark style=\"background-color:rgba(0, 0, 0, 0)\" class=\"has-inline-color has-zdw-color\"> <\/mark>a dal\u0161\u00edm vhodn\u00fdm zp\u016fsobem.&nbsp;<\/p>\n\n\n\n<div class=\"wp-block-group\"><div class=\"wp-block-group__inner-container is-layout-constrained wp-block-group-is-layout-constrained\">\n<p>1.4. <strong>Ozn\u00e1men\u00ed a&nbsp;vyhl\u00e1\u0161en\u00ed v\u00fdsledk\u016f sout\u011b\u017ee&nbsp;<\/strong><br><mark style=\"background-color:rgba(0, 0, 0, 0)\" class=\"has-inline-color has-dark-color\">V\u00fdsledek sout\u011b\u017ee ozn\u00e1m\u00ed vyhla\u0161ovatel ve\u0159ejn\u011b na slavnostn\u00edm vyhl\u00e1\u0161en\u00ed Best in Design 2026, na <a href=\"https:\/\/zlindesignweek.com\/2026\/best-in-design\/\" data-type=\"link\" data-id=\"https:\/\/zlindesignweek.com\/2026\/best-in-design\/\" target=\"_blank\" rel=\"noreferrer noopener\">webov\u00fdch str\u00e1nk\u00e1ch<\/a> a&nbsp;rovn\u011b\u017e na<\/mark><mark style=\"background-color:rgba(0, 0, 0, 0)\" class=\"has-inline-color has-zdw-color\"> <a href=\"https:\/\/www.instagram.com\/zlindesignweek\/\" target=\"_blank\" rel=\"noreferrer noopener\">soci\u00e1ln\u00edch s\u00edt\u00edch<\/a>.&nbsp;<\/mark><\/p>\n<\/div><\/div>\n\n\n\n<p>1.5.<strong> Sout\u011b\u017en\u00ed n\u00e1vrhy&nbsp;<\/strong><br><mark style=\"background-color:rgba(0, 0, 0, 0)\" class=\"has-inline-color has-zdw-color\">Do sout\u011b\u017ee mohou b\u00fdt p\u0159ihl\u00e1\u0161eny pouze sout\u011b\u017en\u00ed n\u00e1vrhy vznikl\u00e9 po&nbsp;1.&nbsp;1.&nbsp;2024<\/mark>, kter\u00e9 se nez\u00fa\u010dastnily p\u0159ede\u0161l\u00fdch ro\u010dn\u00edk\u016f sout\u011b\u017ee.<\/p>\n\n\n\n<p><br><mark style=\"background-color:rgba(0, 0, 0, 0)\" class=\"has-inline-color has-zdw-color\">Finalist\u00e9 sout\u011b\u017en\u00edch kategori\u00ed (Product &amp; Industrial Design, Fashion Design, Communication Design a&nbsp;Service Design) a&nbsp;v\u00fdherce bonusov\u00e9 kategorie Media Award (medi\u00e1ln\u00ed kategorie) vystavuj\u00ed sv\u00e9 produkty v&nbsp;r\u00e1mci festivalu Zlin Design Week, a&nbsp;to na z\u00e1klad\u011b domluvy s&nbsp;organiz\u00e1torem.<\/mark><\/p>\n\n\n\n<div style=\"height:30px\" aria-hidden=\"true\" class=\"wp-block-spacer\"><\/div>\n\n\n\n<p><strong><mark style=\"background-color:rgba(0, 0, 0, 0)\" class=\"has-inline-color has-zdw-color\">2. TERM\u00cdNY SOUT\u011a\u017dE<\/mark><\/strong><\/p>\n\n\n\n<p>2.1. <strong>Datum vyhl\u00e1\u0161en\u00ed sout\u011b\u017ee&nbsp;<\/strong><br>Datum vyhl\u00e1\u0161en\u00ed sout\u011b\u017ee je <mark style=\"background-color:rgba(0, 0, 0, 0)\" class=\"has-inline-color has-zdw-color\">1.&nbsp;12.&nbsp;2025<\/mark>.<\/p>\n\n\n\n<p>2.2. <strong>Datum odevzd\u00e1n\u00ed sout\u011b\u017en\u00edch n\u00e1vrh\u016f \u2013 uz\u00e1v\u011brka sout\u011b\u017ee&nbsp;<\/strong><br><mark style=\"background-color:rgba(0, 0, 0, 0)\" class=\"has-inline-color has-dark-color\">Z\u00e1v\u011bre\u010dn\u00e9 datum<\/mark> odevzd\u00e1n\u00ed sout\u011b\u017en\u00edch n\u00e1vrh\u016f se stanovuje na <mark style=\"background-color:rgba(0, 0, 0, 0)\" class=\"has-inline-color has-zdw-color\">23:59 hodin dne 4.&nbsp;2.&nbsp;2026.&nbsp;<\/mark><\/p>\n\n\n\n<p>2.3. <strong>Term\u00edn kon\u00e1n\u00ed hodnot\u00edc\u00edho zased\u00e1n\u00ed sout\u011b\u017en\u00ed poroty&nbsp;<\/strong><br>Datum zased\u00e1n\u00ed sout\u011b\u017en\u00ed poroty k&nbsp;hodnocen\u00ed sout\u011b\u017en\u00edch n\u00e1vrh\u016f je stanoven na <mark style=\"background-color:rgba(0, 0, 0, 0)\" class=\"has-inline-color has-zdw-color\">prvn\u00ed \u010dtvrtlet\u00ed roku 2026.<\/mark>&nbsp;<\/p>\n\n\n\n<p>2.4. <strong>Term\u00edn vyhl\u00e1\u0161en\u00ed v\u00fdsledk\u016f sout\u011b\u017ee&nbsp;<\/strong><br>V\u00fdsledky sout\u011b\u017ee budou vyhl\u00e1\u0161eny na slavnostn\u00edm galave\u010deru Best in Design v&nbsp;r\u00e1mci festivalu Zlin Design Week. <mark style=\"background-color:rgba(0, 0, 0, 0)\" class=\"has-inline-color has-zdw-color\">Vyhl\u00e1\u0161en\u00ed prob\u011bhne v&nbsp;kv\u011btnu 2026<\/mark>, podm\u00ednky se v\u0161ak mohou zm\u011bnit dle aktu\u00e1ln\u00ed situace. V&nbsp;p\u0159\u00edpad\u011b zm\u011bny budou sout\u011b\u017e\u00edc\u00ed v\u010das informov\u00e1ni.&nbsp;&nbsp;<\/p>\n\n\n\n<p>2.5. <strong>Lh\u016fta proplacen\u00ed cen v&nbsp;sout\u011b\u017ei&nbsp;<\/strong><br><mark style=\"background-color:rgba(0, 0, 0, 0)\" class=\"has-inline-color has-dark-color\">Lh\u016fta k&nbsp;\u00fahrad\u00e1m<\/mark> finan\u010dn\u00edch odm\u011bn cen se stanovuje na dobu <mark style=\"background-color:rgba(0, 0, 0, 0)\" class=\"has-inline-color has-zdw-color\">dvou m\u011bs\u00edc\u016f<\/mark> <mark style=\"background-color:rgba(0, 0, 0, 0)\" class=\"has-inline-color has-zdw-color\">od ve\u0159ejn\u00e9ho vyhl\u00e1\u0161en\u00ed v\u00fdsledk\u016f sout\u011b\u017ee<\/mark>.<\/p>\n\n\n\n<div style=\"height:30px\" aria-hidden=\"true\" class=\"wp-block-spacer\"><\/div>\n\n\n\n<p><strong><mark style=\"background-color:rgba(0, 0, 0, 0)\" class=\"has-inline-color has-zdw-color\">3. ODEVZD\u00c1V\u00c1N\u00cd SOUT\u011a\u017dN\u00cdCH N\u00c1VRH\u016e<\/mark>&nbsp;<\/strong><\/p>\n\n\n\n<p>3.1. <strong>P\u0159\u00edpustn\u00e9 zp\u016fsoby p\u0159ed\u00e1n\u00ed sout\u011b\u017en\u00edch n\u00e1vrh\u016f&nbsp;<\/strong><br>Sout\u011b\u017en\u00ed n\u00e1vrhy lze odeslat <mark style=\"background-color:rgba(0, 0, 0, 0)\" class=\"has-inline-color has-zdw-color\">pouze elektronicky<\/mark> prost\u0159ednictv\u00edm formul\u00e1\u0159e na <a href=\"https:\/\/zlindesignweek.com\/2026\/best-in-design\/\" data-type=\"link\" data-id=\"https:\/\/zlindesignweek.com\/2026\/best-in-design\/\" target=\"_blank\" rel=\"noreferrer noopener\">webov\u00fdch str\u00e1nk\u00e1ch<\/a>.&nbsp;<\/p>\n\n\n\n<p>3.2. <strong>Elektronick\u00e9 odevzd\u00e1n\u00ed sout\u011b\u017en\u00edho n\u00e1vrhu jinou osobou, ne\u017e-li autorem&nbsp;<\/strong><br>Jestli\u017ee je sout\u011b\u017en\u00ed n\u00e1vrh p\u0159ihla\u0161ov\u00e1n jinou osobou, ne\u017e-li samotn\u00fdm autorem (nap\u0159.&nbsp;pedagogem aj.), v&nbsp;p\u0159ihl\u00e1\u0161ce je uveden\u00fd kontakt na autora, n\u00e1sledn\u011b pedagoga.&nbsp;<\/p>\n\n\n\n<div style=\"height:30px\" aria-hidden=\"true\" class=\"wp-block-spacer\"><\/div>\n\n\n\n<p><strong><mark style=\"background-color:rgba(0, 0, 0, 0)\" class=\"has-inline-color has-zdw-color\">4. PO\u017dADOVAN\u00c9 Z\u00c1VAZN\u00c9 \u010c\u00c1STI SOUT\u011a\u017dN\u00cdHO N\u00c1VRHU, JEJICH OBSAH, Z\u00c1VAZN\u00c1 GRAFICK\u00c1 \u00daPRAVA&nbsp;<\/mark><\/strong><\/p>\n\n\n\n<p>4.1. <strong>Obecn\u00e9 n\u00e1le\u017eitosti sout\u011b\u017en\u00edho n\u00e1vrhu&nbsp;<\/strong><br>Ka\u017ed\u00fd sout\u011b\u017en\u00ed n\u00e1vrh se skl\u00e1d\u00e1 ze dvou \u010d\u00e1st\u00ed: <mark style=\"background-color:rgba(0, 0, 0, 0)\" class=\"has-inline-color has-zdw-color\">p\u0159ihl\u00e1\u0161ky a&nbsp;p\u0159\u00edloh<\/mark>. Sout\u011b\u017en\u00ed n\u00e1vrhy, kter\u00e9 nespl\u0148uj\u00ed v\u0161echny uveden\u00e9 \u010d\u00e1sti dle popisu viz n\u00ed\u017ee, nebudou do sout\u011b\u017ee za\u0159azeny.&nbsp;&nbsp;<\/p>\n\n\n\n<p>4.2. <strong>P\u0159ihl\u00e1\u0161ka<\/strong>&nbsp;<br>Ka\u017ed\u00fd ze sout\u011b\u017e\u00edc\u00edch mus\u00ed vyplnit elektronickou p\u0159ihl\u00e1\u0161ku do sout\u011b\u017ee, kter\u00e1 je zve\u0159ejn\u011bna na <a href=\"https:\/\/zlindesignweek.com\/2026\/best-in-design\/\" data-type=\"link\" data-id=\"https:\/\/zlindesignweek.com\/2026\/best-in-design\/\" target=\"_blank\" rel=\"noreferrer noopener\">webov\u00fdch str\u00e1nk\u00e1ch<\/a>.&nbsp;<\/p>\n\n\n\n<p>4.3. <strong>P\u0159\u00edlohy<\/strong>&nbsp;<br><mark style=\"background-color:rgba(0, 0, 0, 0)\" class=\"has-inline-color has-dark-color\">Ka\u017ed\u00fd sout\u011b\u017en\u00ed n\u00e1vrh obsahuje \u010dty\u0159i spr\u00e1vn\u011b pojmenovan\u00e9 p\u0159\u00edlohy:&nbsp;<\/mark><\/p>\n\n\n\n<p><mark style=\"background-color:rgba(0, 0, 0, 0)\" class=\"has-inline-color has-zdw-color\">\u2192 <strong>Prezenta\u010dn\u00ed poster<\/strong><\/mark> ve form\u00e1tu .pdf (CMYK, kvalita 300 dpi)<\/p>\n\n\n\n<ul class=\"wp-block-list\">\n<li>Form\u00e1t spr\u00e1vn\u00e9ho pojmenov\u00e1n\u00ed posteru vypad\u00e1 takto: <mark style=\"background-color:rgba(0, 0, 0, 0)\" class=\"has-inline-color has-zdw-color\">Jm\u00e9no a&nbsp;p\u0159\u00edjmen\u00ed_n\u00e1zev pr\u00e1ce_poster.pdf<\/mark><\/li>\n\n\n\n<li><em><mark style=\"background-color:rgba(0, 0, 0, 0)\" class=\"has-inline-color has-dark-color\">Vzor pro Jana Nov\u00e1ka s&nbsp;prac\u00ed s&nbsp;n\u00e1zvem \u201eMy Design\u201c tedy n\u00e1zorn\u011b vypad\u00e1 takto: Jan Nov\u00e1k_My Design_poster.pdf<\/mark><\/em><\/li>\n<\/ul>\n\n\n\n<p><mark style=\"background-color:rgba(0, 0, 0, 0)\" class=\"has-inline-color has-zdw-color\">\u2192 <strong>Anotaci v&nbsp;mate\u0159sk\u00e9m jazyce<\/strong><\/mark> (CZ \u010di&nbsp;SK), kter\u00e1 bude obsahovat stru\u010dn\u00fd textov\u00fd popis koncepce, stru\u010dn\u00fd koment\u00e1\u0159, z\u00e1m\u011br autora, objasn\u011bn\u00ed z\u00e1kladn\u00edch v\u00fdchodisek p\u0159i&nbsp;tvorb\u011b sout\u011b\u017en\u00edho n\u00e1vrhu \u010di&nbsp;zp\u016fsob jeho vyu\u017eit\u00ed v&nbsp;praxi. Textov\u00e1 \u010d\u00e1st bude p\u0159edlo\u017eena ve form\u00e1tu .pdf, .doc nebo .txt.<\/p>\n\n\n\n<ul class=\"wp-block-list\">\n<li>Form\u00e1t spr\u00e1vn\u00e9ho pojmenov\u00e1n\u00ed anotace vypad\u00e1 takto: <mark style=\"background-color:rgba(0, 0, 0, 0)\" class=\"has-inline-color has-zdw-color\">Jm\u00e9no a&nbsp;p\u0159\u00edjmen\u00ed_n\u00e1zev pr\u00e1ce_annotation_CZ\/SK.doc\/.txt\/.pdf.<\/mark><\/li>\n\n\n\n<li><em>Vzor pro Jana Nov\u00e1ka s&nbsp;prac\u00ed s&nbsp;n\u00e1zvem \u201eMy Design\u201c tedy n\u00e1zorn\u011b vypad\u00e1 takto: Jan Nov\u00e1k_My Design_annotation_CZ\/SK.pdf\/.doc\/.txt<\/em><\/li>\n<\/ul>\n\n\n\n<p><mark style=\"background-color:rgba(0, 0, 0, 0)\" class=\"has-inline-color has-zdw-color\">\u2192 <strong>Anotaci v&nbsp;anglick\u00e9m jazyce<\/strong><\/mark>, kter\u00e1 bude obsahov\u011b shodn\u00e1 s&nbsp;textovou \u010d\u00e1st\u00ed v&nbsp;mate\u0159sk\u00e9m jazyce. Textov\u00e1 \u010d\u00e1st bude p\u0159edlo\u017eena ve form\u00e1tu .pdf, .doc nebo .txt.<\/p>\n\n\n\n<ul class=\"wp-block-list\">\n<li>Form\u00e1t spr\u00e1vn\u00e9ho pojmenov\u00e1n\u00ed anglick\u00e9 anotace vypad\u00e1 takto:<mark style=\"background-color:rgba(0, 0, 0, 0)\" class=\"has-inline-color has-zdw-color\"> Jm\u00e9no a&nbsp;p\u0159\u00edjmen\u00ed_n\u00e1zev pr\u00e1ce_annotation_ENG.pdf\/.doc\/.txt.<\/mark><\/li>\n\n\n\n<li><em>Vzor pro Jana Nov\u00e1ka s&nbsp;prac\u00ed s&nbsp;n\u00e1zvem \u201eMy Design\u201c tedy n\u00e1zorn\u011b vypad\u00e1 takto: Jan Nov\u00e1k_My Design_annotation_ENG.pdf\/.doc\/.txt<\/em><\/li>\n<\/ul>\n\n\n\n<p><mark style=\"background-color:rgba(0, 0, 0, 0)\" class=\"has-inline-color has-zdw-color\">\u2192 <\/mark><strong><mark style=\"background-color:rgba(0, 0, 0, 0)\" class=\"has-inline-color has-zdw-color\">Reprezentativn\u00ed fotografie sout\u011b\u017en\u00edho n\u00e1vrhu<\/mark><\/strong> ve form\u00e1tu .jpg (kvalita 300 dpi, rozm\u011br minim\u00e1ln\u011b 1920 x 1080 px). <\/p>\n\n\n\n<ul class=\"wp-block-list\">\n<li>T\u011bchto fotografi\u00ed m\u016f\u017ee b\u00fdt zasl\u00e1no maxim\u00e1ln\u011b p\u011bt<\/li>\n\n\n\n<li>Form\u00e1t spr\u00e1vn\u00e9ho pojmenov\u00e1n\u00ed fotografie vypad\u00e1 takto: <mark style=\"background-color:rgba(0, 0, 0, 0)\" class=\"has-inline-color has-zdw-color\">Jm\u00e9no a&nbsp;p\u0159\u00edjmen\u00ed_n\u00e1zev pr\u00e1ce_photo1(2;3;4;5).jpg<\/mark><\/li>\n\n\n\n<li><em><mark style=\"background-color:rgba(0, 0, 0, 0)\" class=\"has-inline-color has-dark-color\">Vzor pro Jana Nov\u00e1ka s&nbsp;prac\u00ed s&nbsp;n\u00e1zvem \u201eMy Design\u201c tedy n\u00e1zorn\u011b vypad\u00e1 takto: Jan Nov\u00e1k_My Design_photo1(2;3;4;5).jpg<\/mark><\/em><\/li>\n<\/ul>\n\n\n\n<p>*Povinnost dan\u00fdch p\u0159\u00edloh m\u016f\u017ee b\u00fdt konzultov\u00e1na s&nbsp;organiz\u00e1tory sout\u011b\u017ee na z\u00e1klad\u011b p\u0159edlo\u017een\u00ed p\u00e1dn\u00fdch argument\u016f.<\/p>\n\n\n\n<p><mark style=\"background-color:rgba(0, 0, 0, 0)\" class=\"has-inline-color has-zdw-color\">V p\u0159ihla\u0161ovac\u00edm formul\u00e1\u0159i je tak\u00e9 mo\u017enost vlo\u017een\u00ed odkazu na disk.<\/mark> Pokud si tedy autor p\u0159eje ke sv\u00e9mu projektu prezentovat animaci \u010di&nbsp;kr\u00e1tk\u00e9 video, je tomu tak mo\u017en\u00e9. Tento odkaz nebude slou\u017eit jako obhajoba, n\u00fdbr\u017e pouze jako podp\u016frn\u00fd soubor prezentace dan\u00e9ho projektu.<\/p>\n\n\n\n<div style=\"height:30px\" aria-hidden=\"true\" class=\"wp-block-spacer\"><\/div>\n\n\n\n<p><strong><mark style=\"background-color:rgba(0, 0, 0, 0)\" class=\"has-inline-color has-zdw-color\">5. SPOLE\u010cN\u00c1 USTANOVEN\u00cd O&nbsp;Z\u00c1VAZN\u00ddCH N\u00c1LE\u017dITOSTECH \u00daPRAVY SOUT\u011a\u017dN\u00cdHO N\u00c1VRHU<\/mark>&nbsp;<\/strong><\/p>\n\n\n\n<p>5.1. <strong>Z\u00e1vazn\u00e9 \u010d\u00e1sti n\u00e1vrhu&nbsp;<\/strong><br>Sout\u011b\u017e\u00edc\u00ed berou na v\u011bdom\u00ed, \u017ee v\u0161echny sout\u011b\u017en\u00ed n\u00e1vrhy, kter\u00e9 nespln\u00ed p\u0159edepsan\u00e9 form\u00e1ln\u00ed podm\u00ednky obsa\u017een\u00e9 v&nbsp;pravidlech sout\u011b\u017ee, je sekret\u00e1\u0159 sout\u011b\u017ee povinen vylou\u010dit z&nbsp;\u0159\u00e1dn\u00e9ho posuzov\u00e1n\u00ed. Sekret\u00e1\u0159 sout\u011b\u017ee vylou\u010d\u00ed z&nbsp;posuzov\u00e1n\u00ed tak\u00e9 ty \u010d\u00e1sti sout\u011b\u017en\u00edho n\u00e1vrhu, kter\u00e9 nebyly sout\u011b\u017en\u00edmi podm\u00ednkami po\u017eadov\u00e1ny.<\/p>\n\n\n\n<div style=\"height:30px\" aria-hidden=\"true\" class=\"wp-block-spacer\"><\/div>\n\n\n\n<p><strong><mark style=\"background-color:rgba(0, 0, 0, 0)\" class=\"has-inline-color has-zdw-color\">6. KRIT\u00c9RIA HODNOCEN\u00cd&nbsp;<\/mark><\/strong><\/p>\n\n\n\n<p>6.1. <strong>Z\u00e1vazn\u00e1 krit\u00e9ria hodnocen\u00ed&nbsp;<\/strong><br>Z\u00e1vazn\u00e1 krit\u00e9ria, podle kter\u00fdch budou sout\u011b\u017en\u00ed n\u00e1vrhy porotou vyhodnocov\u00e1ny, jsou stanoveny n\u00e1sledovn\u011b:&nbsp;<\/p>\n\n\n\n<ul class=\"wp-block-list\">\n<li>kreativita autora a&nbsp;neot\u0159elost sout\u011b\u017en\u00edho n\u00e1vrhu,<\/li>\n\n\n\n<li>inovativn\u00ed a&nbsp;origin\u00e1ln\u00ed p\u0159\u00edstup zvolen\u00e9ho \u0159e\u0161en\u00ed,<\/li>\n\n\n\n<li>realizace s&nbsp;ohledem na volbu pou\u017eit\u00fdch materi\u00e1l\u016f, funk\u010dnost a&nbsp;ergonomii,<\/li>\n\n\n\n<li>komplexn\u00ed kvalita sout\u011b\u017en\u00edho n\u00e1vrhu v\u010detn\u011b proveden\u00ed,<\/li>\n\n\n\n<li>ekologick\u00e1 str\u00e1nka navrhovan\u00e9ho \u0159e\u0161en\u00ed, podpora trvale udr\u017eiteln\u00e9ho rozvoje.&nbsp;<\/li>\n<\/ul>\n\n\n\n<p><mark style=\"background-color:rgba(0, 0, 0, 0)\" class=\"has-inline-color has-zdw-color\">Porota si vyhrazuje pr\u00e1vo odm\u00edtnout pr\u00e1ce, kter\u00e9 by svou nedosta\u010duj\u00edc\u00ed kvalitou neodpov\u00eddaj\u00ed po\u017eadovan\u00e9 \u00farovni sout\u011b\u017ee.<\/mark><\/p>\n\n\n\n<div style=\"height:30px\" aria-hidden=\"true\" class=\"wp-block-spacer\"><\/div>\n\n\n\n<p><strong><mark style=\"background-color:rgba(0, 0, 0, 0)\" class=\"has-inline-color has-zdw-color\">7. POROTA&nbsp;<\/mark><\/strong><\/p>\n\n\n\n<p>7.1. <strong>\u010clenov\u00e9 poroty&nbsp;<\/strong><br>Slo\u017een\u00ed odborn\u00e9 poroty bude zve\u0159ejn\u011bno na <a href=\"https:\/\/zlindesignweek.com\/2026\/best-in-design\/\" target=\"_blank\" rel=\"noreferrer noopener\">webov\u00fdch str\u00e1nk\u00e1ch<\/a> a&nbsp;<a href=\"https:\/\/www.instagram.com\/zlindesignweek\/\" target=\"_blank\" rel=\"noreferrer noopener\">soci\u00e1ln\u00edch s\u00edt\u00edch<\/a> do konce ledna 2026.<\/p>\n\n\n\n<p>7.2. <strong>Rozhodov\u00e1n\u00ed poroty a&nbsp;z\u00e1pis&nbsp;<\/strong><br>Porota rozhoduje v\u011bt\u0161inou hlas\u016f p\u0159\u00edtomn\u00fdch porotc\u016f. Porotci maj\u00ed pr\u00e1vo si za \u00fa\u010delem rozhodnut\u00ed p\u0159izvat odborn\u00e9 konzultanty z&nbsp;dan\u00e9ho oboru s&nbsp;hlasem poradn\u00edm bez hlasovac\u00edho pr\u00e1va. P\u0159ed vlastn\u00edm hodnocen\u00edm si porota zvol\u00ed p\u0159edsedu a&nbsp;d\u00e1le jmenuje sekret\u00e1\u0159e a&nbsp;tajemn\u00edka sout\u011b\u017ee. Ze zased\u00e1n\u00ed poroty bude po\u0159izovat osoba pov\u011b\u0159en\u00e1 p\u0159edsedou poroty z\u00e1pis, jeho\u017e spr\u00e1vnost ov\u011b\u0159\u00ed sv\u00fdm podpisem p\u0159edseda nebo p\u0159edsedaj\u00edc\u00ed a&nbsp;potvrzuje osoba zapisuj\u00edc\u00ed. Do z\u00e1pisu o&nbsp;pr\u016fb\u011bhu sout\u011b\u017ee budou zaznamen\u00e1ny i&nbsp;odli\u0161n\u00e9 n\u00e1zory \u010dlen\u016f sout\u011b\u017en\u00ed poroty, jestli\u017ee o&nbsp;to tito \u010dlenov\u00e9 v\u00fdslovn\u011b po\u017e\u00e1daj\u00ed.<\/p>\n\n\n\n<div style=\"height:30px\" aria-hidden=\"true\" class=\"wp-block-spacer\"><\/div>\n\n\n\n<p><strong><mark style=\"background-color:rgba(0, 0, 0, 0)\" class=\"has-inline-color has-zdw-color\">8. OCEN\u011aN\u00cd V&nbsp;SOUT\u011a\u017dI&nbsp;<\/mark><\/strong><\/p>\n\n\n\n<p>8.1. <strong>Finan\u010dn\u00ed odm\u011bna v\u00edt\u011bzn\u00fdch n\u00e1vrh\u016f<\/strong><br><mark style=\"background-color:rgba(0, 0, 0, 0)\" class=\"has-inline-color has-zdw-color\">\u2192<\/mark> Autor sout\u011b\u017en\u00edho n\u00e1vrhu, kter\u00fd obsad\u00ed <mark style=\"background-color:rgba(0, 0, 0, 0)\" class=\"has-inline-color has-zdw-color\">1.&nbsp;m\u00edsto <\/mark><mark style=\"background-color:rgba(0, 0, 0, 0)\" class=\"has-inline-color has-dark-color\">v jednotliv\u00e9 sout\u011b\u017en\u00ed kategorii<\/mark>, z\u00edsk\u00e1 finan\u010dn\u00ed odm\u011bnu ve v\u00fd\u0161i <mark style=\"background-color:rgba(0, 0, 0, 0)\" class=\"has-inline-color has-zdw-color\">500 EUR<\/mark> (p\u011bt set eur).<br><mark style=\"background-color:rgba(0, 0, 0, 0)\" class=\"has-inline-color has-zdw-color\">\u2192<\/mark> Autor sout\u011b\u017en\u00edho n\u00e1vrhu, kter\u00fd obsad\u00ed <mark style=\"background-color:rgba(0, 0, 0, 0)\" class=\"has-inline-color has-zdw-color\">2.&nbsp;m\u00edsto <\/mark><mark style=\"background-color:rgba(0, 0, 0, 0)\" class=\"has-inline-color has-dark-color\">v jednotliv\u00e9 sout\u011b\u017en\u00ed kategorii, z\u00eds<\/mark>k\u00e1 finan\u010dn\u00ed odm\u011bnu ve v\u00fd\u0161i <mark style=\"background-color:rgba(0, 0, 0, 0)\" class=\"has-inline-color has-zdw-color\">300 EUR<\/mark> (t\u0159i sta eur).&nbsp;&nbsp;<br><mark style=\"background-color:rgba(0, 0, 0, 0)\" class=\"has-inline-color has-zdw-color\">\u2192<\/mark> Autor sout\u011b\u017en\u00edho n\u00e1vrhu, kter\u00fd obsad\u00ed <mark style=\"background-color:rgba(0, 0, 0, 0)\" class=\"has-inline-color has-zdw-color\">3.&nbsp;m\u00edsto <\/mark><mark style=\"background-color:rgba(0, 0, 0, 0)\" class=\"has-inline-color has-dark-color\">v jednotliv\u00e9 sout\u011b\u017en\u00ed kategorii, z\u00eds<\/mark>k\u00e1 finan\u010dn\u00ed odm\u011bnu ve v\u00fd\u0161i <mark style=\"background-color:rgba(0, 0, 0, 0)\" class=\"has-inline-color has-zdw-color\">200 EUR<\/mark> (dv\u011b st\u011b eur).<\/p>\n\n\n\n<p>8.2. <strong>Cena Best in Design&nbsp;<\/strong><br><mark style=\"background-color:rgba(0, 0, 0, 0)\" class=\"has-inline-color has-dark-color\">Porota ud\u011bl\u00ed autorovi\/kolektivu autor\u016f nejl\u00e9pe vyhodnocen\u00e9ho sout\u011b\u017en\u00edho n\u00e1vrhu titul \u201e<\/mark><mark style=\"background-color:rgba(0, 0, 0, 0)\" class=\"has-inline-color has-zdw-color\">Best in Design 2026<\/mark><mark style=\"background-color:rgba(0, 0, 0, 0)\" class=\"has-inline-color has-dark-color\">\u201c. S&nbsp;t\u00edmto ohodnocen\u00edm je spojena finan\u010dn\u00ed odm\u011bna celkem ve v\u00fd\u0161i <\/mark><mark style=\"background-color:rgba(0, 0, 0, 0)\" class=\"has-inline-color has-zdw-color\">1&nbsp;000 EUR<\/mark><mark style=\"background-color:rgba(0, 0, 0, 0)\" class=\"has-inline-color has-dark-color\"> (tis\u00edc eur).&nbsp;<\/mark><mark style=\"background-color:rgba(0, 0, 0, 0)\" class=\"has-inline-color has-zdw-color\">&nbsp;&nbsp;<\/mark><\/p>\n\n\n\n<p>8.3. <strong>Zvl\u00e1\u0161tn\u00ed ceny a&nbsp;\u010destn\u00e1 uzn\u00e1n\u00ed v&nbsp;sout\u011b\u017ei&nbsp;<\/strong><br>Porota si vyhrazuje pr\u00e1vo ud\u011blit zvl\u00e1\u0161tn\u00ed cenu v&nbsp;sout\u011b\u017ei Best in Design. Porota m\u016f\u017ee rovn\u011b\u017e ud\u011blit vybran\u00fdm sout\u011b\u017en\u00edm n\u00e1vrh\u016fm \u010destn\u00e9 uzn\u00e1n\u00ed.<\/p>\n\n\n\n<div style=\"height:30px\" aria-hidden=\"true\" class=\"wp-block-spacer\"><\/div>\n\n\n\n<p><strong><mark style=\"background-color:rgba(0, 0, 0, 0)\" class=\"has-inline-color has-zdw-color\">9. KLAUZULE O&nbsp;AKCEPTOV\u00c1N\u00cd SOUT\u011a\u017dN\u00cdCH PODM\u00cdNEK<\/mark><\/strong><\/p>\n\n\n\n<p>9.1. <strong>Souhlas sout\u011b\u017e\u00edc\u00edch s&nbsp;podm\u00ednkami sout\u011b\u017ee&nbsp;<\/strong><br>Odevzd\u00e1n\u00edm p\u0159ihl\u00e1\u0161ky a&nbsp;sout\u011b\u017en\u00edch n\u00e1vrh\u016f vyslovuj\u00ed sout\u011b\u017e\u00edc\u00ed souhlas se v\u0161emi podm\u00ednkami sout\u011b\u017ee jako\u017eto smlouvy a&nbsp;s&nbsp;rozhodnut\u00edmi sout\u011b\u017en\u00ed poroty. Rozhodnut\u00ed poroty je kone\u010dn\u00e9 a&nbsp;nelze se proti n\u011bmu odvolat, ani jej podrobit soudn\u00edmu p\u0159ezkumu.<\/p>\n\n\n\n<div style=\"height:30px\" aria-hidden=\"true\" class=\"wp-block-spacer\"><\/div>\n\n\n\n<p><strong><mark style=\"background-color:rgba(0, 0, 0, 0)\" class=\"has-inline-color has-zdw-color\">10. KLAUZULE O&nbsp;AUTORSK\u00ddCH PR\u00c1VECH A&nbsp;ZVE\u0158EJN\u011aN\u00cd SOUT\u011a\u017dN\u00cdCH N\u00c1VRH\u016e&nbsp;<\/mark><\/strong><\/p>\n\n\n\n<p>10.1. <strong>Autorsk\u00e1 pr\u00e1va sout\u011b\u017e\u00edc\u00edch&nbsp;<\/strong><br>Odevzd\u00e1n\u00edm sout\u011b\u017en\u00edch n\u00e1vrh\u016f d\u00e1vaj\u00ed sout\u011b\u017e\u00edc\u00ed vyhla\u0161ovateli souhlas s&nbsp;bezplatn\u00fdm vyu\u017eit\u00edm sout\u011b\u017en\u00edch prac\u00ed k&nbsp;v\u00fdstavn\u00edm a&nbsp;publika\u010dn\u00edm \u00fa\u010del\u016fm, k&nbsp;zve\u0159ejn\u011bn\u00ed sout\u011b\u017en\u00ed pr\u00e1ce na internetu a&nbsp;ke zve\u0159ejn\u011bn\u00ed kontaktu v&nbsp;souladu se z\u00e1konem \u010d.&nbsp;106\/1999 Sb., o&nbsp;svobodn\u00e9m p\u0159\u00edstupu k&nbsp;informac\u00edm, v&nbsp;platn\u00e9m zn\u011bn\u00ed.<\/p>\n\n\n\n<p>10.2. <strong>Svolen\u00ed k&nbsp;u\u017eit\u00ed autorsk\u00e9ho d\u00edla pro \u00fa\u010dely t\u00e9to sout\u011b\u017ee&nbsp;<\/strong><br>Auto\u0159i sout\u011b\u017en\u00edch n\u00e1vrh\u016f ud\u011bluj\u00ed vyhla\u0161ovateli souhlas u\u017e\u00edt jejich autorsk\u00e1 d\u00edla pro \u00fa\u010dely prezentace sout\u011b\u017ee na neomezenou dobu.&nbsp;<\/p>\n\n\n\n<p><mark style=\"background-color:rgba(0, 0, 0, 0)\" class=\"has-inline-color has-zdw-color\">Autorsk\u00e1 pr\u00e1va sout\u011b\u017e\u00edc\u00edch t\u00edm nejsou nijak dot\u010dena.&nbsp;<\/mark><\/p>\n\n\n\n<div style=\"height:30px\" aria-hidden=\"true\" class=\"wp-block-spacer\"><\/div>\n\n\n\n<p><strong><mark style=\"background-color:rgba(0, 0, 0, 0)\" class=\"has-inline-color has-zdw-color\">11. VYHLA\u0160OVATEL SOUT\u011a\u017dE<\/mark><\/strong><\/p>\n\n\n\n<p>Vyhla\u0161ovatelem sout\u011b\u017ee je <mark style=\"background-color:rgba(0, 0, 0, 0)\" class=\"has-inline-color has-zdw-color\">Zlin Design Week pod z\u00e1\u0161titou Univerzity Tom\u00e1\u0161e Bati ve Zl\u00edn\u011b<\/mark>, se s\u00eddlem<mark style=\"background-color:rgba(0, 0, 0, 0)\" class=\"has-inline-color has-dark-color\"> Zl\u00edn, Univerzitn\u00ed 2431, PS\u010c: 760&nbsp;01.&nbsp;<\/mark><br>Ve Zl\u00edn\u011b dne 1.&nbsp;12.&nbsp;2025<\/p>\n\n\n\n<div style=\"height:10px\" aria-hidden=\"true\" class=\"wp-block-spacer\"><\/div>\n\n\n\n<p>Pro v\u00edce informac\u00ed pros\u00edm kontaktujte \u0159editelku sout\u011b\u017ee, \u0160\u00e1rku Dole\u017ealovou. Email: sarka.dolezalova@zlindesignweek.com<\/p>\n<\/div>\n<\/div>\n<\/div><\/div>\n\n\n\n<div style=\"height:58px\" aria-hidden=\"true\" class=\"wp-block-spacer\"><\/div>\n","protected":false},"excerpt":{"rendered":"Souhrn pravidel \u2192 Data sout\u011b\u017ee \u2192 Sout\u011b\u017en\u00ed kategorie \u2192 Ceny \u2192 Kompletn\u00ed pravidla Souhrn pravidel Jak? Hlavn\u00edm faktorem je kreativita a&nbsp;jedine\u010dnost tv\u00e9ho n\u00e1vrhu. Hod\u00ed [&hellip;]","protected":false},"author":33,"featured_media":0,"parent":193,"menu_order":0,"comment_status":"closed","ping_status":"closed","template":"","meta":{"_acf_changed":false,"footnotes":""},"class_list":["post-219","page","type-page","status-publish","hentry"],"acf":[],"_links":{"self":[{"href":"https:\/\/zlindesignweek.com\/2026\/wp-json\/wp\/v2\/pages\/219","targetHints":{"allow":["GET"]}}],"collection":[{"href":"https:\/\/zlindesignweek.com\/2026\/wp-json\/wp\/v2\/pages"}],"about":[{"href":"https:\/\/zlindesignweek.com\/2026\/wp-json\/wp\/v2\/types\/page"}],"author":[{"embeddable":true,"href":"https:\/\/zlindesignweek.com\/2026\/wp-json\/wp\/v2\/users\/33"}],"replies":[{"embeddable":true,"href":"https:\/\/zlindesignweek.com\/2026\/wp-json\/wp\/v2\/comments?post=219"}],"version-history":[{"count":125,"href":"https:\/\/zlindesignweek.com\/2026\/wp-json\/wp\/v2\/pages\/219\/revisions"}],"predecessor-version":[{"id":40417,"href":"https:\/\/zlindesignweek.com\/2026\/wp-json\/wp\/v2\/pages\/219\/revisions\/40417"}],"up":[{"embeddable":true,"href":"https:\/\/zlindesignweek.com\/2026\/wp-json\/wp\/v2\/pages\/193"}],"wp:attachment":[{"href":"https:\/\/zlindesignweek.com\/2026\/wp-json\/wp\/v2\/media?parent=219"}],"curies":[{"name":"wp","href":"https:\/\/api.w.org\/{rel}","templated":true}]}}