{"id":21738,"date":"2024-01-14T20:13:05","date_gmt":"2024-01-14T19:13:05","guid":{"rendered":"https:\/\/zlindesignweek.com\/2024\/?page_id=21738"},"modified":"2025-12-21T08:47:01","modified_gmt":"2025-12-21T07:47:01","slug":"judges","status":"publish","type":"page","link":"https:\/\/zlindesignweek.com\/2026\/en\/judges\/","title":{"rendered":"Jury"},"content":{"rendered":"\n<div class=\"wp-block-group\"><div class=\"wp-block-group__inner-container is-layout-constrained wp-block-group-is-layout-constrained\">\n<p><strong><mark style=\"background-color:rgba(0, 0, 0, 0)\" class=\"has-inline-color has-zdw-color\">How does it work with us?<br><\/mark><\/strong>Every year, we strive to ensure the roles in our jury are balanced. You will therefore find, for example, last year\u2019s category winners, international experts, and established designers from the Czech Republic or Slovakia.<\/p>\n\n\n\n<p><mark style=\"background-color:rgba(0, 0, 0, 0)\" class=\"has-inline-color has-zdw-color\">\u2192<\/mark>&nbsp;And these are exactly the professionals who will be judging this year\u2019s Best in Design \u2013 will you show them what you\u2019ve got?<\/p>\n<\/div><\/div>\n\n\n\n<div class=\"wp-block-group\"><div class=\"wp-block-group__inner-container is-layout-constrained wp-block-group-is-layout-constrained\">\n<h3 class=\"wp-block-heading\">PRODUCT &amp; INDUSTRIAL DESIGN<\/h3>\n\n\n<a href=\"https:\/\/zlindesignweek.com\/2026\/en\/porotce\/anna-maresova-2\/\"\n    class=\"no-decoration\">\n    <div class=\"person-item\">\n        <img loading=\"lazy\" decoding=\"async\" width=\"560\" height=\"667\" src=\"https:\/\/zlindesignweek.com\/2026\/wp-content\/uploads\/2025\/12\/proind-anna-maresova-e1765564202241-560x667.jpg\" class=\"attachment-portrait size-portrait wp-post-image\" alt=\"\" \/>        <div class=\"person-item__bottom\">\n            <div class=\"person-item__text\">\n                <h4 class=\"h5\">Anna Mare\u0161ov\u00e1                <\/h4>\n                <small>Product &#038; Industrial Design<\/small>\n            <\/div>\n            <div class=\"person-item__button\">\n                \u2192\n            <\/div>\n        <\/div>\n    <\/div>\n<\/a>\n\n\n<a href=\"https:\/\/zlindesignweek.com\/2026\/en\/porotce\/agnieszka-bujas\/\"\n    class=\"no-decoration\">\n    <div class=\"person-item\">\n        <img loading=\"lazy\" decoding=\"async\" width=\"560\" height=\"667\" src=\"https:\/\/zlindesignweek.com\/2026\/wp-content\/uploads\/2025\/12\/proind-agnieszka-bujas-560x667.png\" class=\"attachment-portrait size-portrait wp-post-image\" alt=\"\" \/>        <div class=\"person-item__bottom\">\n            <div class=\"person-item__text\">\n                <h4 class=\"h5\">Agnieszka Bujas                <\/h4>\n                <small>Product &#038; Industrial Design<\/small>\n            <\/div>\n            <div class=\"person-item__button\">\n                \u2192\n            <\/div>\n        <\/div>\n    <\/div>\n<\/a>\n\n\n<a href=\"https:\/\/zlindesignweek.com\/2026\/en\/porotce\/marek-kuzminski-2\/\"\n    class=\"no-decoration\">\n    <div class=\"person-item\">\n        <img loading=\"lazy\" decoding=\"async\" width=\"560\" height=\"667\" src=\"https:\/\/zlindesignweek.com\/2026\/wp-content\/uploads\/2024\/11\/marek-kuzminski-1-560x667.jpg\" class=\"attachment-portrait size-portrait wp-post-image\" alt=\"\" \/>        <div class=\"person-item__bottom\">\n            <div class=\"person-item__text\">\n                <h4 class=\"h5\">Marek Ku\u017ami\u0144ski                <\/h4>\n                <small>Product &#038; Industrial Design<\/small>\n            <\/div>\n            <div class=\"person-item__button\">\n                \u2192\n            <\/div>\n        <\/div>\n    <\/div>\n<\/a>\n<\/div><\/div>\n\n\n\n<div style=\"height:100px\" aria-hidden=\"true\" class=\"wp-block-spacer is-style-small\"><\/div>\n\n\n\n<div class=\"wp-block-group\"><div class=\"wp-block-group__inner-container is-layout-constrained wp-block-group-is-layout-constrained\">\n<h3 class=\"wp-block-heading\">FASHION DESIGN<\/h3>\n\n\n<a href=\"https:\/\/zlindesignweek.com\/2026\/en\/porotce\/milan-florian-flicek\/\"\n    class=\"no-decoration\">\n    <div class=\"person-item\">\n        <img loading=\"lazy\" decoding=\"async\" width=\"560\" height=\"667\" src=\"https:\/\/zlindesignweek.com\/2026\/wp-content\/uploads\/2025\/12\/fas-milan-flicek-560x667.jpg\" class=\"attachment-portrait size-portrait wp-post-image\" alt=\"\" \/>        <div class=\"person-item__bottom\">\n            <div class=\"person-item__text\">\n                <h4 class=\"h5\">Milan Flori\u00e1n Fl\u00ed\u010dek                <\/h4>\n                <small>Fashion Design<\/small>\n            <\/div>\n            <div class=\"person-item__button\">\n                \u2192\n            <\/div>\n        <\/div>\n    <\/div>\n<\/a>\n\n\n<a href=\"https:\/\/zlindesignweek.com\/2026\/en\/porotce\/daria-dembicka\/\"\n    class=\"no-decoration\">\n    <div class=\"person-item\">\n        <img loading=\"lazy\" decoding=\"async\" width=\"560\" height=\"667\" src=\"https:\/\/zlindesignweek.com\/2026\/wp-content\/uploads\/2025\/12\/fas-daria-dembicka-1-560x667.jpg\" class=\"attachment-portrait size-portrait wp-post-image\" alt=\"\" \/>        <div class=\"person-item__bottom\">\n            <div class=\"person-item__text\">\n                <h4 class=\"h5\">Daria Dembicka                <\/h4>\n                <small>Fashion Design<\/small>\n            <\/div>\n            <div class=\"person-item__button\">\n                \u2192\n            <\/div>\n        <\/div>\n    <\/div>\n<\/a>\n\n\n<a href=\"https:\/\/zlindesignweek.com\/2026\/en\/porotce\/zuzana-vrabel\/\"\n    class=\"no-decoration\">\n    <div class=\"person-item\">\n        <img loading=\"lazy\" decoding=\"async\" width=\"560\" height=\"667\" src=\"https:\/\/zlindesignweek.com\/2026\/wp-content\/uploads\/2025\/12\/fas-zuzana-vrabelova-560x667.jpg\" class=\"attachment-portrait size-portrait wp-post-image\" alt=\"\" \/>        <div class=\"person-item__bottom\">\n            <div class=\"person-item__text\">\n                <h4 class=\"h5\">Zuzana Vr\u00e1be\u013eov\u00e1                <\/h4>\n                <small>Category Fashion Design<\/small>\n            <\/div>\n            <div class=\"person-item__button\">\n                \u2192\n            <\/div>\n        <\/div>\n    <\/div>\n<\/a>\n<\/div><\/div>\n\n\n\n<div style=\"height:100px\" aria-hidden=\"true\" class=\"wp-block-spacer is-style-small\"><\/div>\n\n\n\n<div class=\"wp-block-group\"><div class=\"wp-block-group__inner-container is-layout-constrained wp-block-group-is-layout-constrained\">\n<h3 class=\"wp-block-heading\">COMMUNICATION DESIGN&nbsp;<\/h3>\n\n\n<a href=\"https:\/\/zlindesignweek.com\/2026\/en\/porotce\/dan-zucco-2\/\"\n    class=\"no-decoration\">\n    <div class=\"person-item\">\n        <img loading=\"lazy\" decoding=\"async\" width=\"560\" height=\"667\" src=\"https:\/\/zlindesignweek.com\/2026\/wp-content\/uploads\/2024\/11\/dan-zucco-560x667.png\" class=\"attachment-portrait size-portrait wp-post-image\" alt=\"\" \/>        <div class=\"person-item__bottom\">\n            <div class=\"person-item__text\">\n                <h4 class=\"h5\">Dan Zucco                <\/h4>\n                <small>Communication Design<\/small>\n            <\/div>\n            <div class=\"person-item__button\">\n                \u2192\n            <\/div>\n        <\/div>\n    <\/div>\n<\/a>\n\n\n<a href=\"https:\/\/zlindesignweek.com\/2026\/en\/porotce\/dalibor-itze\/\"\n    class=\"no-decoration\">\n    <div class=\"person-item\">\n        <img loading=\"lazy\" decoding=\"async\" width=\"450\" height=\"667\" src=\"https:\/\/zlindesignweek.com\/2026\/wp-content\/uploads\/2025\/12\/com-dalibor-itze-450x667.jpg\" class=\"attachment-portrait size-portrait wp-post-image\" alt=\"\" \/>        <div class=\"person-item__bottom\">\n            <div class=\"person-item__text\">\n                <h4 class=\"h5\">Dalibor Itze                <\/h4>\n                <small>Communication Design<\/small>\n            <\/div>\n            <div class=\"person-item__button\">\n                \u2192\n            <\/div>\n        <\/div>\n    <\/div>\n<\/a>\n\n\n<a href=\"https:\/\/zlindesignweek.com\/2026\/en\/porotce\/kamila-stepnickova\/\"\n    class=\"no-decoration\">\n    <div class=\"person-item\">\n        <img loading=\"lazy\" decoding=\"async\" width=\"560\" height=\"667\" src=\"https:\/\/zlindesignweek.com\/2026\/wp-content\/uploads\/2025\/12\/com-kamila-stepnickova-560x667.jpeg\" class=\"attachment-portrait size-portrait wp-post-image\" alt=\"\" \/>        <div class=\"person-item__bottom\">\n            <div class=\"person-item__text\">\n                <h4 class=\"h5\">Kamila \u0160t\u011bpni\u010dkov\u00e1                <\/h4>\n                <small>Communication Design<\/small>\n            <\/div>\n            <div class=\"person-item__button\">\n                \u2192\n            <\/div>\n        <\/div>\n    <\/div>\n<\/a>\n<\/div><\/div>\n\n\n\n<div style=\"height:100px\" aria-hidden=\"true\" class=\"wp-block-spacer is-style-small\"><\/div>\n\n\n\n<div class=\"wp-block-group\"><div class=\"wp-block-group__inner-container is-layout-constrained wp-block-group-is-layout-constrained\">\n<h3 class=\"wp-block-heading\">SERVICE DESIGN&nbsp;<\/h3>\n\n\n<a href=\"https:\/\/zlindesignweek.com\/2026\/en\/porotce\/matej-kaninsky\/\"\n    class=\"no-decoration\">\n    <div class=\"person-item\">\n        <img loading=\"lazy\" decoding=\"async\" width=\"560\" height=\"667\" src=\"https:\/\/zlindesignweek.com\/2026\/wp-content\/uploads\/2025\/12\/ser-matej-kaninsky-e1765560252372-560x667.jpg\" class=\"attachment-portrait size-portrait wp-post-image\" alt=\"\" \/>        <div class=\"person-item__bottom\">\n            <div class=\"person-item__text\">\n                <h4 class=\"h5\">Mat\u011bj K\u00e1ninsk\u00fd                <\/h4>\n                <small>Service Design<\/small>\n            <\/div>\n            <div class=\"person-item__button\">\n                \u2192\n            <\/div>\n        <\/div>\n    <\/div>\n<\/a>\n\n\n<a href=\"https:\/\/zlindesignweek.com\/2026\/en\/porotce\/janka-csernak-2\/\"\n    class=\"no-decoration\">\n    <div class=\"person-item\">\n        <img loading=\"lazy\" decoding=\"async\" width=\"560\" height=\"667\" src=\"https:\/\/zlindesignweek.com\/2026\/wp-content\/uploads\/2024\/01\/janka-csernak-3-560x667.jpg\" class=\"attachment-portrait size-portrait wp-post-image\" alt=\"\" \/>        <div class=\"person-item__bottom\">\n            <div class=\"person-item__text\">\n                <h4 class=\"h5\">Janka Csern\u00e1k                <\/h4>\n                <small>Service Design<\/small>\n            <\/div>\n            <div class=\"person-item__button\">\n                \u2192\n            <\/div>\n        <\/div>\n    <\/div>\n<\/a>\n\n\n<a href=\"https:\/\/zlindesignweek.com\/2026\/en\/porotce\/karolina-menclerova-2\/\"\n    class=\"no-decoration\">\n    <div class=\"person-item\">\n        <img loading=\"lazy\" decoding=\"async\" width=\"560\" height=\"667\" src=\"https:\/\/zlindesignweek.com\/2026\/wp-content\/uploads\/2025\/12\/ser-karolina-menclerova-560x667.jpg\" class=\"attachment-portrait size-portrait wp-post-image\" alt=\"\" \/>        <div class=\"person-item__bottom\">\n            <div class=\"person-item__text\">\n                <h4 class=\"h5\">Karol\u00edna Menclerov\u00e1                <\/h4>\n                <small>Service Design<\/small>\n            <\/div>\n            <div class=\"person-item__button\">\n                \u2192\n            <\/div>\n        <\/div>\n    <\/div>\n<\/a>\n<\/div><\/div>\n\n\n\n<div style=\"height:100px\" aria-hidden=\"true\" class=\"wp-block-spacer is-style-small\"><\/div>\n\n\n\n<div class=\"wp-block-group\"><div class=\"wp-block-group__inner-container is-layout-constrained wp-block-group-is-layout-constrained\">\n<h3 class=\"wp-block-heading\">Media award<\/h3>\n\n\n<a href=\"https:\/\/zlindesignweek.com\/2026\/en\/porotce\/veronika-parizkova-3\/\"\n    class=\"no-decoration\">\n    <div class=\"person-item\">\n        <img loading=\"lazy\" decoding=\"async\" width=\"560\" height=\"667\" src=\"https:\/\/zlindesignweek.com\/2026\/wp-content\/uploads\/2023\/01\/veronika-parizkova-560x667.jpg\" class=\"attachment-portrait size-portrait wp-post-image\" alt=\"\" \/>        <div class=\"person-item__bottom\">\n            <div class=\"person-item__text\">\n                <h4 class=\"h5\">Veronika Pa\u0159\u00edzkov\u00e1                <\/h4>\n                <small>Media award<\/small>\n            <\/div>\n            <div class=\"person-item__button\">\n                \u2192\n            <\/div>\n        <\/div>\n    <\/div>\n<\/a>\n\n\n<a href=\"https:\/\/zlindesignweek.com\/2026\/en\/porotce\/michaela-banzetova\/\"\n    class=\"no-decoration\">\n    <div class=\"person-item\">\n        <img loading=\"lazy\" decoding=\"async\" width=\"560\" height=\"667\" src=\"https:\/\/zlindesignweek.com\/2026\/wp-content\/uploads\/2025\/12\/med-michaela-banzetova-560x667.jpg\" class=\"attachment-portrait size-portrait wp-post-image\" alt=\"\" \/>        <div class=\"person-item__bottom\">\n            <div class=\"person-item__text\">\n                <h4 class=\"h5\">Michaela Banzetov\u00e1                <\/h4>\n                <small>Media award<\/small>\n            <\/div>\n            <div class=\"person-item__button\">\n                \u2192\n            <\/div>\n        <\/div>\n    <\/div>\n<\/a>\n\n\n<a href=\"https:\/\/zlindesignweek.com\/2026\/en\/porotce\/jan-kudlacek\/\"\n    class=\"no-decoration\">\n    <div class=\"person-item\">\n        <img loading=\"lazy\" decoding=\"async\" width=\"560\" height=\"667\" src=\"https:\/\/zlindesignweek.com\/2026\/wp-content\/uploads\/2025\/12\/med-jan-kudlacek.jpg\" class=\"attachment-portrait size-portrait wp-post-image\" alt=\"\" srcset=\"https:\/\/zlindesignweek.com\/2026\/wp-content\/uploads\/2025\/12\/med-jan-kudlacek.jpg 560w, https:\/\/zlindesignweek.com\/2026\/wp-content\/uploads\/2025\/12\/med-jan-kudlacek-500x596.jpg 500w, https:\/\/zlindesignweek.com\/2026\/wp-content\/uploads\/2025\/12\/med-jan-kudlacek-250x298.jpg 250w\" sizes=\"auto, (max-width: 560px) 100vw, 560px\" \/>        <div class=\"person-item__bottom\">\n            <div class=\"person-item__text\">\n                <h4 class=\"h5\">Jan Kudl\u00e1\u010dek                <\/h4>\n                <small>Media award<\/small>\n            <\/div>\n            <div class=\"person-item__button\">\n                \u2192\n            <\/div>\n        <\/div>\n    <\/div>\n<\/a>\n<\/div><\/div>\n","protected":false},"excerpt":{"rendered":"How does it work with us?Every year, we strive to ensure the roles in our jury are balanced. You will therefore find, for example, last [&hellip;]","protected":false},"author":34,"featured_media":0,"parent":0,"menu_order":0,"comment_status":"closed","ping_status":"closed","template":"","meta":{"_acf_changed":false,"footnotes":""},"class_list":["post-21738","page","type-page","status-publish","hentry"],"acf":[],"_links":{"self":[{"href":"https:\/\/zlindesignweek.com\/2026\/wp-json\/wp\/v2\/pages\/21738","targetHints":{"allow":["GET"]}}],"collection":[{"href":"https:\/\/zlindesignweek.com\/2026\/wp-json\/wp\/v2\/pages"}],"about":[{"href":"https:\/\/zlindesignweek.com\/2026\/wp-json\/wp\/v2\/types\/page"}],"author":[{"embeddable":true,"href":"https:\/\/zlindesignweek.com\/2026\/wp-json\/wp\/v2\/users\/34"}],"replies":[{"embeddable":true,"href":"https:\/\/zlindesignweek.com\/2026\/wp-json\/wp\/v2\/comments?post=21738"}],"version-history":[{"count":42,"href":"https:\/\/zlindesignweek.com\/2026\/wp-json\/wp\/v2\/pages\/21738\/revisions"}],"predecessor-version":[{"id":35947,"href":"https:\/\/zlindesignweek.com\/2026\/wp-json\/wp\/v2\/pages\/21738\/revisions\/35947"}],"wp:attachment":[{"href":"https:\/\/zlindesignweek.com\/2026\/wp-json\/wp\/v2\/media?parent=21738"}],"curies":[{"name":"wp","href":"https:\/\/api.w.org\/{rel}","templated":true}]}}