{"id":21716,"date":"2024-01-14T20:13:05","date_gmt":"2024-01-14T19:13:05","guid":{"rendered":"https:\/\/zlindesignweek.com\/2024\/?page_id=21716"},"modified":"2025-12-21T08:47:17","modified_gmt":"2025-12-21T07:47:17","slug":"porota","status":"publish","type":"page","link":"https:\/\/zlindesignweek.com\/2026\/porota\/","title":{"rendered":"Porota"},"content":{"rendered":"\n<div class=\"wp-block-group\"><div class=\"wp-block-group__inner-container is-layout-constrained wp-block-group-is-layout-constrained\">\n<p><strong><mark style=\"background-color:rgba(0, 0, 0, 0)\" class=\"has-inline-color has-zdw-color\">Jak to u&nbsp;n\u00e1s funguje?<br><\/mark><\/strong>Ka\u017edoro\u010dn\u011b se sna\u017e\u00edme, aby byly role v&nbsp;porot\u011b vyv\u00e1\u017een\u00e9. Objev\u00ed\u0161 tak zde nap\u0159\u00edklad lo\u0148sk\u00e9 v\u00edt\u011bze, zahrani\u010dn\u00ed odborn\u00edky i&nbsp;etablovan\u00e9 design\u00e9ry z&nbsp;\u010ceska \u010di&nbsp;Slovenska.<br><br><mark style=\"background-color:rgba(0, 0, 0, 0)\" class=\"has-inline-color has-zdw-color\">\u2192<\/mark> A&nbsp;zrovna tihle prof\u00edci budou hodnotit leto\u0161n\u00ed ro\u010dn\u00edk Best in Design \u2013 p\u0159edvede\u0161 se p\u0159ed nimi?<\/p>\n<\/div><\/div>\n\n\n\n<div class=\"wp-block-group\"><div class=\"wp-block-group__inner-container is-layout-constrained wp-block-group-is-layout-constrained\">\n<h3 class=\"wp-block-heading\">Product &amp; Industrial Design<\/h3>\n\n\n<a href=\"https:\/\/zlindesignweek.com\/2026\/porotce\/anna-maresova\/\"\n    class=\"no-decoration\">\n    <div class=\"person-item\">\n        <img loading=\"lazy\" decoding=\"async\" width=\"560\" height=\"667\" src=\"https:\/\/zlindesignweek.com\/2026\/wp-content\/uploads\/2025\/12\/proind-anna-maresova-e1765564202241-560x667.jpg\" class=\"attachment-portrait size-portrait wp-post-image\" alt=\"\" \/>        <div class=\"person-item__bottom\">\n            <div class=\"person-item__text\">\n                <h4 class=\"h5\">Anna Mare\u0161ov\u00e1                <\/h4>\n                <small>Product &#038; Industrial Design<\/small>\n            <\/div>\n            <div class=\"person-item__button\">\n                \u2192\n            <\/div>\n        <\/div>\n    <\/div>\n<\/a>\n\n\n<a href=\"https:\/\/zlindesignweek.com\/2026\/porotce\/agnieszka-bujas-2\/\"\n    class=\"no-decoration\">\n    <div class=\"person-item\">\n        <img loading=\"lazy\" decoding=\"async\" width=\"560\" height=\"667\" src=\"https:\/\/zlindesignweek.com\/2026\/wp-content\/uploads\/2025\/12\/proind-agnieszka-bujas-560x667.png\" class=\"attachment-portrait size-portrait wp-post-image\" alt=\"\" \/>        <div class=\"person-item__bottom\">\n            <div class=\"person-item__text\">\n                <h4 class=\"h5\">Agnieszka Bujas                <\/h4>\n                <small>Product &#038; Industrial Design<\/small>\n            <\/div>\n            <div class=\"person-item__button\">\n                \u2192\n            <\/div>\n        <\/div>\n    <\/div>\n<\/a>\n\n\n<a href=\"https:\/\/zlindesignweek.com\/2026\/porotce\/marek-kuzminski\/\"\n    class=\"no-decoration\">\n    <div class=\"person-item\">\n        <img loading=\"lazy\" decoding=\"async\" width=\"560\" height=\"667\" src=\"https:\/\/zlindesignweek.com\/2026\/wp-content\/uploads\/2024\/11\/marek-kuzminski-1-560x667.jpg\" class=\"attachment-portrait size-portrait wp-post-image\" alt=\"\" \/>        <div class=\"person-item__bottom\">\n            <div class=\"person-item__text\">\n                <h4 class=\"h5\">Marek Ku\u017ami\u0144ski                <\/h4>\n                <small>Product &#038; Industrial Design<\/small>\n            <\/div>\n            <div class=\"person-item__button\">\n                \u2192\n            <\/div>\n        <\/div>\n    <\/div>\n<\/a>\n<\/div><\/div>\n\n\n\n<div style=\"height:100px\" aria-hidden=\"true\" class=\"wp-block-spacer is-style-small\"><\/div>\n\n\n\n<div class=\"wp-block-group\"><div class=\"wp-block-group__inner-container is-layout-constrained wp-block-group-is-layout-constrained\">\n<h3 class=\"wp-block-heading\">Fashion Design<\/h3>\n\n\n<a href=\"https:\/\/zlindesignweek.com\/2026\/porotce\/milan-florian-flicek-2\/\"\n    class=\"no-decoration\">\n    <div class=\"person-item\">\n        <img loading=\"lazy\" decoding=\"async\" width=\"560\" height=\"667\" src=\"https:\/\/zlindesignweek.com\/2026\/wp-content\/uploads\/2025\/12\/fas-milan-flicek-560x667.jpg\" class=\"attachment-portrait size-portrait wp-post-image\" alt=\"\" \/>        <div class=\"person-item__bottom\">\n            <div class=\"person-item__text\">\n                <h4 class=\"h5\">Milan Flori\u00e1n Fl\u00ed\u010dek                <\/h4>\n                <small>Fashion Design<\/small>\n            <\/div>\n            <div class=\"person-item__button\">\n                \u2192\n            <\/div>\n        <\/div>\n    <\/div>\n<\/a>\n\n\n<a href=\"https:\/\/zlindesignweek.com\/2026\/porotce\/daria-dembicka-2\/\"\n    class=\"no-decoration\">\n    <div class=\"person-item\">\n        <img loading=\"lazy\" decoding=\"async\" width=\"560\" height=\"667\" src=\"https:\/\/zlindesignweek.com\/2026\/wp-content\/uploads\/2025\/12\/fas-daria-dembicka-1-560x667.jpg\" class=\"attachment-portrait size-portrait wp-post-image\" alt=\"\" \/>        <div class=\"person-item__bottom\">\n            <div class=\"person-item__text\">\n                <h4 class=\"h5\">Daria Dembicka                <\/h4>\n                <small>Fashion Design<\/small>\n            <\/div>\n            <div class=\"person-item__button\">\n                \u2192\n            <\/div>\n        <\/div>\n    <\/div>\n<\/a>\n\n\n<a href=\"https:\/\/zlindesignweek.com\/2026\/porotce\/zuzana-vrabelova-2\/\"\n    class=\"no-decoration\">\n    <div class=\"person-item\">\n        <img loading=\"lazy\" decoding=\"async\" width=\"560\" height=\"667\" src=\"https:\/\/zlindesignweek.com\/2026\/wp-content\/uploads\/2025\/12\/fas-zuzana-vrabelova-560x667.jpg\" class=\"attachment-portrait size-portrait wp-post-image\" alt=\"\" \/>        <div class=\"person-item__bottom\">\n            <div class=\"person-item__text\">\n                <h4 class=\"h5\">Zuzana Vr\u00e1be\u013eov\u00e1                <\/h4>\n                <small>Fashion Design<\/small>\n            <\/div>\n            <div class=\"person-item__button\">\n                \u2192\n            <\/div>\n        <\/div>\n    <\/div>\n<\/a>\n<\/div><\/div>\n\n\n\n<div style=\"height:100px\" aria-hidden=\"true\" class=\"wp-block-spacer is-style-small\"><\/div>\n\n\n\n<div class=\"wp-block-group\"><div class=\"wp-block-group__inner-container is-layout-constrained wp-block-group-is-layout-constrained\">\n<h3 class=\"wp-block-heading\">Communication Design <\/h3>\n\n\n<a href=\"https:\/\/zlindesignweek.com\/2026\/porotce\/dan-zucco\/\"\n    class=\"no-decoration\">\n    <div class=\"person-item\">\n        <img loading=\"lazy\" decoding=\"async\" width=\"560\" height=\"667\" src=\"https:\/\/zlindesignweek.com\/2026\/wp-content\/uploads\/2024\/11\/dan-zucco-560x667.png\" class=\"attachment-portrait size-portrait wp-post-image\" alt=\"\" \/>        <div class=\"person-item__bottom\">\n            <div class=\"person-item__text\">\n                <h4 class=\"h5\">Dan Zucco                <\/h4>\n                <small>Communication Design<\/small>\n            <\/div>\n            <div class=\"person-item__button\">\n                \u2192\n            <\/div>\n        <\/div>\n    <\/div>\n<\/a>\n\n\n<a href=\"https:\/\/zlindesignweek.com\/2026\/porotce\/dalibor-itze-2\/\"\n    class=\"no-decoration\">\n    <div class=\"person-item\">\n        <img loading=\"lazy\" decoding=\"async\" width=\"450\" height=\"667\" src=\"https:\/\/zlindesignweek.com\/2026\/wp-content\/uploads\/2025\/12\/com-dalibor-itze-450x667.jpg\" class=\"attachment-portrait size-portrait wp-post-image\" alt=\"\" \/>        <div class=\"person-item__bottom\">\n            <div class=\"person-item__text\">\n                <h4 class=\"h5\">Dalibor Itze                <\/h4>\n                <small>Communication Design<\/small>\n            <\/div>\n            <div class=\"person-item__button\">\n                \u2192\n            <\/div>\n        <\/div>\n    <\/div>\n<\/a>\n\n\n<a href=\"https:\/\/zlindesignweek.com\/2026\/porotce\/kamila-stepnickova-2\/\"\n    class=\"no-decoration\">\n    <div class=\"person-item\">\n        <img loading=\"lazy\" decoding=\"async\" width=\"560\" height=\"667\" src=\"https:\/\/zlindesignweek.com\/2026\/wp-content\/uploads\/2025\/12\/com-kamila-stepnickova-560x667.jpeg\" class=\"attachment-portrait size-portrait wp-post-image\" alt=\"\" \/>        <div class=\"person-item__bottom\">\n            <div class=\"person-item__text\">\n                <h4 class=\"h5\">Kamila \u0160t\u011bpni\u010dkov\u00e1                <\/h4>\n                <small>Communication Design<\/small>\n            <\/div>\n            <div class=\"person-item__button\">\n                \u2192\n            <\/div>\n        <\/div>\n    <\/div>\n<\/a>\n<\/div><\/div>\n\n\n\n<div style=\"height:32px\" aria-hidden=\"true\" class=\"wp-block-spacer is-style-small\"><\/div>\n\n\n\n<div class=\"wp-block-group\"><div class=\"wp-block-group__inner-container is-layout-constrained wp-block-group-is-layout-constrained\">\n<h3 class=\"wp-block-heading\">Service Design <\/h3>\n\n\n<a href=\"https:\/\/zlindesignweek.com\/2026\/porotce\/matej-kaninsky-2\/\"\n    class=\"no-decoration\">\n    <div class=\"person-item\">\n        <img loading=\"lazy\" decoding=\"async\" width=\"560\" height=\"667\" src=\"https:\/\/zlindesignweek.com\/2026\/wp-content\/uploads\/2025\/12\/ser-matej-kaninsky-e1765560252372-560x667.jpg\" class=\"attachment-portrait size-portrait wp-post-image\" alt=\"\" \/>        <div class=\"person-item__bottom\">\n            <div class=\"person-item__text\">\n                <h4 class=\"h5\">Mat\u011bj K\u00e1ninsk\u00fd                <\/h4>\n                <small>Service Design<\/small>\n            <\/div>\n            <div class=\"person-item__button\">\n                \u2192\n            <\/div>\n        <\/div>\n    <\/div>\n<\/a>\n\n\n<a href=\"https:\/\/zlindesignweek.com\/2026\/porotce\/janka-csernak\/\"\n    class=\"no-decoration\">\n    <div class=\"person-item\">\n        <img loading=\"lazy\" decoding=\"async\" width=\"560\" height=\"667\" src=\"https:\/\/zlindesignweek.com\/2026\/wp-content\/uploads\/2024\/01\/janka-csernak-3-560x667.jpg\" class=\"attachment-portrait size-portrait wp-post-image\" alt=\"\" \/>        <div class=\"person-item__bottom\">\n            <div class=\"person-item__text\">\n                <h4 class=\"h5\">Janka Csern\u00e1k                <\/h4>\n                <small>Service Design<\/small>\n            <\/div>\n            <div class=\"person-item__button\">\n                \u2192\n            <\/div>\n        <\/div>\n    <\/div>\n<\/a>\n\n\n<a href=\"https:\/\/zlindesignweek.com\/2026\/porotce\/karolina-menclerova\/\"\n    class=\"no-decoration\">\n    <div class=\"person-item\">\n        <img loading=\"lazy\" decoding=\"async\" width=\"560\" height=\"667\" src=\"https:\/\/zlindesignweek.com\/2026\/wp-content\/uploads\/2025\/12\/ser-karolina-menclerova-560x667.jpg\" class=\"attachment-portrait size-portrait wp-post-image\" alt=\"\" \/>        <div class=\"person-item__bottom\">\n            <div class=\"person-item__text\">\n                <h4 class=\"h5\">Karol\u00edna Menclerov\u00e1                <\/h4>\n                <small>Service Design<\/small>\n            <\/div>\n            <div class=\"person-item__button\">\n                \u2192\n            <\/div>\n        <\/div>\n    <\/div>\n<\/a>\n\n\n\n<div style=\"height:32px\" aria-hidden=\"true\" class=\"wp-block-spacer is-style-small\"><\/div>\n<\/div><\/div>\n\n\n\n<div class=\"wp-block-group\"><div class=\"wp-block-group__inner-container is-layout-constrained wp-block-group-is-layout-constrained\">\n<h3 class=\"wp-block-heading\">Media Award <\/h3>\n\n\n<a href=\"https:\/\/zlindesignweek.com\/2026\/porotce\/veronika-parizkova-2\/\"\n    class=\"no-decoration\">\n    <div class=\"person-item\">\n        <img loading=\"lazy\" decoding=\"async\" width=\"560\" height=\"667\" src=\"https:\/\/zlindesignweek.com\/2026\/wp-content\/uploads\/2023\/01\/veronika-parizkova-560x667.jpg\" class=\"attachment-portrait size-portrait wp-post-image\" alt=\"\" \/>        <div class=\"person-item__bottom\">\n            <div class=\"person-item__text\">\n                <h4 class=\"h5\">Veronika Pa\u0159\u00edzkov\u00e1                <\/h4>\n                <small>Media award<\/small>\n            <\/div>\n            <div class=\"person-item__button\">\n                \u2192\n            <\/div>\n        <\/div>\n    <\/div>\n<\/a>\n\n\n<a href=\"https:\/\/zlindesignweek.com\/2026\/porotce\/michaela-banzetova-2\/\"\n    class=\"no-decoration\">\n    <div class=\"person-item\">\n        <img loading=\"lazy\" decoding=\"async\" width=\"560\" height=\"667\" src=\"https:\/\/zlindesignweek.com\/2026\/wp-content\/uploads\/2025\/12\/med-michaela-banzetova-560x667.jpg\" class=\"attachment-portrait size-portrait wp-post-image\" alt=\"\" \/>        <div class=\"person-item__bottom\">\n            <div class=\"person-item__text\">\n                <h4 class=\"h5\">Michaela Banzetov\u00e1                <\/h4>\n                <small>Media award<\/small>\n            <\/div>\n            <div class=\"person-item__button\">\n                \u2192\n            <\/div>\n        <\/div>\n    <\/div>\n<\/a>\n\n\n<a href=\"https:\/\/zlindesignweek.com\/2026\/porotce\/jan-kudlacek-2\/\"\n    class=\"no-decoration\">\n    <div class=\"person-item\">\n        <img loading=\"lazy\" decoding=\"async\" width=\"560\" height=\"667\" src=\"https:\/\/zlindesignweek.com\/2026\/wp-content\/uploads\/2025\/12\/med-jan-kudlacek.jpg\" class=\"attachment-portrait size-portrait wp-post-image\" alt=\"\" srcset=\"https:\/\/zlindesignweek.com\/2026\/wp-content\/uploads\/2025\/12\/med-jan-kudlacek.jpg 560w, https:\/\/zlindesignweek.com\/2026\/wp-content\/uploads\/2025\/12\/med-jan-kudlacek-500x596.jpg 500w, https:\/\/zlindesignweek.com\/2026\/wp-content\/uploads\/2025\/12\/med-jan-kudlacek-250x298.jpg 250w\" sizes=\"auto, (max-width: 560px) 100vw, 560px\" \/>        <div class=\"person-item__bottom\">\n            <div class=\"person-item__text\">\n                <h4 class=\"h5\">Jan Kudl\u00e1\u010dek                <\/h4>\n                <small>Media award<\/small>\n            <\/div>\n            <div class=\"person-item__button\">\n                \u2192\n            <\/div>\n        <\/div>\n    <\/div>\n<\/a>\n<\/div><\/div>\n","protected":false},"excerpt":{"rendered":"Jak to u&nbsp;n\u00e1s funguje?Ka\u017edoro\u010dn\u011b se sna\u017e\u00edme, aby byly role v&nbsp;porot\u011b vyv\u00e1\u017een\u00e9. Objev\u00ed\u0161 tak zde nap\u0159\u00edklad lo\u0148sk\u00e9 v\u00edt\u011bze, zahrani\u010dn\u00ed odborn\u00edky i&nbsp;etablovan\u00e9 design\u00e9ry z&nbsp;\u010ceska \u010di&nbsp;Slovenska. \u2192 A&nbsp;zrovna [&hellip;]","protected":false},"author":34,"featured_media":0,"parent":0,"menu_order":0,"comment_status":"closed","ping_status":"closed","template":"","meta":{"_acf_changed":false,"footnotes":""},"class_list":["post-21716","page","type-page","status-publish","hentry"],"acf":[],"_links":{"self":[{"href":"https:\/\/zlindesignweek.com\/2026\/wp-json\/wp\/v2\/pages\/21716","targetHints":{"allow":["GET"]}}],"collection":[{"href":"https:\/\/zlindesignweek.com\/2026\/wp-json\/wp\/v2\/pages"}],"about":[{"href":"https:\/\/zlindesignweek.com\/2026\/wp-json\/wp\/v2\/types\/page"}],"author":[{"embeddable":true,"href":"https:\/\/zlindesignweek.com\/2026\/wp-json\/wp\/v2\/users\/34"}],"replies":[{"embeddable":true,"href":"https:\/\/zlindesignweek.com\/2026\/wp-json\/wp\/v2\/comments?post=21716"}],"version-history":[{"count":75,"href":"https:\/\/zlindesignweek.com\/2026\/wp-json\/wp\/v2\/pages\/21716\/revisions"}],"predecessor-version":[{"id":35948,"href":"https:\/\/zlindesignweek.com\/2026\/wp-json\/wp\/v2\/pages\/21716\/revisions\/35948"}],"wp:attachment":[{"href":"https:\/\/zlindesignweek.com\/2026\/wp-json\/wp\/v2\/media?parent=21716"}],"curies":[{"name":"wp","href":"https:\/\/api.w.org\/{rel}","templated":true}]}}