{"id":193,"date":"2019-12-24T00:37:27","date_gmt":"2019-12-23T23:37:27","guid":{"rendered":"http:\/\/zlindesignweek.com\/2021\/?page_id=193"},"modified":"2026-02-05T18:38:43","modified_gmt":"2026-02-05T17:38:43","slug":"best-in-design","status":"publish","type":"page","link":"https:\/\/zlindesignweek.com\/2026\/best-in-design\/","title":{"rendered":"Best in Design"},"content":{"rendered":"\n<div class=\"wp-block-zdw-intro-effect intro-effect intro-effect-small\" style=\"background-image:url(https:\/\/zlindesignweek.com\/2026\/wp-content\/uploads\/2026\/01\/zdw-tag-jiri35-edit-1.jpg)\" data-apply-effect=\"1\">\n<div class=\"wp-block-group zdw-intro-effect-inner\"><div class=\"wp-block-group__inner-container is-layout-flow wp-block-group-is-layout-flow\">\n<h3 class=\"wp-block-heading font-weight-regular\">DESIGN\u00c9RSK\u00c1 SOUT\u011a\u017d<\/h3>\n\n\n\n<h2 class=\"wp-block-heading\" style=\"font-style:normal;font-weight:700\">BEST<\/h2>\n\n\n\n<h2 class=\"wp-block-heading\" style=\"font-style:normal;font-weight:900\">IN DESIGN<\/h2>\n\n\n\n<h2 class=\"wp-block-heading\">2026<\/h2>\n<\/div><\/div>\n\n\n\n<div class=\"wp-block-group zdw-intro-effect-side\"><div class=\"wp-block-group__inner-container is-layout-flow wp-block-group-is-layout-flow\">\n<p>17.&nbsp;ro\u010dn\u00edk mezin\u00e1rodn\u00ed sout\u011b\u017ee Best in Design m\u00e1 p\u0159ihla\u0161ov\u00e1n\u00ed za sebou. D\u011bkujeme v\u0161em, kte\u0159\u00ed p\u0159ihl\u00e1sili sv\u00e9 projekty. Dal\u0161\u00ed pr\u016fb\u011bh sout\u011b\u017ee i&nbsp;jej\u00ed vyhl\u00e1\u0161en\u00ed m\u016f\u017ee\u0161 sledovat tady nebo na na\u0161em Instagramu, kde budeme sd\u00edlet v\u0161echny novinky a&nbsp;aktuality.<\/p>\n\n\n\n<div class=\"wp-block-buttons is-layout-flex wp-block-buttons-is-layout-flex\">\n<div class=\"wp-block-button\"><a class=\"wp-block-button__link wp-element-button\" href=\"https:\/\/www.instagram.com\/zlindesignweek\/\">CHCI V\u011aD\u011aT V\u00cdCE<\/a><\/div>\n<\/div>\n<\/div><\/div>\n<\/div>\n\n\n\n<div class=\"wp-block-group has-bg-color has-light-background-color has-text-color has-background has-link-color wp-elements-a583e986ce1d0e449a5320ea38307736\"><div class=\"wp-block-group__inner-container is-layout-flow wp-block-group-is-layout-flow\">\n<div style=\"height:50px\" aria-hidden=\"true\" class=\"wp-block-spacer\"><\/div>\n\n\n\n<h2 class=\"wp-block-heading is-style-h3\">Sout\u011b\u017en\u00ed kategorie<\/h2>\n\n\n\n<div class=\"wp-block-columns is-layout-flex wp-container-core-columns-is-layout-9d6595d7 wp-block-columns-is-layout-flex\">\n<div class=\"wp-block-column is-layout-flow wp-block-column-is-layout-flow\">\n<h4 class=\"wp-block-heading mb-0\">Product &amp; Industrial Design<\/h4>\n\n\n\n<p>Design produkt\u016f, interi\u00e9ru, n\u00e1bytku, n\u00e1stroj\u016f, za\u0159\u00edzen\u00ed a&nbsp;dal\u0161\u00ed<\/p>\n<\/div>\n\n\n\n<div class=\"wp-block-column is-layout-flow wp-block-column-is-layout-flow\">\n<h4 class=\"wp-block-heading mb-0\">Fashion Design<\/h4>\n\n\n\n<p>Design od\u011bvu, textiln\u00ed tvorby, obuvi, galanterie, \u0161perk\u016f a&nbsp;dal\u0161\u00ed<\/p>\n<\/div>\n<\/div>\n\n\n\n<div class=\"wp-block-columns is-layout-flex wp-container-core-columns-is-layout-9d6595d7 wp-block-columns-is-layout-flex\">\n<div class=\"wp-block-column is-layout-flow wp-block-column-is-layout-flow\">\n<h4 class=\"wp-block-heading mb-0\">Communication Design<\/h4>\n\n\n\n<p>Design grafiky, ilustrace, nov\u00e1 m\u00e9dia, vizu\u00e1ln\u00ed komunikace, intermedia, webov\u00e9 animace a&nbsp;dal\u0161\u00ed<\/p>\n<\/div>\n\n\n\n<div class=\"wp-block-column is-layout-flow wp-block-column-is-layout-flow\">\n<h4 class=\"wp-block-heading mb-0\">Service Design<\/h4>\n\n\n\n<p>Komplexn\u00ed n\u00e1vrhy proces\u016f, technologi\u00ed a&nbsp;interakc\u00ed, kter\u00e9 \u0159\u00edd\u00ed poskytov\u00e1n\u00ed slu\u017eeb a&nbsp;dal\u0161\u00ed<\/p>\n<\/div>\n<\/div>\n\n\n\n<div style=\"height:100px\" aria-hidden=\"true\" class=\"wp-block-spacer is-style-medium\"><\/div>\n\n\n\n<div class=\"wp-block-buttons is-horizontal is-content-justification-center is-layout-flex wp-container-core-buttons-is-layout-499968f5 wp-block-buttons-is-layout-flex\">\n<div class=\"wp-block-button\"><a class=\"wp-block-button__link has-white-color has-zdw-background-color has-text-color has-background has-link-color wp-element-button\" href=\"https:\/\/zlindesignweek.com\/2026\/best-in-design-rocniky\/\">Lo\u0148\u0161t\u00ed v\u00edt\u011bzov\u00e9 sout\u011b\u017ee<\/a><\/div>\n<\/div>\n\n\n\n<div style=\"height:59px\" aria-hidden=\"true\" class=\"wp-block-spacer\"><\/div>\n<\/div><\/div>\n\n\n\n<div class=\"wp-block-group\"><div class=\"wp-block-group__inner-container is-layout-flow wp-block-group-is-layout-flow\">\n<div style=\"height:50px\" aria-hidden=\"true\" class=\"wp-block-spacer\"><\/div>\n\n\n\n<h2 class=\"wp-block-heading is-style-h3\">Ceny<\/h2>\n\n\n<div class=\"image-box mb-sm\">\n        <div class=\"image-box__text\">\n        <h4 class=\"has-zdw-color\">Hlavn\u00ed cena        <\/h4>\n        <p>Pro toho nejlep\u0161\u00edho z&nbsp;nejlep\u0161\u00edch nap\u0159\u00ed\u010d v\u0161emi \u010dty\u0159mi kategoriemi m\u00e1me titul Best in Design 2026! Dr\u017eitel titulu si spolu s&nbsp;odm\u011bnou za v\u00edt\u011bzstv\u00ed v&nbsp;jedn\u00e9 z&nbsp;kategori\u00ed nav\u00edc odnese \u010d\u00e1stku <span class='has-zdw-color'>1&nbsp;000 \u20ac<\/span>! <br \/>\r\n<br \/>\r\n<br \/>\r\n        <\/p>\n    <\/div>\n<\/div>\n\n\n<div class=\"wp-block-columns is-style-default is-layout-flex wp-container-core-columns-is-layout-9d6595d7 wp-block-columns-is-layout-flex\">\n<div class=\"wp-block-column mr-800-sm is-layout-flow wp-block-column-is-layout-flow\"><div class=\"image-box \">\n        <div class=\"image-box__text\">\n        <h4 class=\"has-zdw-color\">1.&nbsp;m\u00edsto v&nbsp;jednotliv\u00e9 sout\u011b\u017en\u00ed kategorii        <\/h4>\n        <p>Autor sout\u011b\u017en\u00edho n\u00e1vrhu, kter\u00fd obsad\u00ed 1.&nbsp;m\u00edsto v&nbsp;jednotliv\u00e9 sout\u011b\u017en\u00ed kategorii, z\u00edsk\u00e1 finan\u010dn\u00ed odm\u011bnu ve v\u00fd\u0161i <span class='has-zdw-color'>500 \u20ac<\/span>.        <\/p>\n    <\/div>\n<\/div><\/div>\n\n\n\n<div class=\"wp-block-column mr-800-sm is-layout-flow wp-block-column-is-layout-flow\"><div class=\"image-box \">\n        <div class=\"image-box__text\">\n        <h4 class=\"has-zdw-color\">2.&nbsp;m\u00edsto v&nbsp;jednotliv\u00e9 sout\u011b\u017en\u00ed kategorii        <\/h4>\n        <p>Autor sout\u011b\u017en\u00edho n\u00e1vrhu, kter\u00fd obsad\u00ed 2.&nbsp;m\u00edsto v&nbsp;jednotliv\u00e9 sout\u011b\u017en\u00ed kategorii, z\u00edsk\u00e1 finan\u010dn\u00ed odm\u011bnu ve v\u00fd\u0161i <span class='has-zdw-color'>300 \u20ac<\/span>.        <\/p>\n    <\/div>\n<\/div><\/div>\n\n\n\n<div class=\"wp-block-column is-layout-flow wp-block-column-is-layout-flow\"><div class=\"image-box \">\n        <div class=\"image-box__text\">\n        <h4 class=\"has-zdw-color\">3.&nbsp;m\u00edsto v&nbsp;jednotliv\u00e9 sout\u011b\u017en\u00ed kategorii        <\/h4>\n        <p>Autor sout\u011b\u017en\u00edho n\u00e1vrhu, kter\u00fd obsad\u00ed 3.&nbsp;m\u00edsto v&nbsp;jednotliv\u00e9 sout\u011b\u017en\u00ed kategorii, z\u00edsk\u00e1 finan\u010dn\u00ed odm\u011bnu ve v\u00fd\u0161i <span class='has-zdw-color'>200 \u20ac<\/span>.        <\/p>\n    <\/div>\n<\/div><\/div>\n<\/div>\n\n\n\n<div style=\"height:20px\" aria-hidden=\"true\" class=\"wp-block-spacer\"><\/div>\n\n\n<div class=\"image-box \">\n        <div class=\"image-box__text\">\n        <h4 class=\"has-zdw-color\">Media Award         <\/h4>\n        <p>Titul bonusov\u00e9 kategorie Media Award je ud\u011blen jednomu ze semifinalist\u016f sout\u011b\u017ee. V\u00fdherce navrhuje speci\u00e1ln\u00ed porota t\u00e9to kategorie \u2013 p\u0159edstavitel\u00e9 a&nbsp;z\u00e1stupci m\u00e9di\u00ed \u00fazce spojen\u00fdmi s&nbsp;designem. Vybran\u00fd design\u00e9r nebo design\u00e9rka z\u00edsk\u00e1 medi\u00e1ln\u00ed podporu sv\u00e9 tvorby.        <\/p>\n    <\/div>\n<\/div>\n\n\n<div style=\"height:100px\" aria-hidden=\"true\" class=\"wp-block-spacer is-style-small\"><\/div>\n\n\n\n<div class=\"wp-block-buttons is-horizontal is-content-justification-center is-layout-flex wp-container-core-buttons-is-layout-499968f5 wp-block-buttons-is-layout-flex\">\n<div class=\"wp-block-button\"><a class=\"wp-block-button__link wp-element-button\" href=\"https:\/\/zlindesignweek.com\/2026\/best-in-design\/pravidla-souteze\/\">Pravidla souT\u011a\u017ee<\/a><\/div>\n<\/div>\n\n\n\n<div style=\"height:20px\" aria-hidden=\"true\" class=\"wp-block-spacer\"><\/div>\n<\/div><\/div>\n\n\n\n<div style=\"height:50px\" aria-hidden=\"true\" class=\"wp-block-spacer\"><\/div>\n\n\n\n<div class=\"wp-block-group has-zdw-background-color has-background\"><div class=\"wp-block-group__inner-container is-layout-flow wp-block-group-is-layout-flow\">\n<div style=\"height:15px\" aria-hidden=\"true\" class=\"wp-block-spacer\"><\/div>\n\n\n\n<h3 class=\"wp-block-heading mb-0 has-white-color has-text-color has-link-color wp-elements-09433051c9a7367be2cf95ceb4b109e3\">O sout\u011b\u017ei<\/h3>\n\n\n\n<div class=\"wp-block-columns is-layout-flex wp-container-core-columns-is-layout-9d6595d7 wp-block-columns-is-layout-flex\">\n<div class=\"wp-block-column is-layout-flow wp-block-column-is-layout-flow\"><div class=\"image-box \">\n        <div class=\"image-box__text\">\n        <h4 class=\"has-dark-color\">Co je to Best in Design?        <\/h4>\n        <p>Best in Design je mezin\u00e1rodn\u00ed sout\u011b\u017e pro mlad\u00e9 design\u00e9ry. Ve h\u0159e jsou nejen finan\u010dn\u00ed odm\u011bny v&nbsp;rozmez\u00ed od 200 \u20ac do 1&nbsp;500 \u20ac, ale p\u0159edev\u0161\u00edm obrovsk\u00e1 p\u0159\u00edle\u017eitost z\u00edskat zp\u011btnou vazbu, nav\u00e1zat cenn\u00e9 kontakty, porovnat se s&nbsp;mlad\u00fdmi design\u00e9ry z&nbsp;cel\u00e9ho sv\u011bta, uk\u00e1zat, co v&nbsp;tob\u011b je a&nbsp;t\u0159eba i&nbsp;odstartovat svou kari\u00e9ru. Jedin\u00e9, co ti sta\u010d\u00ed k&nbsp;p\u0159ihl\u00e1\u0161en\u00ed, je odvaha a&nbsp;talent.         <\/p>\n    <\/div>\n<\/div><\/div>\n\n\n\n<div class=\"wp-block-column is-layout-flow wp-block-column-is-layout-flow\"><div class=\"image-box \">\n        <div class=\"image-box__text\">\n        <h4 class=\"has-dark-color\">Kdo m\u016f\u017ee sout\u011b\u017eit?        <\/h4>\n        <p>Do sout\u011b\u017ee se mohou p\u0159ihl\u00e1sit jak jednotlivci, tak i&nbsp;autorsk\u00e9 kolektivy ve v\u011bku do 30 let. Auto\u0159i mohou vyt\u00e1hnout v\u0161echna sv\u00e1 esa z&nbsp;ruk\u00e1vu, kter\u00e1 ale nesm\u00ed b\u00fdt star\u0161\u00ed ne\u017e 2 roky. Po\u010det prac\u00ed, kter\u00e9 lze p\u0159ihl\u00e1sit, nen\u00ed omezen\u00fd a&nbsp;ani tv\u00e1 pen\u011b\u017eenka nijak neutrp\u00ed \u2013 p\u0159ihl\u00e1\u0161ky jsou zdarma!        <\/p>\n    <\/div>\n<\/div><\/div>\n<\/div>\n\n\n\n<div class=\"wp-block-columns is-layout-flex wp-container-core-columns-is-layout-9d6595d7 wp-block-columns-is-layout-flex\">\n<div class=\"wp-block-column is-layout-flow wp-block-column-is-layout-flow\"><div class=\"image-box \">\n        <div class=\"image-box__text\">\n        <h4 class=\"has-dark-color\">4 kategorie        <\/h4>\n        <p>Ocen\u011bn\u00ed m\u016f\u017ee\u0161 z\u00edskat v&nbsp;jedn\u00e9 z&nbsp;na\u0161ich \u010dty\u0159 sout\u011b\u017en\u00edch kategori\u00ed \u2013 Product &amp; Industrial Design, Fashion Design, Communication Design a&nbsp;Service Design a&nbsp;usilovat m\u016f\u017ee\u0161 i&nbsp;o&nbsp;hlavn\u00ed titul Best in Design. Tv\u00e1 pr\u00e1ce m\u016f\u017ee b\u00fdt tak\u00e9 ocen\u011bna v&nbsp;bonusov\u00e9 kategorii Media Award.         <\/p>\n    <\/div>\n<\/div><\/div>\n\n\n\n<div class=\"wp-block-column is-layout-flow wp-block-column-is-layout-flow\"><div class=\"image-box \">\n        <div class=\"image-box__text\">\n        <h4 class=\"has-dark-color\">Pro\u010d se neb\u00e1t riskovat a&nbsp;p\u0159ihl\u00e1sit se?        <\/h4>\n        <p>Proto\u017ee risk je zisk a&nbsp;v&nbsp;Best in Design nelze nic ztratit, jen z\u00edskat! Odm\u011bnu, zku\u0161enosti, kontakty, p\u0159\u00edle\u017eitosti, inspiraci a&nbsp;mnoho dal\u0161\u00edch. Jde jen o&nbsp;to uk\u00e1zat, \u017ee design je tv\u00e1 srdcov\u00e1 z\u00e1le\u017eitost.        <\/p>\n    <\/div>\n<\/div><\/div>\n<\/div>\n\n\n\n<div style=\"height:15px\" aria-hidden=\"true\" class=\"wp-block-spacer\"><\/div>\n<\/div><\/div>\n\n\n\n<div style=\"height:10px\" aria-hidden=\"true\" class=\"wp-block-spacer\"><\/div>\n\n\n\n<div class=\"wp-block-group bid-porota-group\"><div class=\"wp-block-group__inner-container is-layout-flow wp-block-group-is-layout-flow\">\n<h2 class=\"wp-block-heading is-style-h3\" id=\"judges\">porota Leto\u0161n\u00edho ro\u010dn\u00edku<\/h2>\n\n\n<a href=\"https:\/\/zlindesignweek.com\/2026\/porotce\/dan-zucco\/\"\n    class=\"no-decoration\">\n    <div class=\"person-item\">\n        <img loading=\"lazy\" decoding=\"async\" width=\"560\" height=\"667\" src=\"https:\/\/zlindesignweek.com\/2026\/wp-content\/uploads\/2024\/11\/dan-zucco-560x667.png\" class=\"attachment-portrait size-portrait wp-post-image\" alt=\"\" \/>        <div class=\"person-item__bottom\">\n            <div class=\"person-item__text\">\n                <h4 class=\"h5\">Dan Zucco                <\/h4>\n                <small>Communication Design<\/small>\n            <\/div>\n            <div class=\"person-item__button\">\n                \u2192\n            <\/div>\n        <\/div>\n    <\/div>\n<\/a>\n\n\n<a href=\"https:\/\/zlindesignweek.com\/2026\/porotce\/anna-maresova\/\"\n    class=\"no-decoration\">\n    <div class=\"person-item\">\n        <img loading=\"lazy\" decoding=\"async\" width=\"560\" height=\"667\" src=\"https:\/\/zlindesignweek.com\/2026\/wp-content\/uploads\/2025\/12\/proind-anna-maresova-e1765564202241-560x667.jpg\" class=\"attachment-portrait size-portrait wp-post-image\" alt=\"\" \/>        <div class=\"person-item__bottom\">\n            <div class=\"person-item__text\">\n                <h4 class=\"h5\">Anna Mare\u0161ov\u00e1                <\/h4>\n                <small>Product &#038; Industrial Design<\/small>\n            <\/div>\n            <div class=\"person-item__button\">\n                \u2192\n            <\/div>\n        <\/div>\n    <\/div>\n<\/a>\n\n\n<a href=\"https:\/\/zlindesignweek.com\/2026\/porotce\/marek-kuzminski\/\"\n    class=\"no-decoration\">\n    <div class=\"person-item\">\n        <img loading=\"lazy\" decoding=\"async\" width=\"560\" height=\"667\" src=\"https:\/\/zlindesignweek.com\/2026\/wp-content\/uploads\/2024\/11\/marek-kuzminski-1-560x667.jpg\" class=\"attachment-portrait size-portrait wp-post-image\" alt=\"\" \/>        <div class=\"person-item__bottom\">\n            <div class=\"person-item__text\">\n                <h4 class=\"h5\">Marek Ku\u017ami\u0144ski                <\/h4>\n                <small>Product &#038; Industrial Design<\/small>\n            <\/div>\n            <div class=\"person-item__button\">\n                \u2192\n            <\/div>\n        <\/div>\n    <\/div>\n<\/a>\n\n\n<a href=\"https:\/\/zlindesignweek.com\/2026\/porotce\/matej-kaninsky-2\/\"\n    class=\"no-decoration\">\n    <div class=\"person-item\">\n        <img loading=\"lazy\" decoding=\"async\" width=\"560\" height=\"667\" src=\"https:\/\/zlindesignweek.com\/2026\/wp-content\/uploads\/2025\/12\/ser-matej-kaninsky-e1765560252372-560x667.jpg\" class=\"attachment-portrait size-portrait wp-post-image\" alt=\"\" \/>        <div class=\"person-item__bottom\">\n            <div class=\"person-item__text\">\n                <h4 class=\"h5\">Mat\u011bj K\u00e1ninsk\u00fd                <\/h4>\n                <small>Service Design<\/small>\n            <\/div>\n            <div class=\"person-item__button\">\n                \u2192\n            <\/div>\n        <\/div>\n    <\/div>\n<\/a>\n\n\n<a href=\"https:\/\/zlindesignweek.com\/2026\/porotce\/milan-florian-flicek-2\/\"\n    class=\"no-decoration\">\n    <div class=\"person-item\">\n        <img loading=\"lazy\" decoding=\"async\" width=\"560\" height=\"667\" src=\"https:\/\/zlindesignweek.com\/2026\/wp-content\/uploads\/2025\/12\/fas-milan-flicek-560x667.jpg\" class=\"attachment-portrait size-portrait wp-post-image\" alt=\"\" \/>        <div class=\"person-item__bottom\">\n            <div class=\"person-item__text\">\n                <h4 class=\"h5\">Milan Flori\u00e1n Fl\u00ed\u010dek                <\/h4>\n                <small>Fashion Design<\/small>\n            <\/div>\n            <div class=\"person-item__button\">\n                \u2192\n            <\/div>\n        <\/div>\n    <\/div>\n<\/a>\n\n\n<a href=\"https:\/\/zlindesignweek.com\/2026\/porotce\/veronika-parizkova-2\/\"\n    class=\"no-decoration\">\n    <div class=\"person-item\">\n        <img loading=\"lazy\" decoding=\"async\" width=\"560\" height=\"667\" src=\"https:\/\/zlindesignweek.com\/2026\/wp-content\/uploads\/2023\/01\/veronika-parizkova-560x667.jpg\" class=\"attachment-portrait size-portrait wp-post-image\" alt=\"\" \/>        <div class=\"person-item__bottom\">\n            <div class=\"person-item__text\">\n                <h4 class=\"h5\">Veronika Pa\u0159\u00edzkov\u00e1                <\/h4>\n                <small>Media award<\/small>\n            <\/div>\n            <div class=\"person-item__button\">\n                \u2192\n            <\/div>\n        <\/div>\n    <\/div>\n<\/a>\n\n\n<a href=\"https:\/\/zlindesignweek.com\/2026\/porotce\/karolina-menclerova\/\"\n    class=\"no-decoration\">\n    <div class=\"person-item\">\n        <img loading=\"lazy\" decoding=\"async\" width=\"560\" height=\"667\" src=\"https:\/\/zlindesignweek.com\/2026\/wp-content\/uploads\/2025\/12\/ser-karolina-menclerova-560x667.jpg\" class=\"attachment-portrait size-portrait wp-post-image\" alt=\"\" \/>        <div class=\"person-item__bottom\">\n            <div class=\"person-item__text\">\n                <h4 class=\"h5\">Karol\u00edna Menclerov\u00e1                <\/h4>\n                <small>Service Design<\/small>\n            <\/div>\n            <div class=\"person-item__button\">\n                \u2192\n            <\/div>\n        <\/div>\n    <\/div>\n<\/a>\n\n\n<a href=\"https:\/\/zlindesignweek.com\/2026\/porotce\/agnieszka-bujas-2\/\"\n    class=\"no-decoration\">\n    <div class=\"person-item\">\n        <img loading=\"lazy\" decoding=\"async\" width=\"560\" height=\"667\" src=\"https:\/\/zlindesignweek.com\/2026\/wp-content\/uploads\/2025\/12\/proind-agnieszka-bujas-560x667.png\" class=\"attachment-portrait size-portrait wp-post-image\" alt=\"\" \/>        <div class=\"person-item__bottom\">\n            <div class=\"person-item__text\">\n                <h4 class=\"h5\">Agnieszka Bujas                <\/h4>\n                <small>Product &#038; Industrial Design<\/small>\n            <\/div>\n            <div class=\"person-item__button\">\n                \u2192\n            <\/div>\n        <\/div>\n    <\/div>\n<\/a>\n\n\n<a href=\"https:\/\/zlindesignweek.com\/2026\/porotce\/janka-csernak\/\"\n    class=\"no-decoration\">\n    <div class=\"person-item\">\n        <img loading=\"lazy\" decoding=\"async\" width=\"560\" height=\"667\" src=\"https:\/\/zlindesignweek.com\/2026\/wp-content\/uploads\/2024\/01\/janka-csernak-3-560x667.jpg\" class=\"attachment-portrait size-portrait wp-post-image\" alt=\"\" \/>        <div class=\"person-item__bottom\">\n            <div class=\"person-item__text\">\n                <h4 class=\"h5\">Janka Csern\u00e1k                <\/h4>\n                <small>Service Design<\/small>\n            <\/div>\n            <div class=\"person-item__button\">\n                \u2192\n            <\/div>\n        <\/div>\n    <\/div>\n<\/a>\n\n\n<a href=\"https:\/\/zlindesignweek.com\/2026\/porotce\/daria-dembicka-2\/\"\n    class=\"no-decoration\">\n    <div class=\"person-item\">\n        <img loading=\"lazy\" decoding=\"async\" width=\"560\" height=\"667\" src=\"https:\/\/zlindesignweek.com\/2026\/wp-content\/uploads\/2025\/12\/fas-daria-dembicka-1-560x667.jpg\" class=\"attachment-portrait size-portrait wp-post-image\" alt=\"\" \/>        <div class=\"person-item__bottom\">\n            <div class=\"person-item__text\">\n                <h4 class=\"h5\">Daria Dembicka                <\/h4>\n                <small>Fashion Design<\/small>\n            <\/div>\n            <div class=\"person-item__button\">\n                \u2192\n            <\/div>\n        <\/div>\n    <\/div>\n<\/a>\n\n\n<a href=\"https:\/\/zlindesignweek.com\/2026\/porotce\/zuzana-vrabelova-2\/\"\n    class=\"no-decoration\">\n    <div class=\"person-item\">\n        <img loading=\"lazy\" decoding=\"async\" width=\"560\" height=\"667\" src=\"https:\/\/zlindesignweek.com\/2026\/wp-content\/uploads\/2025\/12\/fas-zuzana-vrabelova-560x667.jpg\" class=\"attachment-portrait size-portrait wp-post-image\" alt=\"\" \/>        <div class=\"person-item__bottom\">\n            <div class=\"person-item__text\">\n                <h4 class=\"h5\">Zuzana Vr\u00e1be\u013eov\u00e1                <\/h4>\n                <small>Fashion Design<\/small>\n            <\/div>\n            <div class=\"person-item__button\">\n                \u2192\n            <\/div>\n        <\/div>\n    <\/div>\n<\/a>\n\n\n<a href=\"https:\/\/zlindesignweek.com\/2026\/porotce\/dalibor-itze-2\/\"\n    class=\"no-decoration\">\n    <div class=\"person-item\">\n        <img loading=\"lazy\" decoding=\"async\" width=\"450\" height=\"667\" src=\"https:\/\/zlindesignweek.com\/2026\/wp-content\/uploads\/2025\/12\/com-dalibor-itze-450x667.jpg\" class=\"attachment-portrait size-portrait wp-post-image\" alt=\"\" \/>        <div class=\"person-item__bottom\">\n            <div class=\"person-item__text\">\n                <h4 class=\"h5\">Dalibor Itze                <\/h4>\n                <small>Communication Design<\/small>\n            <\/div>\n            <div class=\"person-item__button\">\n                \u2192\n            <\/div>\n        <\/div>\n    <\/div>\n<\/a>\n\n\n<a href=\"https:\/\/zlindesignweek.com\/2026\/porotce\/kamila-stepnickova-2\/\"\n    class=\"no-decoration\">\n    <div class=\"person-item\">\n        <img loading=\"lazy\" decoding=\"async\" width=\"560\" height=\"667\" src=\"https:\/\/zlindesignweek.com\/2026\/wp-content\/uploads\/2025\/12\/com-kamila-stepnickova-560x667.jpeg\" class=\"attachment-portrait size-portrait wp-post-image\" alt=\"\" \/>        <div class=\"person-item__bottom\">\n            <div class=\"person-item__text\">\n                <h4 class=\"h5\">Kamila \u0160t\u011bpni\u010dkov\u00e1                <\/h4>\n                <small>Communication Design<\/small>\n            <\/div>\n            <div class=\"person-item__button\">\n                \u2192\n            <\/div>\n        <\/div>\n    <\/div>\n<\/a>\n\n\n<a href=\"https:\/\/zlindesignweek.com\/2026\/porotce\/michaela-banzetova-2\/\"\n    class=\"no-decoration\">\n    <div class=\"person-item\">\n        <img loading=\"lazy\" decoding=\"async\" width=\"560\" height=\"667\" src=\"https:\/\/zlindesignweek.com\/2026\/wp-content\/uploads\/2025\/12\/med-michaela-banzetova-560x667.jpg\" class=\"attachment-portrait size-portrait wp-post-image\" alt=\"\" \/>        <div class=\"person-item__bottom\">\n            <div class=\"person-item__text\">\n                <h4 class=\"h5\">Michaela Banzetov\u00e1                <\/h4>\n                <small>Media award<\/small>\n            <\/div>\n            <div class=\"person-item__button\">\n                \u2192\n            <\/div>\n        <\/div>\n    <\/div>\n<\/a>\n\n\n<a href=\"https:\/\/zlindesignweek.com\/2026\/porotce\/jan-kudlacek-2\/\"\n    class=\"no-decoration\">\n    <div class=\"person-item\">\n        <img loading=\"lazy\" decoding=\"async\" width=\"560\" height=\"667\" src=\"https:\/\/zlindesignweek.com\/2026\/wp-content\/uploads\/2025\/12\/med-jan-kudlacek.jpg\" class=\"attachment-portrait size-portrait wp-post-image\" alt=\"\" srcset=\"https:\/\/zlindesignweek.com\/2026\/wp-content\/uploads\/2025\/12\/med-jan-kudlacek.jpg 560w, https:\/\/zlindesignweek.com\/2026\/wp-content\/uploads\/2025\/12\/med-jan-kudlacek-500x596.jpg 500w, https:\/\/zlindesignweek.com\/2026\/wp-content\/uploads\/2025\/12\/med-jan-kudlacek-250x298.jpg 250w\" sizes=\"auto, (max-width: 560px) 100vw, 560px\" \/>        <div class=\"person-item__bottom\">\n            <div class=\"person-item__text\">\n                <h4 class=\"h5\">Jan Kudl\u00e1\u010dek                <\/h4>\n                <small>Media award<\/small>\n            <\/div>\n            <div class=\"person-item__button\">\n                \u2192\n            <\/div>\n        <\/div>\n    <\/div>\n<\/a>\n<\/div><\/div>\n\n\n\n<div class=\"wp-block-group pt-md-1 pb-md-3\"><div class=\"wp-block-group__inner-container is-layout-flow wp-block-group-is-layout-flow\">\n<h2 class=\"wp-block-heading is-style-h3\">Jak vypadalo minul\u00e9 vyhl\u00e1\u0161en\u00ed Best in Design 2025?<\/h2>\n\n\n\n<figure class=\"wp-block-embed is-type-video is-provider-youtube wp-block-embed-youtube wp-embed-aspect-16-9 wp-has-aspect-ratio\"><div class=\"wp-block-embed__wrapper\">\n<iframe loading=\"lazy\" title=\"ZLIN DESIGN WEEK 2025 | AFTERMOVIE\" width=\"500\" height=\"281\" src=\"https:\/\/www.youtube.com\/embed\/_UuXuY3f1M4?feature=oembed\" frameborder=\"0\" allow=\"accelerometer; autoplay; clipboard-write; encrypted-media; gyroscope; picture-in-picture; web-share\" referrerpolicy=\"strict-origin-when-cross-origin\" allowfullscreen><\/iframe>\n<\/div><\/figure>\n<\/div><\/div>\n","protected":false},"excerpt":{"rendered":"Sout\u011b\u017en\u00ed kategorie Product &amp; Industrial Design Design produkt\u016f, interi\u00e9ru, n\u00e1bytku, n\u00e1stroj\u016f, za\u0159\u00edzen\u00ed a&nbsp;dal\u0161\u00ed Fashion Design Design od\u011bvu, textiln\u00ed tvorby, obuvi, galanterie, \u0161perk\u016f a&nbsp;dal\u0161\u00ed Communication Design [&hellip;]","protected":false},"author":33,"featured_media":0,"parent":0,"menu_order":0,"comment_status":"closed","ping_status":"closed","template":"templates\/no-title.php","meta":{"_acf_changed":false,"footnotes":""},"class_list":["post-193","page","type-page","status-publish","hentry"],"acf":[],"_links":{"self":[{"href":"https:\/\/zlindesignweek.com\/2026\/wp-json\/wp\/v2\/pages\/193","targetHints":{"allow":["GET"]}}],"collection":[{"href":"https:\/\/zlindesignweek.com\/2026\/wp-json\/wp\/v2\/pages"}],"about":[{"href":"https:\/\/zlindesignweek.com\/2026\/wp-json\/wp\/v2\/types\/page"}],"author":[{"embeddable":true,"href":"https:\/\/zlindesignweek.com\/2026\/wp-json\/wp\/v2\/users\/33"}],"replies":[{"embeddable":true,"href":"https:\/\/zlindesignweek.com\/2026\/wp-json\/wp\/v2\/comments?post=193"}],"version-history":[{"count":511,"href":"https:\/\/zlindesignweek.com\/2026\/wp-json\/wp\/v2\/pages\/193\/revisions"}],"predecessor-version":[{"id":40617,"href":"https:\/\/zlindesignweek.com\/2026\/wp-json\/wp\/v2\/pages\/193\/revisions\/40617"}],"wp:attachment":[{"href":"https:\/\/zlindesignweek.com\/2026\/wp-json\/wp\/v2\/media?parent=193"}],"curies":[{"name":"wp","href":"https:\/\/api.w.org\/{rel}","templated":true}]}}