{"id":17,"date":"2019-12-20T17:33:37","date_gmt":"2019-12-20T16:33:37","guid":{"rendered":"http:\/\/zlindesignweek.com\/2021\/?page_id=17"},"modified":"2026-01-07T22:43:44","modified_gmt":"2026-01-07T21:43:44","slug":"kontakty","status":"publish","type":"page","link":"https:\/\/zlindesignweek.com\/2026\/zdw\/kontakty\/","title":{"rendered":"Kontakty"},"content":{"rendered":"\n<div class=\"wp-block-group is-style-default\"><div class=\"wp-block-group__inner-container is-layout-constrained wp-block-group-is-layout-constrained\">\n<h3 class=\"wp-block-heading\"><strong>Veden\u00ed festivalu<\/strong><\/h3>\n\n\n<div class=\"contact-person mr-sm \">\n        <img decoding=\"async\" src=\"https:\/\/zlindesignweek.com\/2026\/wp-content\/uploads\/2025\/11\/eliska-janeckova-560x667.jpg\"\n        alt=\"\" \/>\n        <div class=\"contact-person__content\">\n                <h4 class=\"mb-0\">Eli\u0161ka Jane\u010dkov\u00e1        <\/h4>\n                        <p class=\"caption text-uppercase strong\">\u0158editelka festivalu        <\/p>\n                        <p><a\n                href=\"mailto:eliska.janeckova@zlindesignweek.com\">eliska.janeckova@zlindesignweek.com<\/a><\/p>\n                        <p>+420&nbsp;603&nbsp;981&nbsp;511        <\/p>\n            <\/div>\n<\/div>\n\n<div class=\"contact-person mr-sm \">\n        <img decoding=\"async\" src=\"https:\/\/zlindesignweek.com\/2026\/wp-content\/uploads\/2025\/11\/bara-kolondrova-560x667.jpg\"\n        alt=\"\" \/>\n        <div class=\"contact-person__content\">\n                <h4 class=\"mb-0\">B\u00e1ra Kolondrov\u00e1        <\/h4>\n                        <p class=\"caption text-uppercase strong\">\u0158editelka festivalu        <\/p>\n                        <p><a\n                href=\"mailto:bara.kolondrova@zlindesignweek.com\">bara.kolondrova@zlindesignweek.com<\/a><\/p>\n                        <p>+420&nbsp;777&nbsp;756&nbsp;131        <\/p>\n            <\/div>\n<\/div>\n\n<div class=\"contact-person mr-sm \">\n        <img decoding=\"async\" src=\"https:\/\/zlindesignweek.com\/2026\/wp-content\/uploads\/2025\/11\/portrety-3-560x667.jpg\"\n        alt=\"\" \/>\n        <div class=\"contact-person__content\">\n                <h4 class=\"mb-0\">Nat\u00e1lie Vencovsk\u00e1        <\/h4>\n                        <p class=\"caption text-uppercase strong\">Dramaturgyn\u011b         <\/p>\n                        <p><a\n                href=\"mailto:natalie.vencovska@zlindesignweek.com\">natalie.vencovska@zlindesignweek.com<\/a><\/p>\n                        <p>+420&nbsp;731&nbsp;954&nbsp;699        <\/p>\n            <\/div>\n<\/div><\/div><\/div>\n\n\n\n<div class=\"wp-block-group\"><div class=\"wp-block-group__inner-container is-layout-constrained wp-block-group-is-layout-constrained\">\n<h3 class=\"wp-block-heading\"><strong>Marketing festivalu<\/strong><\/h3>\n\n\n<div class=\"contact-person mr-sm \">\n        <img decoding=\"async\" src=\"https:\/\/zlindesignweek.com\/2026\/wp-content\/uploads\/2025\/11\/eva-sevcikova-560x667.jpg\"\n        alt=\"\" \/>\n        <div class=\"contact-person__content\">\n                <h4 class=\"mb-0\">Eva \u0160ev\u010d\u00edkov\u00e1        <\/h4>\n                        <p class=\"caption text-uppercase strong\">Marketingov\u00e1 \u0159editelka &amp; tiskov\u00e1 mluv\u010d\u00ed        <\/p>\n                        <p><a\n                href=\"mailto:eva.sevcikova@zlindesignweek.com\">eva.sevcikova@zlindesignweek.com<\/a><\/p>\n                        <p>+420&nbsp;723&nbsp;457&nbsp;715        <\/p>\n            <\/div>\n<\/div>\n\n<div class=\"contact-person mr-sm \">\n        <img decoding=\"async\" src=\"https:\/\/zlindesignweek.com\/2026\/wp-content\/uploads\/2025\/11\/anna-gregarova-scaled-e1762784269374-560x667.jpg\"\n        alt=\"\" \/>\n        <div class=\"contact-person__content\">\n                <h4 class=\"mb-0\">Anna Gregarov\u00e1        <\/h4>\n                        <p class=\"caption text-uppercase strong\">PR MANA\u017dERKA        <\/p>\n                        <p><a\n                href=\"mailto:anna.gregarova@zlindesignweek.com\">anna.gregarova@zlindesignweek.com<\/a><\/p>\n                        <p>+420&nbsp;733&nbsp;428&nbsp;925        <\/p>\n            <\/div>\n<\/div>\n\n<div class=\"contact-person mr-sm \">\n        <img decoding=\"async\" src=\"https:\/\/zlindesignweek.com\/2026\/wp-content\/uploads\/2025\/11\/jw0a0091-560x667.jpg\"\n        alt=\"\" \/>\n        <div class=\"contact-person__content\">\n                <h4 class=\"mb-0\">Anna Darebn\u00ed\u010dkov\u00e1        <\/h4>\n                        <p class=\"caption text-uppercase strong\">MANA\u017dERKA OFFLINE PROPAGACE        <\/p>\n                        <p><a\n                href=\"mailto:anna.darebnickova@zlindesignweek.com\">anna.darebnickova@zlindesignweek.com<\/a><\/p>\n                        <p>+420&nbsp;721&nbsp;948&nbsp;952        <\/p>\n            <\/div>\n<\/div>\n\n<div class=\"contact-person mr-sm \">\n        <img decoding=\"async\" src=\"https:\/\/zlindesignweek.com\/2026\/wp-content\/uploads\/2025\/11\/jw0a0152-560x667.jpg\"\n        alt=\"\" \/>\n        <div class=\"contact-person__content\">\n                <h4 class=\"mb-0\">Al\u017eb\u011bta Kristina Viskupov\u00e1        <\/h4>\n                        <p class=\"caption text-uppercase strong\">MANA\u017dERKA AUDIOVIZE        <\/p>\n                                <p>+421&nbsp;911&nbsp;898&nbsp;225         <\/p>\n            <\/div>\n<\/div>\n\n<div class=\"contact-person mr-sm \">\n        <img decoding=\"async\" src=\"https:\/\/zlindesignweek.com\/2026\/wp-content\/uploads\/2025\/11\/katerina-pelinkova-560x667.jpg\"\n        alt=\"\" \/>\n        <div class=\"contact-person__content\">\n                <h4 class=\"mb-0\">Kate\u0159ina Pelinkov\u00e1        <\/h4>\n                        <p class=\"caption text-uppercase strong\">MANA\u017dERKA SOCI\u00c1LN\u00cdCH S\u00cdT\u00cd         <\/p>\n                        <p><a\n                href=\"mailto:katerina.pelinkova@zlindesignweek.com\">katerina.pelinkova@zlindesignweek.com<\/a><\/p>\n                        <p>+420&nbsp;607&nbsp;393&nbsp;265        <\/p>\n            <\/div>\n<\/div>\n\n<div class=\"contact-person mr-sm \">\n        <img decoding=\"async\" src=\"https:\/\/zlindesignweek.com\/2026\/wp-content\/uploads\/2025\/11\/jw0a0199-560x667.jpg\"\n        alt=\"\" \/>\n        <div class=\"contact-person__content\">\n                <h4 class=\"mb-0\">Elizaveta Marchkova        <\/h4>\n                        <p class=\"caption text-uppercase strong\">MANA\u017dERKA FOTOGRAF\u016e        <\/p>\n                                <p>+420&nbsp;797&nbsp;709&nbsp;869        <\/p>\n            <\/div>\n<\/div>\n\n\n<h3 class=\"wp-block-heading\"><strong>Hlavn\u00ed programov\u00e9 \u010d\u00e1sti festivalu<\/strong><\/h3>\n\n\n<div class=\"contact-person mr-sm \">\n        <img decoding=\"async\" src=\"https:\/\/zlindesignweek.com\/2026\/wp-content\/uploads\/2025\/11\/sarka-dolezalova-scaled-e1762952320462-560x667.jpg\"\n        alt=\"\" \/>\n        <div class=\"contact-person__content\">\n                <h4 class=\"mb-0\">\u0160\u00e1rka Dole\u017ealov\u00e1        <\/h4>\n                        <p class=\"caption text-uppercase strong\">\u0158EDITELKA SOUT\u011a\u017dE BEST IN DESIGN         <\/p>\n                        <p><a\n                href=\"mailto:sarka.dolezalova@zlindesignweek.com\">sarka.dolezalova@zlindesignweek.com<\/a><\/p>\n                        <p>+420&nbsp;737&nbsp;545&nbsp;779        <\/p>\n            <\/div>\n<\/div>\n\n<div class=\"contact-person mr-sm \">\n        <img decoding=\"async\" src=\"https:\/\/zlindesignweek.com\/2026\/wp-content\/uploads\/2025\/11\/emma-matisko-560x667.jpg\"\n        alt=\"\" \/>\n        <div class=\"contact-person__content\">\n                <h4 class=\"mb-0\">Emma Matisko        <\/h4>\n                        <p class=\"caption text-uppercase strong\">MANA\u017dERKA DESIGN KANT\u00ddNY        <\/p>\n                        <p><a\n                href=\"mailto:emma.matisko@zlindesignweek.com\">emma.matisko@zlindesignweek.com<\/a><\/p>\n                        <p>+420&nbsp;733&nbsp;710&nbsp;703        <\/p>\n            <\/div>\n<\/div>\n\n<div class=\"contact-person mr-sm \">\n        <img decoding=\"async\" src=\"https:\/\/zlindesignweek.com\/2026\/wp-content\/uploads\/2025\/11\/jw0a0056-560x667.jpg\"\n        alt=\"\" \/>\n        <div class=\"contact-person__content\">\n                <h4 class=\"mb-0\">Kate\u0159ina Johanka Krahul\u00edkov\u00e1        <\/h4>\n                        <p class=\"caption text-uppercase strong\">mana\u017eerka fashion show        <\/p>\n                        <p><a\n                href=\"mailto:katerina.krahulikova@zlindesignweek.com\">katerina.krahulikova@zlindesignweek.com<\/a><\/p>\n                        <p>+420&nbsp;773&nbsp;054&nbsp;555        <\/p>\n            <\/div>\n<\/div>\n\n<div class=\"contact-person mr-sm \">\n        <img decoding=\"async\" src=\"https:\/\/zlindesignweek.com\/2026\/wp-content\/uploads\/2025\/11\/anezkahlavata-560x667.jpg\"\n        alt=\"\" \/>\n        <div class=\"contact-person__content\">\n                <h4 class=\"mb-0\">Ane\u017eka Hlavat\u00e1        <\/h4>\n                        <p class=\"caption text-uppercase strong\">Mana\u017eerka Fashion show        <\/p>\n                        <p><a\n                href=\"mailto:anezka.hlavata@zlindesignweek.com\">anezka.hlavata@zlindesignweek.com<\/a><\/p>\n                        <p>+420&nbsp;605&nbsp;023&nbsp;189        <\/p>\n            <\/div>\n<\/div>\n\n<div class=\"contact-person mr-sm \">\n        <img decoding=\"async\" src=\"https:\/\/zlindesignweek.com\/2026\/wp-content\/uploads\/2025\/11\/89a7027-560x667.jpg\"\n        alt=\"\" \/>\n        <div class=\"contact-person__content\">\n                <h4 class=\"mb-0\">Mari\u00e1n Cip\u00e1r        <\/h4>\n                        <p class=\"caption text-uppercase strong\">MANA\u017dER V\u00ddSTAV        <\/p>\n                        <p><a\n                href=\"mailto:marian.cipar@zlindesignweek.com\">marian.cipar@zlindesignweek.com<\/a><\/p>\n                        <p>+421&nbsp;944&nbsp;022&nbsp;620        <\/p>\n            <\/div>\n<\/div>\n\n\n<h3 class=\"wp-block-heading\"><strong>Doprovodn\u00e9 programov\u00e9 \u010d\u00e1sti festivalu<\/strong><\/h3>\n\n\n<div class=\"contact-person mr-sm \">\n        <img decoding=\"async\" src=\"https:\/\/zlindesignweek.com\/2026\/wp-content\/uploads\/2025\/11\/karin-dugasova-560x667.jpg\"\n        alt=\"\" \/>\n        <div class=\"contact-person__content\">\n                <h4 class=\"mb-0\">Karin Dugasov\u00e1        <\/h4>\n                        <p class=\"caption text-uppercase strong\">Koordin\u00e1torka doprovodn\u00e9ho programu        <\/p>\n                        <p><a\n                href=\"mailto:karin.dugasova@zlindesignweek.com\">karin.dugasova@zlindesignweek.com<\/a><\/p>\n                        <p>+420&nbsp;702&nbsp;098&nbsp;043        <\/p>\n            <\/div>\n<\/div>\n\n<div class=\"contact-person mr-sm \">\n        <img decoding=\"async\" src=\"https:\/\/zlindesignweek.com\/2026\/wp-content\/uploads\/2025\/11\/89a7033-560x667.jpg\"\n        alt=\"\" \/>\n        <div class=\"contact-person__content\">\n                <h4 class=\"mb-0\">Mat\u011bj Pe\u0161ek        <\/h4>\n                        <p class=\"caption text-uppercase strong\">Hlavn\u00ed produk\u010dn\u00ed festivalu &amp; Pecha Kucha        <\/p>\n                        <p><a\n                href=\"mailto:matej.pesek@zlindesignweek.com\">matej.pesek@zlindesignweek.com<\/a><\/p>\n                        <p>+420&nbsp;722&nbsp;952&nbsp;351        <\/p>\n            <\/div>\n<\/div>\n\n<div class=\"contact-person mr-sm \">\n        <img decoding=\"async\" src=\"https:\/\/zlindesignweek.com\/2026\/wp-content\/uploads\/2025\/11\/jw0a0102-scaled-e1762789191606-560x667.jpg\"\n        alt=\"\" \/>\n        <div class=\"contact-person__content\">\n                <h4 class=\"mb-0\">Ond\u0159ej Stan\u011bk        <\/h4>\n                        <p class=\"caption text-uppercase strong\">Mana\u017eer Pecha Kucha        <\/p>\n                        <p><a\n                href=\"mailto:ondrej.stanek@zlindesignweek.com\">ondrej.stanek@zlindesignweek.com<\/a><\/p>\n                        <p>+420&nbsp;731&nbsp;560&nbsp;687        <\/p>\n            <\/div>\n<\/div>\n\n<div class=\"contact-person mr-sm \">\n        <img decoding=\"async\" src=\"https:\/\/zlindesignweek.com\/2026\/wp-content\/uploads\/2025\/11\/jw0a9958-560x667.jpg\"\n        alt=\"\" \/>\n        <div class=\"contact-person__content\">\n                <h4 class=\"mb-0\">Kate\u0159ina \u010ctvrte\u010dkov\u00e1        <\/h4>\n                        <p class=\"caption text-uppercase strong\">Mana\u017eerka workshop\u016f         <\/p>\n                        <p><a\n                href=\"mailto:katerina.ctvrteckova@zlindesignweek.com\">katerina.ctvrteckova@zlindesignweek.com<\/a><\/p>\n                        <p>+420&nbsp;605&nbsp;503&nbsp;968        <\/p>\n            <\/div>\n<\/div>\n\n<div class=\"contact-person mr-sm \">\n        <img decoding=\"async\" src=\"https:\/\/zlindesignweek.com\/2026\/wp-content\/uploads\/2025\/11\/nikol-postulkova-560x667.jpg\"\n        alt=\"\" \/>\n        <div class=\"contact-person__content\">\n                <h4 class=\"mb-0\">Nikol Po\u0161tulkov\u00e1        <\/h4>\n                        <p class=\"caption text-uppercase strong\">Mana\u017eerka design marketu        <\/p>\n                        <p><a\n                href=\"mailto:nikol.postulkova@zlindesignweek.com\">nikol.postulkova@zlindesignweek.com<\/a><\/p>\n                        <p>+420&nbsp;739&nbsp;268&nbsp;106        <\/p>\n            <\/div>\n<\/div>\n\n<div class=\"contact-person mr-sm \">\n        <img decoding=\"async\" src=\"https:\/\/zlindesignweek.com\/2026\/wp-content\/uploads\/2025\/12\/amalie-herichova-560x667.jpeg\"\n        alt=\"\" \/>\n        <div class=\"contact-person__content\">\n                <h4 class=\"mb-0\">Am\u00e1lie Herichov\u00e1        <\/h4>\n                        <p class=\"caption text-uppercase strong\">Mana\u017eerka hudebn\u00edho programu        <\/p>\n                        <p><a\n                href=\"mailto:amalie.herichova@zlindesignweek.com\">amalie.herichova@zlindesignweek.com<\/a><\/p>\n                        <p>+420&nbsp;722&nbsp;667&nbsp;804        <\/p>\n            <\/div>\n<\/div>\n\n\n<h3 class=\"wp-block-heading\"><strong>Vizu\u00e1ln\u00ed identita festivalu<\/strong><\/h3>\n\n\n<div class=\"contact-person mr-sm \">\n        <img decoding=\"async\" src=\"https:\/\/zlindesignweek.com\/2026\/wp-content\/uploads\/2025\/11\/dsc04098-e1763461520656-560x667.jpg\"\n        alt=\"\" \/>\n        <div class=\"contact-person__content\">\n                <h4 class=\"mb-0\">Vojt\u011bch Kova\u0159\u00edk        <\/h4>\n                        <p class=\"caption text-uppercase strong\">Um\u011bleck\u00fd \u0159editel        <\/p>\n                        <p><a\n                href=\"mailto:vojtech.kovarik@zlindesignweek.com\">vojtech.kovarik@zlindesignweek.com<\/a><\/p>\n                        <p>+420&nbsp;736&nbsp;229&nbsp;665        <\/p>\n            <\/div>\n<\/div>\n\n<div class=\"contact-person mr-sm \">\n        <img decoding=\"async\" src=\"https:\/\/zlindesignweek.com\/2026\/wp-content\/uploads\/2025\/11\/jw0a9976-560x667.jpg\"\n        alt=\"\" \/>\n        <div class=\"contact-person__content\">\n                <h4 class=\"mb-0\">Ond\u0159ej Bubl\u00edk        <\/h4>\n                        <p class=\"caption text-uppercase strong\">MANA\u017dER GRAFICK\u00c9HO DESIGNU        <\/p>\n                                <p>+420&nbsp;773&nbsp;177&nbsp;609        <\/p>\n            <\/div>\n<\/div>\n\n<div class=\"contact-person mr-sm \">\n        <img decoding=\"async\" src=\"https:\/\/zlindesignweek.com\/2026\/wp-content\/uploads\/2025\/11\/jw0a9995-560x667.jpg\"\n        alt=\"\" \/>\n        <div class=\"contact-person__content\">\n                <h4 class=\"mb-0\">Ond\u0159ej Muro\u0148        <\/h4>\n                        <p class=\"caption text-uppercase strong\">MANA\u017dER ARCHITEKTURY A&nbsp;DESIGNU FESTIVALU        <\/p>\n                        <p><a\n                href=\"mailto:ondrej.muron@zlindesignweek.com\">ondrej.muron@zlindesignweek.com<\/a><\/p>\n                        <p>+420&nbsp;720&nbsp;274&nbsp;477        <\/p>\n            <\/div>\n<\/div><\/div><\/div>\n\n\n\n<div class=\"wp-block-group is-style-default\"><div class=\"wp-block-group__inner-container is-layout-constrained wp-block-group-is-layout-constrained\">\n<h3 class=\"wp-block-heading\"><strong>Ve\u0159ejn\u00e9 prostory a&nbsp;p\u0159\u00edstupnost festivalu<\/strong><\/h3>\n\n\n<div class=\"contact-person mr-sm \">\n        <img decoding=\"async\" src=\"https:\/\/zlindesignweek.com\/2026\/wp-content\/uploads\/2025\/11\/ema-kubickova-560x667.jpg\"\n        alt=\"\" \/>\n        <div class=\"contact-person__content\">\n                <h4 class=\"mb-0\">Ema Kub\u00ed\u010dkov\u00e1        <\/h4>\n                        <p class=\"caption text-uppercase strong\">MANA\u017dERKA PROGRAMU VE VE\u0158EJN\u00c9M PROSTORU         <\/p>\n                        <p><a\n                href=\"mailto:ema.kubickova@zlindesignweek.com\">ema.kubickova@zlindesignweek.com<\/a><\/p>\n                        <p>+420&nbsp;778&nbsp;489&nbsp;420        <\/p>\n            <\/div>\n<\/div>\n\n<div class=\"contact-person mr-sm \">\n        <img decoding=\"async\" src=\"https:\/\/zlindesignweek.com\/2026\/wp-content\/uploads\/2025\/11\/bruno-560x667.jpg\"\n        alt=\"\" \/>\n        <div class=\"contact-person__content\">\n                <h4 class=\"mb-0\">Adam Bruno Rafaj        <\/h4>\n                        <p class=\"caption text-uppercase strong\">MANA\u017dER PROGRAMU VE VE\u0158EJN\u00c9M PROSTORU &amp; KOORDIN\u00c1TOR HOST\u016e         <\/p>\n                        <p><a\n                href=\"mailto:adam.rafaj@zlindesignweek.com\">adam.rafaj@zlindesignweek.com<\/a><\/p>\n                        <p>+420&nbsp;735&nbsp;124&nbsp;545         <\/p>\n            <\/div>\n<\/div>\n\n<div class=\"contact-person mr-sm \">\n        <img decoding=\"async\" src=\"https:\/\/zlindesignweek.com\/2026\/wp-content\/uploads\/2025\/11\/anicka-svobodova-560x667.jpg\"\n        alt=\"\" \/>\n        <div class=\"contact-person__content\">\n                <h4 class=\"mb-0\">Anna Svobodov\u00e1        <\/h4>\n                        <p class=\"caption text-uppercase strong\">MANA\u017dERKA P\u0158\u00cdSTUPNOSTI A&nbsp;INKLUZE        <\/p>\n                        <p><a\n                href=\"mailto:anna.svobodova@zlindesignweek.com\">anna.svobodova@zlindesignweek.com<\/a><\/p>\n                        <p>+420&nbsp;733&nbsp;144&nbsp;711        <\/p>\n            <\/div>\n<\/div><\/div><\/div>\n","protected":false},"excerpt":{"rendered":"Veden\u00ed festivalu Marketing festivalu Hlavn\u00ed programov\u00e9 \u010d\u00e1sti festivalu Doprovodn\u00e9 programov\u00e9 \u010d\u00e1sti festivalu Vizu\u00e1ln\u00ed identita festivalu Ve\u0159ejn\u00e9 prostory a&nbsp;p\u0159\u00edstupnost festivalu","protected":false},"author":33,"featured_media":0,"parent":2,"menu_order":0,"comment_status":"closed","ping_status":"closed","template":"","meta":{"_acf_changed":false,"footnotes":""},"class_list":["post-17","page","type-page","status-publish","hentry"],"acf":[],"_links":{"self":[{"href":"https:\/\/zlindesignweek.com\/2026\/wp-json\/wp\/v2\/pages\/17","targetHints":{"allow":["GET"]}}],"collection":[{"href":"https:\/\/zlindesignweek.com\/2026\/wp-json\/wp\/v2\/pages"}],"about":[{"href":"https:\/\/zlindesignweek.com\/2026\/wp-json\/wp\/v2\/types\/page"}],"author":[{"embeddable":true,"href":"https:\/\/zlindesignweek.com\/2026\/wp-json\/wp\/v2\/users\/33"}],"replies":[{"embeddable":true,"href":"https:\/\/zlindesignweek.com\/2026\/wp-json\/wp\/v2\/comments?post=17"}],"version-history":[{"count":159,"href":"https:\/\/zlindesignweek.com\/2026\/wp-json\/wp\/v2\/pages\/17\/revisions"}],"predecessor-version":[{"id":36163,"href":"https:\/\/zlindesignweek.com\/2026\/wp-json\/wp\/v2\/pages\/17\/revisions\/36163"}],"up":[{"embeddable":true,"href":"https:\/\/zlindesignweek.com\/2026\/wp-json\/wp\/v2\/pages\/2"}],"wp:attachment":[{"href":"https:\/\/zlindesignweek.com\/2026\/wp-json\/wp\/v2\/media?parent=17"}],"curies":[{"name":"wp","href":"https:\/\/api.w.org\/{rel}","templated":true}]}}