{"id":152,"date":"2019-12-22T01:23:39","date_gmt":"2019-12-22T00:23:39","guid":{"rendered":"http:\/\/zlindesignweek.com\/2021\/?page_id=152"},"modified":"2026-04-28T20:48:57","modified_gmt":"2026-04-28T18:48:57","slug":"workshopy","status":"publish","type":"page","link":"https:\/\/zlindesignweek.com\/2026\/workshopy\/","title":{"rendered":"Edukativn\u00ed a&nbsp;tv\u016fr\u010d\u00ed workshopy"},"content":{"rendered":"\n<div class=\"wp-block-group\"><div class=\"wp-block-group__inner-container is-layout-constrained wp-block-group-is-layout-constrained\">\n<p>R\u00e1d tvo\u0159\u00ed\u0161 a&nbsp;vzd\u011bl\u00e1v\u00e1\u0161 se? Tak to se b\u011bhem festivalov\u00e9ho t\u00fddne mus\u00ed\u0161 zastavit na na\u0161ich workshopech.<\/p>\n\n\n\n<h3 class=\"wp-block-heading\">Edukativn\u00ed workshopy<\/h3>\n\n\n\n<div class=\"wp-block-columns is-layout-flex wp-container-core-columns-is-layout-9d6595d7 wp-block-columns-is-layout-flex\">\n<div class=\"wp-block-column has-zdw-background-color has-background is-layout-flow wp-block-column-is-layout-flow\">\n<table role=\"presentation\" width=\"100%\" cellpadding=\"0\" cellspacing=\"0\" border=\"0\" style=\"border-collapse:collapse;width:100%;\">\n  <tr><td height=\"24\"><\/td><\/tr>\n  <tr>\n    <td style=\"padding-left:5%; padding-right:5%;\">\n      <h4 style=\"margin:0 0 10px 0\">Workshop Checklist inkluzivn\u00ed komunikace: praktick\u00fd n\u00e1stroj pro muzea a&nbsp;galerie \u00d7 Eva Gartnerov\u00e1 &#038; Romana Z\u00e1bojov\u00e1<\/h4>\n\n      <p style=\"margin:0 0 18px 0\">\n        Datum: 7.&nbsp;5.&nbsp;2026<br>\n        \u010cas: 10:00 &#8211; 12:30<br>\n        Lokace: Arts Management<br>\n        Vstupn\u00e9: Zdarma\n      <\/p>\n\n      <div class=\"wp-block-buttons\">\n        <div class=\"wp-block-button is-style-fill\">\n          <a class=\"wp-block-button__link wp-element-button\" href=\"https:\/\/zlindesignweek.com\/2026\/checklist-inkluzivni-komunikace-prakticky-nastroj-pro-muzea-a-galerie\/\">\n            Zjistit v\u00edce\n          <\/a>\n        <\/div>\n      <\/div>\n    <\/td>\n  <\/tr>\n  <tr><td height=\"24\"><\/td><\/tr>\n<\/table>\n<\/div>\n\n\n\n<div class=\"wp-block-column has-zdw-background-color has-background is-layout-flow wp-block-column-is-layout-flow\">\n<table role=\"presentation\" width=\"100%\" cellpadding=\"0\" cellspacing=\"0\" border=\"0\" style=\"border-collapse:collapse;width:100%;\">\n  <tr><td height=\"24\"><\/td><\/tr>\n  <tr>\n    <td style=\"padding-left:5%; padding-right:5%;\">\n      <h4 style=\"margin:0 0 10px 0\">Workshop Product Design: od n\u00e1padu k&nbsp;dopadu \u00d7 Jan Jel\u00ednek<\/h4>\n\n      <p style=\"margin:0 0 18px 0\">\n        Datum: 8.&nbsp;5.&nbsp;2026<br>\n        \u010cas: 10:00 &#8211; 13:00<br>\n        Lokace: Arts Management<br>\n        Vstupn\u00e9: 350&nbsp;K\u010d\n      <\/p>\n    <div class=\"wp-block-buttons\">\n        <div class=\"wp-block-button is-style-fill\">\n          <a class=\"wp-block-button__link wp-element-button\" href=\"https:\/\/zlindesignweek.com\/2026\/workshop-product-design-od-napadu-k-dopadu\/\">\n            Zjistit v\u00edce\n          <\/a>\n        <\/div>\n      <\/div>\n    <\/td>\n  <\/tr>\n  <tr><td height=\"24\"><\/td><\/tr>\n<\/table>\n<\/div>\n<\/div>\n\n\n\n<div style=\"height:40px\" aria-hidden=\"true\" class=\"wp-block-spacer\"><\/div>\n\n\n\n<div class=\"wp-block-columns is-layout-flex wp-container-core-columns-is-layout-9d6595d7 wp-block-columns-is-layout-flex\">\n<div class=\"wp-block-column has-zdw-background-color has-background is-layout-flow wp-block-column-is-layout-flow\">\n<table role=\"presentation\" width=\"100%\" cellpadding=\"0\" cellspacing=\"0\" border=\"0\" style=\"border-collapse:collapse;width:100%;\">\n  <tr><td height=\"24\"><\/td><\/tr>\n  <tr>\n    <td style=\"padding-left:5%; padding-right:5%;\">\n      <h4 style=\"margin:0 0 10px 0\">Workshop Together by Design: social design for positive impact \u00d7 Canan Akoglu &#038; Marek Ku\u017ami\u0144ski<\/h4>\n\n      <p style=\"margin:0 0 18px 0\">\nDatum: 9.&nbsp;5.&nbsp;2026<br>\n\u010cas: 15:00 \u2013 17:00<br>\nLokace: Z\u00e1mek Zl\u00edn<br>\nJazyk: ENG<br>\nVstupn\u00e9: 350&nbsp;K\u010d\n      <\/p>\n\n      <div class=\"wp-block-buttons\">\n        <div class=\"wp-block-button is-style-fill\">\n          <a class=\"wp-block-button__link wp-element-button\" href=\"https:\/\/zlindesignweek.com\/2026\/workshop-together-by-design-social-design-for-positive-impact-x-canan-akoglu-marek-kuzminski\/\">\n            Zjistit v\u00edce\n          <\/a>\n        <\/div>\n      <\/div>\n    <\/td>\n  <\/tr>\n\n  <tr><td height=\"24\"><\/td><\/tr>\n<\/table>\n<\/div>\n\n\n\n<div class=\"wp-block-column has-zdw-background-color has-background is-layout-flow wp-block-column-is-layout-flow\">\n<table role=\"presentation\" width=\"100%\" cellpadding=\"0\" cellspacing=\"0\" border=\"0\" style=\"border-collapse:collapse;width:100%;\">\n  <tr><td height=\"24\"><\/td><\/tr>\n\n  <tr>\n    <td style=\"padding-left:5%; padding-right:5%;\">\n      <h4 style=\"margin:0 0 22px 0\">Workshop Smysl m\u00edsto sloganu: hodnotov\u00e1 komunikace v&nbsp;kultu\u0159e a&nbsp;cestovn\u00edm ruchu \u00d7 Anna Str\u00e1nsk\u00e1<\/h4>\n\n      <p style=\"margin:0 0 18px 0\">\n        Datum: 11.&nbsp;5.&nbsp;2026<br>\n        \u010cas: 14:00\u201316:00<br>\n        Lokace: Galerie G18<br>\n        Vstupn\u00e9: 150&nbsp;K\u010d\n      <\/p>\n\n      <div class=\"wp-block-buttons\">\n        <div class=\"wp-block-button is-style-fill\">\n          <a class=\"wp-block-button__link wp-element-button\" href=\"https:\/\/zlindesignweek.com\/2026\/workshop-smysl-misto-sloganu-hodnotova-komunikace-v-kulture-a-cestovnim-ruchu-x-anna-stranska\/\">\n            Zjistit v\u00edce\n          <\/a>\n        <\/div>\n      <\/div>\n    <\/td>\n  <\/tr>\n\n  <tr><td height=\"24\"><\/td><\/tr>\n<\/table>\n<\/div>\n<\/div>\n\n\n\n<div style=\"height:50px\" aria-hidden=\"true\" class=\"wp-block-spacer\"><\/div>\n\n\n\n<h3 class=\"wp-block-heading\">Tv\u016fr\u010d\u00ed workshopy<\/h3>\n\n\n\n<div class=\"wp-block-columns is-layout-flex wp-container-core-columns-is-layout-9d6595d7 wp-block-columns-is-layout-flex\">\n<div class=\"wp-block-column has-zdw-background-color has-background is-layout-flow wp-block-column-is-layout-flow\">\n<table role=\"presentation\" width=\"100%\" cellpadding=\"0\" cellspacing=\"0\" border=\"0\" style=\"border-collapse:collapse;width:100%;\">\n  <tr><td height=\"24\"><\/td><\/tr>\n  <tr>\n    <td style=\"padding-left:5%; padding-right:5%;\">\n      <h4 style=\"margin:0 0 10px 0\">Workshop PLY\u0160ODU\u0160\u00c1K: textil pro du\u0161i \u00d7 Karol\u00edna Kop\u0159ivov\u00e1<\/h4>\n\n      <p style=\"margin:0 0 18px 0\">\n        Datum: 8.&nbsp;5.&nbsp;2026<br>\n        \u010cas: 15:00 &#8211; 17:00<br>\n        Lokace: CHILLOUT z\u00f3na<br>\n        Vstupn\u00e9: 150&nbsp;K\u010d\n      <\/p>\n\n      <div class=\"wp-block-buttons\">\n        <div class=\"wp-block-button is-style-fill\">\n          <a class=\"wp-block-button__link wp-element-button\" href=\"https:\/\/zlindesignweek.com\/2026\/textil-pro-dusi-plysodusak\/\">\n            Zjistit v\u00edce\n          <\/a>\n        <\/div>\n      <\/div>\n    <\/td>\n  <\/tr>\n  <tr><td height=\"24\"><\/td><\/tr>\n<\/table>\n<\/div>\n\n\n\n<div class=\"wp-block-column has-zdw-background-color has-background is-layout-flow wp-block-column-is-layout-flow\">\n<table role=\"presentation\" width=\"100%\" cellpadding=\"0\" cellspacing=\"0\" border=\"0\" style=\"border-collapse:collapse;width:100%;\">\n  <tr><td height=\"24\"><\/td><\/tr>\n  <tr>\n    <td style=\"padding-left:5%; padding-right:5%;\">\n      <h4 style=\"margin:0 0 22px 0\">Workshop Linoryt: rejpni si! <\/h4>\n\n      <p style=\"margin:0 0 18px 0\">\nDatum: 9.&nbsp;5.&nbsp;2026<br>\n\u010cas: 10:00 \u2013 18:00<br>\nLokace: INFO POINT festivalu<br>\nVstupn\u00e9: Zdarma (cena pro d\u011bl\u00e1n\u00ed vlastn\u00edho linorytu: 60&nbsp;K\u010d)\n      <\/p>\n  <div class=\"wp-block-buttons\">\n        <div class=\"wp-block-button is-style-fill\">\n          <a class=\"wp-block-button__link wp-element-button\" href=\"https:\/\/zlindesignweek.com\/2026\/workshop-linoryt-rejpni-si\/\">\n            Zjistit v\u00edce\n          <\/a>\n        <\/div>\n      <\/div>\n    <\/td>\n  <\/tr>\n  <tr><td height=\"24\"><\/td><\/tr>\n<\/table>\n<\/div>\n<\/div>\n\n\n\n<div style=\"height:50px\" aria-hidden=\"true\" class=\"wp-block-spacer\"><\/div>\n\n\n\n<h3 class=\"wp-block-heading\">Workshopy pro d\u011bti<\/h3>\n\n\n\n<div class=\"wp-block-columns is-layout-flex wp-container-core-columns-is-layout-9d6595d7 wp-block-columns-is-layout-flex\">\n<div class=\"wp-block-column has-zdw-background-color has-background is-layout-flow wp-block-column-is-layout-flow\">\n<table role=\"presentation\" width=\"100%\" cellpadding=\"0\" cellspacing=\"0\" border=\"0\" style=\"border-collapse:collapse;width:100%;\">\n  <tr><td height=\"24\"><\/td><\/tr>\n  <tr>\n    <td style=\"padding-left:5%; padding-right:5%;\">\n      <h4 style=\"margin:0 0 22px 0\">Workshop Tvo\u0159en\u00ed s&nbsp;d\u011btmi: druh\u00fd \u017eivot materi\u00e1l\u016fm \u00d7 Design\u00e9\u0159i d\u011btem<\/h4>\n\n      <p style=\"margin:0 0 18px 0\">\nDatum: 10.&nbsp;5.&nbsp;2026<br>\n\u010cas: 10:00 \u2013 17:00<br>\nLokace: CHILLOUT z\u00f3na<br>\nVstupn\u00e9: Zdarma\n      <\/p>\n\n      <div class=\"wp-block-buttons\">\n        <div class=\"wp-block-button is-style-fill\">\n          <a class=\"wp-block-button__link wp-element-button\" href=\"https:\/\/zlindesignweek.com\/2026\/designeri-detem\/\">\n            Zjistit v\u00edce\n          <\/a>\n        <\/div>\n      <\/div>\n    <\/td>\n  <\/tr>\n  <tr><td height=\"24\"><\/td><\/tr>\n<\/table>\n<\/div>\n\n\n\n<div class=\"wp-block-column is-layout-flow wp-block-column-is-layout-flow\"><\/div>\n<\/div>\n\n\n\n<div style=\"height:50px\" aria-hidden=\"true\" class=\"wp-block-spacer\"><\/div>\n\n\n\n<h3 class=\"wp-block-heading\">Workshopy pro \u0161koly<\/h3>\n\n\n\n<div class=\"wp-block-columns is-layout-flex wp-container-core-columns-is-layout-9d6595d7 wp-block-columns-is-layout-flex\">\n<div class=\"wp-block-column has-zdw-background-color has-background is-layout-flow wp-block-column-is-layout-flow\">\n<table role=\"presentation\" width=\"100%\" cellpadding=\"0\" cellspacing=\"0\" border=\"0\" style=\"border-collapse:collapse;width:100%;\">\n  <tr><td height=\"24\"><\/td><\/tr>\n  <tr>\n    <td style=\"padding-left:5%; padding-right:5%;\">\n      <h4 style=\"margin:0 0 10px 0\">Tv\u016fr\u010d\u00ed workshop Kreativn\u00ed d\u00edlna ROBOTA<\/h4>\n\n      <p style=\"margin:0 0 18px 0\">\n        Datum: 7.&nbsp;5.&nbsp;2026<br>\n        \u010cas: 8:30 &#8211; 12:00<br>\n        Lokace: 44.&nbsp;budova<br>\n        Vstupn\u00e9: 150&nbsp;K\u010d na \u017e\u00e1ka\n      <\/p>\n\n      <div class=\"wp-block-buttons\">\n        <div class=\"wp-block-button is-style-fill\">\n          <a class=\"wp-block-button__link wp-element-button\" href=\"https:\/\/zlindesignweek.com\/2026\/tvoreni-je-laska\/\">\n            Zjistit v\u00edce\n          <\/a>\n        <\/div>\n      <\/div>\n    <\/td>\n  <\/tr>\n  <tr><td height=\"24\"><\/td><\/tr>\n<\/table>\n<\/div>\n\n\n\n<div class=\"wp-block-column has-zdw-background-color has-background is-layout-flow wp-block-column-is-layout-flow\">\n<table role=\"presentation\" width=\"100%\" cellpadding=\"0\" cellspacing=\"0\" border=\"0\" style=\"border-collapse:collapse;width:100%;\">\n  <tr><td height=\"24\"><\/td><\/tr>\n  <tr>\n    <td style=\"padding-left:5%; padding-right:5%;\">\n      <h4 style=\"margin:0 0 10px 0\">Edukativn\u00ed workshop Hlavn\u00ed v\u00fdstava pro \u0161koly<\/h4>\n      <p style=\"margin:0 0 18px 0\"><mark style=\"background-color:rgba(0, 0, 0, 0)\" class=\"has-inline-color has-white-color\">Robert Spurn\u00fd<\/mark><\/p>\n\n      <p style=\"margin:0 0 18px 0\">\n        Datum: 11.&nbsp;5.&nbsp;2026<br>\n        \u010cas: 8:30 a&nbsp;14:30<br><br>\n        Datum: 12.&nbsp;5.&nbsp;2026<br>\n        \u010cas: 8:30 do 14:30<br><br>\n        Lokace: Z\u00e1mek Zl\u00edn<br>\n        Vstupn\u00e9: Zdarma\n      <\/p>\n\n      <div class=\"wp-block-buttons\">\n        <div class=\"wp-block-button is-style-fill\">\n          <a class=\"wp-block-button__link wp-element-button\" href=\"https:\/\/zlindesignweek.com\/2026\/edukativni-workshop-hlavni-vystava-pro-skoly\/\">\n            Zjistit v\u00edce\n          <\/a>\n        <\/div>\n      <\/div>\n    <\/td>\n  <\/tr>\n  <tr><td height=\"24\"><\/td><\/tr>\n<\/table>\n<\/div>\n<\/div>\n<\/div><\/div>\n","protected":false},"excerpt":{"rendered":"R\u00e1d tvo\u0159\u00ed\u0161 a&nbsp;vzd\u011bl\u00e1v\u00e1\u0161 se? Tak to se b\u011bhem festivalov\u00e9ho t\u00fddne mus\u00ed\u0161 zastavit na na\u0161ich workshopech. Edukativn\u00ed workshopy Workshop Checklist inkluzivn\u00ed komunikace: praktick\u00fd n\u00e1stroj pro muzea [&hellip;]","protected":false},"author":33,"featured_media":0,"parent":0,"menu_order":0,"comment_status":"closed","ping_status":"closed","template":"","meta":{"_acf_changed":false,"footnotes":""},"class_list":["post-152","page","type-page","status-publish","hentry"],"acf":[],"_links":{"self":[{"href":"https:\/\/zlindesignweek.com\/2026\/wp-json\/wp\/v2\/pages\/152","targetHints":{"allow":["GET"]}}],"collection":[{"href":"https:\/\/zlindesignweek.com\/2026\/wp-json\/wp\/v2\/pages"}],"about":[{"href":"https:\/\/zlindesignweek.com\/2026\/wp-json\/wp\/v2\/types\/page"}],"author":[{"embeddable":true,"href":"https:\/\/zlindesignweek.com\/2026\/wp-json\/wp\/v2\/users\/33"}],"replies":[{"embeddable":true,"href":"https:\/\/zlindesignweek.com\/2026\/wp-json\/wp\/v2\/comments?post=152"}],"version-history":[{"count":203,"href":"https:\/\/zlindesignweek.com\/2026\/wp-json\/wp\/v2\/pages\/152\/revisions"}],"predecessor-version":[{"id":43727,"href":"https:\/\/zlindesignweek.com\/2026\/wp-json\/wp\/v2\/pages\/152\/revisions\/43727"}],"wp:attachment":[{"href":"https:\/\/zlindesignweek.com\/2026\/wp-json\/wp\/v2\/media?parent=152"}],"curies":[{"name":"wp","href":"https:\/\/api.w.org\/{rel}","templated":true}]}}