{"id":12142,"date":"2021-12-05T15:47:54","date_gmt":"2021-12-05T14:47:54","guid":{"rendered":"https:\/\/zlindesignweek.com\/2022\/?page_id=12142"},"modified":"2026-04-22T12:34:31","modified_gmt":"2026-04-22T10:34:31","slug":"design-kantyna","status":"publish","type":"page","link":"https:\/\/zlindesignweek.com\/2026\/design-kantyna\/","title":{"rendered":"Design KANT\u00ddNA"},"content":{"rendered":"\n<div class=\"wp-block-group\"><div class=\"wp-block-group__inner-container is-layout-constrained wp-block-group-is-layout-constrained\">\n<div class=\"wp-block-columns are-vertically-aligned-center is-layout-flex wp-container-core-columns-is-layout-9d6595d7 wp-block-columns-is-layout-flex\">\n<div class=\"wp-block-column is-vertically-aligned-center is-layout-flow wp-block-column-is-layout-flow\">\n<iframe style=\"border-radius:12px\"\n                    src=\"https:\/\/open.spotify.com\/embed\/show\/1pPljNQtw2TDujocPtkSON?utm_source=generator&amp;theme=0\"\n                    width=\"100%\" height=\"152\" frameborder=\"0\" allowfullscreen=\"\"\n                    allow=\"autoplay; clipboard-write; encrypted-media; fullscreen; picture-in-picture\"\n                    loading=\"lazy\"><\/iframe>\n\n\n\n<p>Design KANT\u00ddNA, platforma, kter\u00e1 v&nbsp;pr\u016fb\u011bhu cel\u00e9ho roku nab\u00edz\u00ed prost\u0159ednictv\u00edm podcast\u016f a&nbsp;diskus\u00ed pestr\u00e9 menu pln\u00e9 nejr\u016fzn\u011bj\u0161\u00edch chut\u00ed designu. Inspirativn\u00ed host\u00e9 z&nbsp;\u010ceska i&nbsp;zahrani\u010d\u00ed, design\u00e9\u0159i a&nbsp;design\u00e9rky, stejn\u011b jako odborn\u00edci z&nbsp;jin\u00fdch obor\u016f. Ti, kte\u0159\u00ed pomoc\u00ed designu a&nbsp;designov\u00fdch princip\u016f pom\u00e1haj\u00ed \u0159e\u0161it ka\u017edodenn\u00ed i&nbsp;spole\u010densk\u00e9 v\u00fdzvy. Jejich my\u0161lenky, zku\u0161enosti a&nbsp;nov\u00e9 pohledy ti naserv\u00edrujeme v&nbsp;Design KANT\u00ddN\u011a.<\/p>\n\n\n\n<div style=\"height:30px\" aria-hidden=\"true\" class=\"wp-block-spacer\"><\/div>\n<\/div>\n<\/div>\n<\/div><\/div>\n\n\n\n<div class=\"wp-block-group\"><div class=\"wp-block-group__inner-container is-layout-constrained wp-block-group-is-layout-constrained\">\n<div class=\"wp-block-columns is-style-with-vertical-lines is-layout-flex wp-container-core-columns-is-layout-9d6595d7 wp-block-columns-is-layout-flex\">\n<div class=\"wp-block-column is-vertically-aligned-top is-layout-flow wp-block-column-is-layout-flow\">\n<h4 class=\"wp-block-heading\">ZA\u010cALO TO NA FACEBOOKU<\/h4>\n\n\n\n<p>Design KANT\u00ddNA za\u010dala jako facebookov\u00e1 skupina pro v\u0161echny, kte\u0159\u00ed necht\u011bli o&nbsp;svoji porci designu v&nbsp;obdob\u00ed karant\u00e9ny p\u0159ij\u00edt. Hlad po&nbsp;dobr\u00e9m designu a&nbsp;chu\u0165 se potk\u00e1vat daly vzniknout platform\u011b, kde kreativci mohou hledat inspiraci, sd\u00edlet sv\u00e9 projekty, pt\u00e1t se na n\u00e1zor ostatn\u00edch a&nbsp;propojovat se nejen s&nbsp;lidmi ve sv\u00e9m oboru, ale i&nbsp;s&nbsp;t\u011bmi, se kter\u00fdmi by se v&nbsp;b\u011b\u017en\u00e9m \u017eivot\u011b nepotkali.&nbsp;<\/p>\n\n\n\n<p>Do komunity je v\u00edt\u00e1n ka\u017ed\u00fd \u2013 a\u0165 u\u017e hled\u00e1\u0161 nov\u00e1 propojen\u00ed nebo se jen nechce\u0161 p\u0159ipravit o&nbsp;ty nejnov\u011bj\u0161\u00ed chu\u0165ovky ze sv\u011bta designu, nev\u00e1hej se p\u0159idat!<\/p>\n\n\n\n<div class=\"wp-block-buttons is-layout-flex wp-block-buttons-is-layout-flex\">\n<div class=\"wp-block-button\"><a class=\"wp-block-button__link wp-element-button\" href=\"https:\/\/www.facebook.com\/groups\/designKANTYNA\">Chci se p\u0159idat<\/a><\/div>\n<\/div>\n\n\n\n<p>Pod pokli\u010dku toho, co se v&nbsp;kuchyni Design KANT\u00ddNY zrovna pe\u010de, m\u016f\u017ee\u0161 nahl\u00e9dnout tak\u00e9 na na\u0161em LinkedIn a&nbsp;Instagramu.&nbsp;<\/p>\n\n\n\n<div class=\"wp-block-buttons is-layout-flex wp-block-buttons-is-layout-flex\">\n<div class=\"wp-block-button\"><a class=\"wp-block-button__link wp-element-button\" href=\"https:\/\/www.linkedin.com\/company\/design-kantyna\/\">Linkedin<\/a><\/div>\n\n\n\n<div class=\"wp-block-button\"><a class=\"wp-block-button__link wp-element-button\" href=\"https:\/\/www.instagram.com\/design.kantyna\/\">Instagram<\/a><\/div>\n<\/div>\n<\/div>\n\n\n\n<div class=\"wp-block-column is-layout-flow wp-block-column-is-layout-flow\">\n<h4 class=\"wp-block-heading\">PODCAST O&nbsp;DESIGNU V\u0160ECH CHUT\u00cd<\/h4>\n\n\n\n<p>Design do u\u0161\u00ed Ti serv\u00edrujeme v&nbsp;pr\u016fb\u011bhu cel\u00e9ho roku, kdy si Design KANT\u00ddNA zve zaj\u00edmav\u00e9 hostky a&nbsp;hosty, kte\u0159\u00ed maj\u00ed sv\u011btu designu co nab\u00eddnout. D\u00edky na\u0161emu podcastu objev\u00ed\u0161 nov\u00e9 pohledy na design\u00e9rskou praxi, pozn\u00e1\u0161 mlad\u00e9 a&nbsp;progresivn\u00ed kreativce a&nbsp;inov\u00e1tory z&nbsp;\u010ceska i&nbsp;zahrani\u010d\u00ed a&nbsp;dozv\u00ed\u0161 se, jak design m\u016f\u017ee m\u011bnit sv\u011bt k&nbsp;lep\u0161\u00edmu.<\/p>\n\n\n\n<p>Nala\u010f se na n\u00e1\u0161 podcast a&nbsp;poznej, kam a\u017e design m\u016f\u017ee v&nbsp;na\u0161ich \u017eivotech zasahovat.<\/p>\n\n\n\n<div class=\"wp-block-buttons is-layout-flex wp-block-buttons-is-layout-flex\">\n<div class=\"wp-block-button\"><a class=\"wp-block-button__link wp-element-button\" href=\"https:\/\/open.spotify.com\/show\/1pPljNQtw2TDujocPtkSON?si=18ab046719bd4a9b\">SPOTIFY<\/a><\/div>\n\n\n\n<div class=\"wp-block-button\"><a class=\"wp-block-button__link wp-element-button\" href=\"https:\/\/podcasts.apple.com\/us\/podcast\/design-kant\u00fdna\/id1566529966\">aPPLE PODCAST<\/a><\/div>\n<\/div>\n<\/div>\n<\/div>\n<\/div><\/div>\n\n\n\n<div style=\"height:25px\" aria-hidden=\"true\" class=\"wp-block-spacer\"><\/div>\n\n\n\n<div class=\"wp-block-group\"><div class=\"wp-block-group__inner-container is-layout-constrained wp-block-group-is-layout-constrained\">\n<h4 class=\"wp-block-heading\"><strong>Kudy tudy do kant\u00fdny?<\/strong><\/h4>\n\n\n\n<p>Kant\u00fdnu najde\u0161 v&nbsp;prvn\u00edm pat\u0159e z\u00e1mku. Je\u0161t\u011b p\u0159ed vstupem na n\u00e1dvo\u0159\u00ed se dej doleva, velk\u00e9 schodi\u0161t\u011b t\u011b zavede a\u017e do kant\u00fdny.<\/p>\n\n\n\n<p><mark style=\"background-color:rgba(0, 0, 0, 0)\" class=\"has-inline-color has-white-color\"><strong>MHD:<\/strong> <\/mark>Trolejbusem je to nejkrat\u0161\u00ed ze zast\u00e1vky <strong>U z\u00e1mku<\/strong> anebo <strong>n\u00e1m\u011bst\u00ed M\u00edru<\/strong>, <strong>autobusov\u00e9 n\u00e1dra\u017e\u00ed<\/strong> je p\u0159\u00edpadn\u011b taky co by kamenem dohodil.<br><strong><mark style=\"background-color:rgba(0, 0, 0, 0)\" class=\"has-inline-color has-white-color\">Autem: <\/mark><\/strong>U z\u00e1mku je mo\u017en\u00e9 vyu\u017e\u00edt placen\u00fdch parkovi\u0161\u0165 Gahurova anebo v&nbsp;podzemn\u00edm parkovi\u0161ti v&nbsp;kongresov\u00e9m centru. Obecn\u011b je ale ve Zl\u00edn\u011b probl\u00e9m s&nbsp;parkov\u00e1n\u00edm, tak\u017ee doporu\u010dujeme pokud mo\u017eno p\u0159ij\u00edt rad\u0161i \u201cpo sv\u00fdch\u201d.<\/p>\n\n\n\n<p>Pokud m\u00e1\u0161 jak\u00e9koliv specifick\u00e9 pot\u0159eby a\/nebo v\u00e1h\u00e1\u0161, zda je program pro tebe, nev\u00e1hej se n\u00e1m ozvat, a\u0165 u\u017e mailem: <a href=\"mailto:anna.svobodova@zlindesignweek.com\"><strong>anna.svobodova@zlindesignweek.com<\/strong><\/a> anebo telefonicky\/SMS: <strong>+420&nbsp;733&nbsp;144&nbsp;711<\/strong>.<\/p>\n\n\n\n<p>Na\u0161\u00edm c\u00edlem je zp\u0159\u00edstup\u0148ovat festival co nejv\u00edce lidem dok\u00e1\u017eeme \u2013 moc r\u00e1di ti porad\u00edme a&nbsp;pom\u016f\u017eeme vymyslet alternativn\u00ed mo\u017enosti.<\/p>\n<\/div><\/div>\n\n\n\n<div style=\"height:25px\" aria-hidden=\"true\" class=\"wp-block-spacer\"><\/div>\n\n\n\n<div class=\"wp-block-group\"><div class=\"wp-block-group__inner-container is-layout-constrained wp-block-group-is-layout-constrained\">\n<h3 class=\"wp-block-heading\">Co ti letos naserv\u00edrujeme na zl\u00ednsk\u00e9m z\u00e1mku?<\/h3>\n\n\n\n<div class=\"wp-block-columns is-style-default is-layout-flex wp-container-core-columns-is-layout-9d6595d7 wp-block-columns-is-layout-flex\">\n<div class=\"wp-block-column is-layout-flow wp-block-column-is-layout-flow\">\n<h4 class=\"wp-block-heading\"><strong>\u010cTVRTEK, 7. KV\u011aTNA<\/strong><\/h4>\n<\/div>\n\n\n\n<div class=\"wp-block-column is-layout-flow wp-block-column-is-layout-flow\">\n<h4 class=\"wp-block-heading has-text-align-left\"><strong>P\u00c1TEK, 8. KV\u011aTNA<\/strong><\/h4>\n<\/div>\n<\/div>\n\n\n\n<div class=\"wp-block-columns is-style-default is-layout-flex wp-container-core-columns-is-layout-9d6595d7 wp-block-columns-is-layout-flex\">\n<div class=\"wp-block-column has-zdw-background-color has-background is-layout-flow wp-block-column-is-layout-flow\">\n<table role=\"presentation\" width=\"100%\" cellpadding=\"0\" cellspacing=\"0\" border=\"0\" style=\"border-collapse:collapse;width:100%;\">\n  <tr><td height=\"24\"><\/td><\/tr>\n  <tr>\n    <td style=\"padding-left:5%; padding-right:5%;\">\n      <h4 style=\"margin:0 0 22px 0\">DESIGN, KTER\u00dd VYDR\u017d\u00cd \u00d7 IKEA<\/h4>\n\n      <p style=\"margin:0 0 18px 0\">\n        Datum: 7.&nbsp;5.&nbsp;2026<br>\n        \u010cas: 15:00\u201316:00<br>\n        Lokace: Z\u00e1mek Zl\u00edn<br>\n        Jazyk: CZ<br>\n        Vstupn\u00e9: Zdarma\n      <\/p>\n\n      <p style=\"margin:0 0 28px 0\">\n        V&nbsp;t\u00e9to diskuzi se zam\u011b\u0159\u00edme na udr\u017eitelnost jako syst\u00e9mov\u00fd p\u0159\u00edstup, kter\u00fd za\u010d\u00edn\u00e1 d\u00e1vno p\u0159ed koncem \u017eivotnosti produktu. Budeme mluvit o&nbsp;designu, kter\u00fd vydr\u017e\u00ed n\u011bkolik let. O&nbsp;produktech a&nbsp;prost\u0159ed\u00edch, kter\u00e1 jsou navr\u017eena tak, aby obst\u00e1la v&nbsp;\u010dase a&nbsp;to jak funk\u010dn\u011b, esteticky tak i&nbsp;hodnotov\u011b.\nJako p\u0159\u00edklad dobr\u00e9ho designu si vezmeme zna\u010dku a&nbsp;obchodn\u00ed d\u016fm IKEA. IKEA n\u00e1m \u0159ekne, jak se oni stav\u00ed k&nbsp;udr\u017eiteln\u00e9mu designu a&nbsp;jak navrhovat design, kter\u00fd si z\u00e1kazn\u00edk postav\u00ed s\u00e1m. Pobav\u00edme se nejen o&nbsp;recyklaci, ale o&nbsp;komplexn\u00edm \u0159e\u0161en\u00ed a&nbsp;syst\u00e9mov\u00fdch zm\u011bn\u00e1ch. \n      <\/p>\n    <\/td>\n  <\/tr>\n  <tr><td height=\"24\"><\/td><\/tr>\n<\/table>\n<\/div>\n\n\n\n<div class=\"wp-block-column has-zdw-background-color has-background is-layout-flow wp-block-column-is-layout-flow\">\n<table role=\"presentation\" width=\"100%\" cellpadding=\"0\" cellspacing=\"0\" border=\"0\" style=\"border-collapse:collapse;width:100%;\">\n  <tr><td height=\"24\"><\/td><\/tr>\n  <tr>\n    <td style=\"padding-left:5%; padding-right:5%;\">\n      <h4 style=\"margin:0 0 22px 0\">ZA SPOR\u00c1KEM O&nbsp;INKLUZIVN\u00cdM DESIGNU \u00d7 MAREK KU\u0179MI\u0143SKI<\/h4>\n\n      <p style=\"margin:0 0 18px 0\">\n        Datum: 8.&nbsp;5.&nbsp;2026<br>\n        \u010cas: 13:00\u201314:30<br>\n        Lokace: CHILLOUT z\u00f3na<br>\n        Jazyk: ENG<br>\n        Vstupn\u00e9: Zdarma\n      <\/p>\n\n      <p style=\"margin:0 0 28px 0\">\n        Od \u017eidl\u00ed a\u017e k&nbsp;designu, co pom\u00e1h\u00e1. Marek Ku\u017ami\u0144ski se p\u0159es studium pr\u016fmyslov\u00e9ho designu dostal a\u017e k&nbsp;z\u00edsk\u00e1n\u00ed presti\u017en\u00edho stipendia Bevica Fonden, kter\u00fdm d\u00e1nsk\u00e1 nadace oce\u0148uje ty nejodv\u00e1\u017en\u011bj\u0161\u00ed design\u00e9ry, kte\u0159\u00ed svoj\u00ed prac\u00ed sni\u017euj\u00ed pr\u00e1h a&nbsp;pror\u00e1\u017e\u00ed sklen\u011bn\u00e9 stropy. Marek se s&nbsp;n\u00e1mi b\u011bhem va\u0159en\u00ed dom\u00e1c\u00edch t\u011bstovin pod\u011bl\u00ed o&nbsp;zku\u0161enosti ze zahrani\u010d\u00ed a&nbsp;o&nbsp;svou profesn\u00ed cestu za z\u00edsk\u00e1n\u00edm titulu absolutn\u00edho v\u00edt\u011bze sout\u011b\u017ee Best in Design.\n      <\/p>\n    <\/td>\n  <\/tr>\n  <tr><td height=\"24\"><\/td><\/tr>\n<\/table>\n  <tr><td height=\"24\"><\/td><\/tr>\n<\/table>\n<\/div>\n<\/div>\n<\/div><\/div>\n\n\n\n<div style=\"height:100px\" aria-hidden=\"true\" class=\"wp-block-spacer is-style-small\"><\/div>\n\n\n\n<div class=\"wp-block-group\"><div class=\"wp-block-group__inner-container is-layout-constrained wp-block-group-is-layout-constrained\">\n<h4 class=\"wp-block-heading\"><strong>SOBOTA, 9. KV\u011aTNA<\/strong><\/h4>\n\n\n\n<div class=\"wp-block-columns is-style-default is-layout-flex wp-container-core-columns-is-layout-9d6595d7 wp-block-columns-is-layout-flex\">\n<div class=\"wp-block-column has-zdw-background-color has-background is-layout-flow wp-block-column-is-layout-flow\">\n<table role=\"presentation\" width=\"100%\" cellpadding=\"0\" cellspacing=\"0\" border=\"0\" style=\"border-collapse:collapse;width:100%;\">\n  <tr><td height=\"24\"><\/td><\/tr>\n  <tr>\n    <td style=\"padding-left:5%; padding-right:5%;\">\n      <h4 style=\"margin:0 0 22px 0\">DESIGN JAKO POSL\u00c1N\u00cd \u00d7 MAT\u011aJ K\u00c1NINSK\u00dd<\/h4>\n\n      <p style=\"margin:0 0 18px 0\">\n        Datum: 9.&nbsp;5.&nbsp;2O26<br>\n        \u010cas: 12:30\u201313:30<br>\n        Lokace: Z\u00e1mek Zl\u00edn<br>\n        Jazyk: CZ<br>\n        Vstupn\u00e9: Zdarma\n      <\/p>\n\n      <p style=\"margin:0 0 28px 0\">\n        Design m\u016f\u017ee m\u00edt velk\u00fd dopad na chod a&nbsp;zisk firem. Sv\u00e9 o&nbsp;tom v\u00ed Mat\u011bj K\u00e1ninsk\u00fd, pr\u016fkopn\u00edk p\u0159\u00edstupu \u201cdesign leadership\u201d, kter\u00fd inova\u010dn\u00ed a&nbsp;design\u00e9rsk\u00e9 p\u0159em\u00fd\u0161len\u00ed p\u0159in\u00e1\u0161\u00ed do velk\u00fdch firem. Mat\u011bj je dvojn\u00e1sobn\u00fdm dr\u017eitelem ceny Red dot award a&nbsp;sv\u00e9 zku\u0161enosti sb\u00edral ve firm\u00e1ch jako BBC, \u0160KODA Auto \u010di&nbsp;Intel Labs. Do Zl\u00edna se s&nbsp;n\u00e1mi Mat\u011bj p\u0159ijede pod\u011blit o&nbsp;osobn\u00ed cestu, kter\u00e1 za\u010d\u00ednala u&nbsp;tvorby web\u016f.\n      <\/p>\n    <\/td>\n  <\/tr>\n  <tr><td height=\"24\"><\/td><\/tr>\n<\/table>\n<\/div>\n\n\n\n<div class=\"wp-block-column has-zdw-background-color has-background is-layout-flow wp-block-column-is-layout-flow\">\n<table role=\"presentation\" width=\"100%\" cellpadding=\"0\" cellspacing=\"0\" border=\"0\" style=\"border-collapse:collapse;width:100%;\">\n  <tr><td height=\"24\"><\/td><\/tr>\n  <tr>\n    <td style=\"padding-left:5%; padding-right:5%;\">\n      <h4 style=\"margin:0 0 22px 0\">\u00daVOD DO SOCI\u00c1LN\u00cdHO DESIGNU \u00d7 CANAN AKOGLU<\/h4>\n\n      <p style=\"margin:0 0 18px 0\">\n        Datum: 9.&nbsp;5.&nbsp;2026<br>\n        \u010cas: 13:30\u201314:30<br>\n        Lokace: Z\u00e1mek Zl\u00edn<br>\n        Jazyk: ENG<br>\n        Vstupn\u00e9: Zdarma\n      <\/p>\n\n      <p style=\"margin:0 0 28px 0\">\n        \u00davod do soci\u00e1ln\u00edho designu. Canan Akoglu, vedouc\u00ed oboru &#8222;Design pro lidi&#8220; na d\u00e1nsk\u00e9 univerzit\u011b Design school Kolding, v\u00e1m p\u0159edstav\u00ed parametry designov\u00e9ho sm\u011bru, kter\u00fd tvo\u0159\u00ed, a\u017e kdy\u017e je pot\u0159eba. Canan se p\u0159edstav\u00ed s&nbsp;p\u016flhodinovou prezentac\u00ed, kde na p\u0159\u00edkladech z&nbsp;praxe uk\u00e1\u017ee, jak a&nbsp;pro koho vlastn\u011b soci\u00e1ln\u00ed design funguje a&nbsp;jak\u00fd p\u0159esah m\u00e1 do na\u0161ich \u017eivot\u016f.\n      <\/p>\n    <\/td>\n  <\/tr>\n  <tr><td height=\"24\"><\/td><\/tr>\n<\/table>\n<\/div>\n<\/div>\n\n\n\n<div style=\"height:40px\" aria-hidden=\"true\" class=\"wp-block-spacer\"><\/div>\n\n\n\n<div class=\"wp-block-columns is-style-default is-layout-flex wp-container-core-columns-is-layout-9d6595d7 wp-block-columns-is-layout-flex\">\n<div class=\"wp-block-column has-zdw-background-color has-background is-layout-flow wp-block-column-is-layout-flow\"><\/div>\n\n\n\n<div class=\"wp-block-column is-layout-flow wp-block-column-is-layout-flow\"><\/div>\n<\/div>\n\n\n\n<div style=\"height:100px\" aria-hidden=\"true\" class=\"wp-block-spacer is-style-small\"><\/div>\n<\/div><\/div>\n\n\n\n<div class=\"wp-block-group\"><div class=\"wp-block-group__inner-container is-layout-constrained wp-block-group-is-layout-constrained\">\n<h4 class=\"wp-block-heading\"><strong>NED\u011aLE, 10. KV\u011aTNA<\/strong><\/h4>\n\n\n\n<div class=\"wp-block-columns is-style-default is-layout-flex wp-container-core-columns-is-layout-9d6595d7 wp-block-columns-is-layout-flex\">\n<div class=\"wp-block-column has-zdw-background-color has-background is-layout-flow wp-block-column-is-layout-flow\">\n<table role=\"presentation\" width=\"100%\" cellpadding=\"0\" cellspacing=\"0\" border=\"0\" style=\"border-collapse:collapse;width:100%;\">\n  <tr><td height=\"24\"><\/td><\/tr>\n  <tr>\n    <td style=\"padding-left:5%; padding-right:5%;\">\n      <h4 style=\"margin:0 0 22px 0\">JAK BUDOVAT DESIGN, KTER\u00dd JE ODOLN\u00dd A&nbsp;PE\u010cUJ\u00cdC\u00cd? T\u0158I PERSPEKTIVY DESIGNU<\/h4>\n\n      <p style=\"margin:0 0 18px 0\">\n        Datum: 10.&nbsp;5.&nbsp;2026<br>\n        \u010cas: 11:00\u201312:00<br>\n        Lokace: Z\u00e1mek Zl\u00edn<br>\n        Jazyk: CZ<br>\n        Vstupn\u00e9: Zdarma\n      <\/p>\n\n      <p style=\"margin:0 0 28px 0\">\n        Veronika Pa\u0159\u00edzkov\u00e1, Karol\u00edna Menclerov\u00e1, Anna Mare\u0161ov\u00e1 &#8211; t\u0159i ambici\u00f3zn\u00ed \u017eeny, t\u0159i pohledy. Spole\u010dn\u011b se s&nbsp;na\u0161imi hostkami pobav\u00edme o&nbsp;tom, jak\u00e9 byly jejich za\u010d\u00e1tky v&nbsp;designov\u00e9m sektoru, na jak\u00e9 p\u0159ek\u00e1\u017eky ve sv\u00e9 kari\u00e9\u0159e nar\u00e1\u017eely a&nbsp;co je na designu bav\u00ed nejv\u00edc. Na t\u00e9ma ambic\u00ed i&nbsp;l\u00e1sky v&nbsp;designu se pod\u00edv\u00e1me z&nbsp;perspektivy \u017een, kter\u00e9 sice spojuje \u0159emeslo designu, ale ka\u017edou z&nbsp;jin\u00e9 profesn\u00ed dr\u00e1hy.\n      <\/p>\n    <\/td>\n  <\/tr>\n  <tr><td height=\"24\"><\/td><\/tr>\n<\/table>\n<\/div>\n\n\n\n<div class=\"wp-block-column has-zdw-background-color has-background is-layout-flow wp-block-column-is-layout-flow\">\n<table role=\"presentation\" width=\"100%\" cellpadding=\"0\" cellspacing=\"0\" border=\"0\" style=\"border-collapse:collapse;width:100%;\">\n  <tr><td height=\"24\"><\/td><\/tr>\n\n  <tr>\n    <td style=\"padding-left:5%; padding-right:5%;\">\n      <h4 style=\"margin:0 0 22px 0\">JAK D\u011aLAT DESIGN, KTER\u00dd PO\u010c\u00cdT\u00c1 SE V\u0160EMI? \u00d7 AGATA ETMANOWICZ<\/h4>\n\n      <p style=\"margin:0 0 18px 0\">\n        Datum: 10.&nbsp;5.&nbsp;2026<br>\n        \u010cas: 12:30\u201313:30<br>\n        Lokace: Z\u00e1mek Zl\u00edn<br>\n        Jazyk: ENG<br>\n        Vstupn\u00e9: Zdarma\n      <\/p>\n\n      <p style=\"margin:0 0 28px 0\">\n        S&nbsp;Agatou Etmanowicz, prezidentkou Impact Foundation, se zam\u011b\u0159\u00edme na p\u00e9\u010di a&nbsp;inkluzivitu jako kl\u00ed\u010dov\u00e9 principy sou\u010dasn\u00e9ho designu. Agata dlouhodob\u011b pom\u00e1h\u00e1 organizac\u00edm i&nbsp;jednotlivc\u016fm l\u00e9pe pracovat s&nbsp;publikem a&nbsp;vytv\u00e1\u0159et inkluzivn\u00ed, smyslupln\u00e9 a&nbsp;skute\u010dn\u011b p\u0159\u00edstupn\u00e9 z\u00e1\u017eitky &#8211; takov\u00e9, kter\u00e9 po\u010d\u00edtaj\u00ed s&nbsp;r\u016fznorodost\u00ed lid\u00ed i&nbsp;jejich pot\u0159eb.<br>\n        Dotkneme se tak\u00e9 jej\u00edho pod\u00edlu na projektech v&nbsp;r\u00e1mci iniciativy Evropsk\u00e9 m\u011bsto kultury a&nbsp;budeme mluvit o&nbsp;tom, co znamen\u00e1 budovat kulturn\u00ed programy s&nbsp;ohledem na \u0161irok\u00e9 spektrum publika.<br>\n        Otev\u0159eme ale i&nbsp;ot\u00e1zky zevnit\u0159 tv\u016fr\u010d\u00edho procesu: Jak udr\u017eet t\u00fdm motivovan\u00fd? Jak rozv\u00edjet dlouhodobou l\u00e1sku k&nbsp;designu a&nbsp;samotn\u00e9mu procesu tvorby? A&nbsp;jak m\u016f\u017ee b\u00fdt p\u0159\u00edstupnost nejen technick\u00fdm parametrem, ale skute\u010dn\u00fdm postojem?\n      <\/p>\n    <\/td>\n  <\/tr>\n\n  <tr><td height=\"24\"><\/td><\/tr>\n<\/table>\n<\/div>\n<\/div>\n\n\n\n<div style=\"height:32px\" aria-hidden=\"true\" class=\"wp-block-spacer is-style-small\"><\/div>\n<\/div><\/div>\n\n\n\n<div class=\"wp-block-group\"><div class=\"wp-block-group__inner-container is-layout-constrained wp-block-group-is-layout-constrained\">\n<h3 class=\"wp-block-heading\">CO KANT\u00ddNA SERV\u00cdROVALA MINUL\u00dd ROK?<\/h3>\n<\/div><\/div>\n\n\n\n<div class=\"wp-block-group\"><div class=\"wp-block-group__inner-container is-layout-constrained wp-block-group-is-layout-constrained\">\n<div class=\"wp-block-cb-carousel-v2 cb-carousel-block\" data-cb-slides-per-view=\"1\" data-cb-slides-per-group=\"1\" data-cb-space-between=\"15\" data-cb-speed=\"300\" data-cb-navigation=\"true\" data-cb-pagination=\"true\" data-cb-breakpoints=\"{&quot;768&quot;:{&quot;slidesPerView&quot;:3,&quot;slidesPerGroup&quot;:1}}\"><div class=\"swiper\"><div class=\"cb-wrapper swiper-wrapper\">\n<div class=\"wp-block-cb-slide-v2 cb-slide swiper-slide\">\n<figure class=\"wp-block-image size-large\"><img loading=\"lazy\" decoding=\"async\" width=\"2048\" height=\"1366\" src=\"https:\/\/zlindesignweek.com\/2026\/wp-content\/uploads\/2026\/02\/zdw-98-zamek-kantyna-design-thinking-12-edited-1.jpg\" alt=\"\" class=\"wp-image-40697\" srcset=\"https:\/\/zlindesignweek.com\/2026\/wp-content\/uploads\/2026\/02\/zdw-98-zamek-kantyna-design-thinking-12-edited-1.jpg 2048w, https:\/\/zlindesignweek.com\/2026\/wp-content\/uploads\/2026\/02\/zdw-98-zamek-kantyna-design-thinking-12-edited-1-500x333.jpg 500w, https:\/\/zlindesignweek.com\/2026\/wp-content\/uploads\/2026\/02\/zdw-98-zamek-kantyna-design-thinking-12-edited-1-750x500.jpg 750w, https:\/\/zlindesignweek.com\/2026\/wp-content\/uploads\/2026\/02\/zdw-98-zamek-kantyna-design-thinking-12-edited-1-768x512.jpg 768w, https:\/\/zlindesignweek.com\/2026\/wp-content\/uploads\/2026\/02\/zdw-98-zamek-kantyna-design-thinking-12-edited-1-1536x1025.jpg 1536w, https:\/\/zlindesignweek.com\/2026\/wp-content\/uploads\/2026\/02\/zdw-98-zamek-kantyna-design-thinking-12-edited-1-1440x960.jpg 1440w, https:\/\/zlindesignweek.com\/2026\/wp-content\/uploads\/2026\/02\/zdw-98-zamek-kantyna-design-thinking-12-edited-1-250x167.jpg 250w\" sizes=\"auto, (max-width: 2048px) 100vw, 2048px\" \/><\/figure>\n<\/div>\n\n\n\n<div class=\"wp-block-cb-slide-v2 cb-slide swiper-slide\">\n<figure class=\"wp-block-image size-large\"><img loading=\"lazy\" decoding=\"async\" width=\"750\" height=\"500\" src=\"https:\/\/zlindesignweek.com\/2026\/wp-content\/uploads\/2025\/11\/zdw-98-zamek-kantyna-design-thinking-2-750x500.jpg\" alt=\"\" class=\"wp-image-35379\" srcset=\"https:\/\/zlindesignweek.com\/2026\/wp-content\/uploads\/2025\/11\/zdw-98-zamek-kantyna-design-thinking-2-750x500.jpg 750w, https:\/\/zlindesignweek.com\/2026\/wp-content\/uploads\/2025\/11\/zdw-98-zamek-kantyna-design-thinking-2-500x333.jpg 500w, https:\/\/zlindesignweek.com\/2026\/wp-content\/uploads\/2025\/11\/zdw-98-zamek-kantyna-design-thinking-2-768x512.jpg 768w, https:\/\/zlindesignweek.com\/2026\/wp-content\/uploads\/2025\/11\/zdw-98-zamek-kantyna-design-thinking-2-1536x1024.jpg 1536w, https:\/\/zlindesignweek.com\/2026\/wp-content\/uploads\/2025\/11\/zdw-98-zamek-kantyna-design-thinking-2.jpg 2048w, https:\/\/zlindesignweek.com\/2026\/wp-content\/uploads\/2025\/11\/zdw-98-zamek-kantyna-design-thinking-2-1440x960.jpg 1440w, https:\/\/zlindesignweek.com\/2026\/wp-content\/uploads\/2025\/11\/zdw-98-zamek-kantyna-design-thinking-2-250x167.jpg 250w\" sizes=\"auto, (max-width: 750px) 100vw, 750px\" \/><\/figure>\n<\/div>\n\n\n\n<div class=\"wp-block-cb-slide-v2 cb-slide swiper-slide\">\n<figure class=\"wp-block-image size-large\"><img loading=\"lazy\" decoding=\"async\" width=\"750\" height=\"500\" src=\"https:\/\/zlindesignweek.com\/2026\/wp-content\/uploads\/2025\/11\/zdw-98-zamek-kantyna-design-thinking-6-750x500.jpg\" alt=\"\" class=\"wp-image-35380\" srcset=\"https:\/\/zlindesignweek.com\/2026\/wp-content\/uploads\/2025\/11\/zdw-98-zamek-kantyna-design-thinking-6-750x500.jpg 750w, https:\/\/zlindesignweek.com\/2026\/wp-content\/uploads\/2025\/11\/zdw-98-zamek-kantyna-design-thinking-6-500x334.jpg 500w, https:\/\/zlindesignweek.com\/2026\/wp-content\/uploads\/2025\/11\/zdw-98-zamek-kantyna-design-thinking-6-768x512.jpg 768w, https:\/\/zlindesignweek.com\/2026\/wp-content\/uploads\/2025\/11\/zdw-98-zamek-kantyna-design-thinking-6-1536x1025.jpg 1536w, https:\/\/zlindesignweek.com\/2026\/wp-content\/uploads\/2025\/11\/zdw-98-zamek-kantyna-design-thinking-6.jpg 2048w, https:\/\/zlindesignweek.com\/2026\/wp-content\/uploads\/2025\/11\/zdw-98-zamek-kantyna-design-thinking-6-1440x961.jpg 1440w, https:\/\/zlindesignweek.com\/2026\/wp-content\/uploads\/2025\/11\/zdw-98-zamek-kantyna-design-thinking-6-250x167.jpg 250w\" sizes=\"auto, (max-width: 750px) 100vw, 750px\" \/><\/figure>\n<\/div>\n\n\n\n<div class=\"wp-block-cb-slide-v2 cb-slide swiper-slide\">\n<figure class=\"wp-block-image size-large\"><img loading=\"lazy\" decoding=\"async\" width=\"750\" height=\"500\" src=\"https:\/\/zlindesignweek.com\/2026\/wp-content\/uploads\/2025\/11\/zdw-95-kantyna-design-inovace-11-750x500.jpeg\" alt=\"\" class=\"wp-image-35382\" srcset=\"https:\/\/zlindesignweek.com\/2026\/wp-content\/uploads\/2025\/11\/zdw-95-kantyna-design-inovace-11-750x500.jpeg 750w, https:\/\/zlindesignweek.com\/2026\/wp-content\/uploads\/2025\/11\/zdw-95-kantyna-design-inovace-11-500x333.jpeg 500w, https:\/\/zlindesignweek.com\/2026\/wp-content\/uploads\/2025\/11\/zdw-95-kantyna-design-inovace-11-768x512.jpeg 768w, https:\/\/zlindesignweek.com\/2026\/wp-content\/uploads\/2025\/11\/zdw-95-kantyna-design-inovace-11-1536x1024.jpeg 1536w, https:\/\/zlindesignweek.com\/2026\/wp-content\/uploads\/2025\/11\/zdw-95-kantyna-design-inovace-11.jpeg 2048w, https:\/\/zlindesignweek.com\/2026\/wp-content\/uploads\/2025\/11\/zdw-95-kantyna-design-inovace-11-1440x960.jpeg 1440w, https:\/\/zlindesignweek.com\/2026\/wp-content\/uploads\/2025\/11\/zdw-95-kantyna-design-inovace-11-250x167.jpeg 250w\" sizes=\"auto, (max-width: 750px) 100vw, 750px\" \/><\/figure>\n<\/div>\n\n\n\n<div class=\"wp-block-cb-slide-v2 cb-slide swiper-slide\">\n<figure class=\"wp-block-image size-large\"><img loading=\"lazy\" decoding=\"async\" width=\"750\" height=\"500\" src=\"https:\/\/zlindesignweek.com\/2026\/wp-content\/uploads\/2025\/11\/zdw-kantyna-wayfinding-12-1-750x500.jpeg\" alt=\"\" class=\"wp-image-35381\" srcset=\"https:\/\/zlindesignweek.com\/2026\/wp-content\/uploads\/2025\/11\/zdw-kantyna-wayfinding-12-1-750x500.jpeg 750w, https:\/\/zlindesignweek.com\/2026\/wp-content\/uploads\/2025\/11\/zdw-kantyna-wayfinding-12-1-500x333.jpeg 500w, https:\/\/zlindesignweek.com\/2026\/wp-content\/uploads\/2025\/11\/zdw-kantyna-wayfinding-12-1-768x512.jpeg 768w, https:\/\/zlindesignweek.com\/2026\/wp-content\/uploads\/2025\/11\/zdw-kantyna-wayfinding-12-1-1536x1024.jpeg 1536w, https:\/\/zlindesignweek.com\/2026\/wp-content\/uploads\/2025\/11\/zdw-kantyna-wayfinding-12-1.jpeg 2048w, https:\/\/zlindesignweek.com\/2026\/wp-content\/uploads\/2025\/11\/zdw-kantyna-wayfinding-12-1-1440x960.jpeg 1440w, https:\/\/zlindesignweek.com\/2026\/wp-content\/uploads\/2025\/11\/zdw-kantyna-wayfinding-12-1-250x167.jpeg 250w\" sizes=\"auto, (max-width: 750px) 100vw, 750px\" \/><\/figure>\n<\/div>\n<\/div><\/div><div class=\"cb-pagination swiper-pagination\"><\/div><div class=\"cb-button-prev swiper-button-prev\"><\/div><div class=\"cb-button-next swiper-button-next\"><\/div><\/div>\n<\/div><\/div>\n\n\n\n<p><\/p>\n","protected":false},"excerpt":{"rendered":"Design KANT\u00ddNA, platforma, kter\u00e1 v&nbsp;pr\u016fb\u011bhu cel\u00e9ho roku nab\u00edz\u00ed prost\u0159ednictv\u00edm podcast\u016f a&nbsp;diskus\u00ed pestr\u00e9 menu pln\u00e9 nejr\u016fzn\u011bj\u0161\u00edch chut\u00ed designu. Inspirativn\u00ed host\u00e9 z&nbsp;\u010ceska i&nbsp;zahrani\u010d\u00ed, design\u00e9\u0159i a&nbsp;design\u00e9rky, stejn\u011b jako [&hellip;]","protected":false},"author":29,"featured_media":0,"parent":0,"menu_order":0,"comment_status":"closed","ping_status":"closed","template":"","meta":{"_acf_changed":false,"footnotes":""},"class_list":["post-12142","page","type-page","status-publish","hentry"],"acf":[],"_links":{"self":[{"href":"https:\/\/zlindesignweek.com\/2026\/wp-json\/wp\/v2\/pages\/12142","targetHints":{"allow":["GET"]}}],"collection":[{"href":"https:\/\/zlindesignweek.com\/2026\/wp-json\/wp\/v2\/pages"}],"about":[{"href":"https:\/\/zlindesignweek.com\/2026\/wp-json\/wp\/v2\/types\/page"}],"author":[{"embeddable":true,"href":"https:\/\/zlindesignweek.com\/2026\/wp-json\/wp\/v2\/users\/29"}],"replies":[{"embeddable":true,"href":"https:\/\/zlindesignweek.com\/2026\/wp-json\/wp\/v2\/comments?post=12142"}],"version-history":[{"count":92,"href":"https:\/\/zlindesignweek.com\/2026\/wp-json\/wp\/v2\/pages\/12142\/revisions"}],"predecessor-version":[{"id":43525,"href":"https:\/\/zlindesignweek.com\/2026\/wp-json\/wp\/v2\/pages\/12142\/revisions\/43525"}],"wp:attachment":[{"href":"https:\/\/zlindesignweek.com\/2026\/wp-json\/wp\/v2\/media?parent=12142"}],"curies":[{"name":"wp","href":"https:\/\/api.w.org\/{rel}","templated":true}]}}